{"id":226,"date":"2024-03-14T16:30:48","date_gmt":"2024-03-14T15:30:48","guid":{"rendered":"https:\/\/crpc-asbl.be\/copie-crpc-activites\/\/?page_id=226"},"modified":"2024-11-25T11:32:42","modified_gmt":"2024-11-25T10:32:42","slug":"histoire-du-cercle-de-1946-a-1973","status":"publish","type":"page","link":"https:\/\/crpc-asbl.be\/copie-crpc-activites\/histoire-du-cercle-de-1923-a-1945\/histoire-du-cercle-de-1946-a-1973\/","title":{"rendered":"Histoire du Cercle de 1946 \u00e0 1973"},"content":{"rendered":"\t\t<div data-elementor-type=\"wp-page\" data-elementor-id=\"226\" class=\"elementor elementor-226\">\n\t\t\t\t<div class=\"elementor-element elementor-element-7b58aa32 e-flex e-con-boxed e-con e-parent\" data-id=\"7b58aa32\" data-element_type=\"container\" data-e-type=\"container\">\n\t\t\t\t\t<div class=\"e-con-inner\">\n\t\t\t\t<div class=\"elementor-element elementor-element-5c72566 elementor-widget elementor-widget-text-editor\" data-id=\"5c72566\" data-element_type=\"widget\" data-e-type=\"widget\" data-widget_type=\"text-editor.default\">\n\t\t\t\t<div class=\"elementor-widget-container\">\n\t\t\t\t\t\t\t\t\t\t\t\t\t\t\t\t\t<\/div>\n\t\t\t\t<\/div>\n\t\t\t\t\t<\/div>\n\t\t\t\t<\/div>\n\t\t\t\t<section class=\"elementor-section elementor-top-section elementor-element elementor-element-5c0ea3e7 elementor-section-boxed elementor-section-height-default elementor-section-height-default\" data-id=\"5c0ea3e7\" data-element_type=\"section\" data-e-type=\"section\">\n\t\t\t\t\t\t<div class=\"elementor-container elementor-column-gap-default\">\n\t\t\t\t\t<div class=\"elementor-column elementor-col-100 elementor-top-column elementor-element elementor-element-5028f035\" data-id=\"5028f035\" data-element_type=\"column\" data-e-type=\"column\">\n\t\t\t<div class=\"elementor-widget-wrap elementor-element-populated\">\n\t\t\t\t\t\t<div class=\"elementor-element elementor-element-59c226f2 elementor-widget elementor-widget-heading\" data-id=\"59c226f2\" data-element_type=\"widget\" data-e-type=\"widget\" data-widget_type=\"heading.default\">\n\t\t\t\t<div class=\"elementor-widget-container\">\n\t\t\t\t\t<h2 class=\"elementor-heading-title elementor-size-default\">Reprise apr\u00e8s la guerre ...<br><\/h2>\t\t\t\t<\/div>\n\t\t\t\t<\/div>\n\t\t\t\t\t<\/div>\n\t\t<\/div>\n\t\t\t\t\t<\/div>\n\t\t<\/section>\n\t\t\t\t<section class=\"elementor-section elementor-top-section elementor-element elementor-element-e8420f3 elementor-section-boxed elementor-section-height-default elementor-section-height-default\" data-id=\"e8420f3\" data-element_type=\"section\" data-e-type=\"section\">\n\t\t\t\t\t\t<div class=\"elementor-container elementor-column-gap-default\">\n\t\t\t\t\t<div class=\"elementor-column elementor-col-33 elementor-top-column elementor-element elementor-element-716651cb\" data-id=\"716651cb\" data-element_type=\"column\" data-e-type=\"column\">\n\t\t\t<div class=\"elementor-widget-wrap elementor-element-populated\">\n\t\t\t\t\t\t<div class=\"elementor-element elementor-element-7b55bda2 elementor-widget elementor-widget-image\" data-id=\"7b55bda2\" data-element_type=\"widget\" data-e-type=\"widget\" data-widget_type=\"image.default\">\n\t\t\t\t<div class=\"elementor-widget-container\">\n\t\t\t\t\t\t\t\t\t\t\t\t<figure class=\"wp-caption\">\n\t\t\t\t\t\t\t\t\t\t\t<a href=\"https:\/\/crpc-asbl.be\/activites\/wp-content\/uploads\/2024\/03\/19460201-JOURNAL-DE-CHARLEROI-LES-DAMES-SONT-ADMISES.jpg\" data-elementor-open-lightbox=\"yes\" data-elementor-lightbox-title=\"19460201-JOURNAL-DE-CHARLEROI-LES-DAMES-SONT-ADMISES.jpg\" data-e-action-hash=\"#elementor-action%3Aaction%3Dlightbox%26settings%3DeyJpZCI6MjI4LCJ1cmwiOiJodHRwczpcL1wvY3JwYy1hc2JsLmJlXC9jb3BpZS1jcnBjLWFjdGl2aXRlc1wvd3AtY29udGVudFwvdXBsb2Fkc1wvMjAyNFwvMDNcLzE5NDYwMjAxLUpPVVJOQUwtREUtQ0hBUkxFUk9JLUxFUy1EQU1FUy1TT05ULUFETUlTRVMuanBnIn0%3D\">\n\t\t\t\t\t\t\t<img decoding=\"async\" width=\"150\" height=\"150\" src=\"https:\/\/crpc-asbl.be\/copie-crpc-activites\/wp-content\/uploads\/2024\/03\/19460201-JOURNAL-DE-CHARLEROI-LES-DAMES-SONT-ADMISES-150x150.jpg\" class=\"attachment-thumbnail size-thumbnail wp-image-228\" alt=\"\" srcset=\"https:\/\/crpc-asbl.be\/copie-crpc-activites\/wp-content\/uploads\/2024\/03\/19460201-JOURNAL-DE-CHARLEROI-LES-DAMES-SONT-ADMISES-150x150.jpg 150w, https:\/\/crpc-asbl.be\/copie-crpc-activites\/wp-content\/uploads\/2024\/03\/19460201-JOURNAL-DE-CHARLEROI-LES-DAMES-SONT-ADMISES-440x440.jpg 440w\" sizes=\"(max-width: 150px) 100vw, 150px\" \/>\t\t\t\t\t\t\t\t<\/a>\n\t\t\t\t\t\t\t\t\t\t\t<figcaption class=\"widget-image-caption wp-caption-text\">01 f\u00e9vrier 1946<\/figcaption>\n\t\t\t\t\t\t\t\t\t\t<\/figure>\n\t\t\t\t\t\t\t\t\t<\/div>\n\t\t\t\t<\/div>\n\t\t\t\t\t<\/div>\n\t\t<\/div>\n\t\t\t\t<div class=\"elementor-column elementor-col-33 elementor-top-column elementor-element elementor-element-1b5c449c\" data-id=\"1b5c449c\" data-element_type=\"column\" data-e-type=\"column\">\n\t\t\t<div class=\"elementor-widget-wrap elementor-element-populated\">\n\t\t\t\t\t\t<div class=\"elementor-element elementor-element-6d05bafe elementor-widget elementor-widget-image\" data-id=\"6d05bafe\" data-element_type=\"widget\" data-e-type=\"widget\" data-widget_type=\"image.default\">\n\t\t\t\t<div class=\"elementor-widget-container\">\n\t\t\t\t\t\t\t\t\t\t\t\t\t\t\t\t<a href=\"https:\/\/crpc-asbl.be\/activites\/wp-content\/uploads\/2024\/03\/Femme_photographe_2.jpg\" data-elementor-open-lightbox=\"yes\" data-elementor-lightbox-title=\"Femme_photographe_2.jpg\" data-e-action-hash=\"#elementor-action%3Aaction%3Dlightbox%26settings%3DeyJpZCI6MjI5LCJ1cmwiOiJodHRwczpcL1wvY3JwYy1hc2JsLmJlXC9jb3BpZS1jcnBjLWFjdGl2aXRlc1wvd3AtY29udGVudFwvdXBsb2Fkc1wvMjAyNFwvMDNcL0ZlbW1lX3Bob3RvZ3JhcGhlXzIuanBnIn0%3D\">\n\t\t\t\t\t\t\t<img decoding=\"async\" src=\"https:\/\/crpc-asbl.be\/copie-crpc-activites\/wp-content\/uploads\/elementor\/thumbs\/Femme_photographe_2-rfr2qlt2jm5l4ybdrk75b0h5vt6yhva4wfeshzknay.jpg\" title=\"Femme_photographe_2.jpg\" alt=\"Femme_photographe_2.jpg\" loading=\"lazy\" \/>\t\t\t\t\t\t\t\t<\/a>\n\t\t\t\t\t\t\t\t\t\t\t\t\t\t\t<\/div>\n\t\t\t\t<\/div>\n\t\t\t\t\t<\/div>\n\t\t<\/div>\n\t\t\t\t<div class=\"elementor-column elementor-col-33 elementor-top-column elementor-element elementor-element-120bab36\" data-id=\"120bab36\" data-element_type=\"column\" data-e-type=\"column\">\n\t\t\t<div class=\"elementor-widget-wrap elementor-element-populated\">\n\t\t\t\t\t\t<div class=\"elementor-element elementor-element-78b71d7e elementor-widget elementor-widget-text-editor\" data-id=\"78b71d7e\" data-element_type=\"widget\" data-e-type=\"widget\" data-widget_type=\"text-editor.default\">\n\t\t\t\t<div class=\"elementor-widget-container\">\n\t\t\t\t\t\t\t\t\t<p>Les Dames sont admises<\/p><p>au Cercle Photographique<\/p><p>de Charleroi.<\/p>\t\t\t\t\t\t\t\t<\/div>\n\t\t\t\t<\/div>\n\t\t\t\t\t<\/div>\n\t\t<\/div>\n\t\t\t\t\t<\/div>\n\t\t<\/section>\n\t\t\t\t<section class=\"elementor-section elementor-top-section elementor-element elementor-element-db845b4 elementor-section-boxed elementor-section-height-default elementor-section-height-default\" data-id=\"db845b4\" data-element_type=\"section\" data-e-type=\"section\">\n\t\t\t\t\t\t<div class=\"elementor-container elementor-column-gap-default\">\n\t\t\t\t\t<div class=\"elementor-column elementor-col-33 elementor-top-column elementor-element elementor-element-188f5105\" data-id=\"188f5105\" data-element_type=\"column\" data-e-type=\"column\">\n\t\t\t<div class=\"elementor-widget-wrap elementor-element-populated\">\n\t\t\t\t\t\t<div class=\"elementor-element elementor-element-310da8c elementor-widget elementor-widget-text-editor\" data-id=\"310da8c\" data-element_type=\"widget\" data-e-type=\"widget\" data-widget_type=\"text-editor.default\">\n\t\t\t\t<div class=\"elementor-widget-container\">\n\t\t\t\t\t\t\t\t\t<p><b>31 janvier 1948<\/b><b><\/b><\/p>\t\t\t\t\t\t\t\t<\/div>\n\t\t\t\t<\/div>\n\t\t\t\t<div class=\"elementor-element elementor-element-10a7a684 elementor-widget elementor-widget-image\" data-id=\"10a7a684\" data-element_type=\"widget\" data-e-type=\"widget\" data-widget_type=\"image.default\">\n\t\t\t\t<div class=\"elementor-widget-container\">\n\t\t\t\t\t\t\t\t\t\t\t\t\t\t\t\t<a href=\"https:\/\/crpc-asbl.be\/activites\/wp-content\/uploads\/2024\/03\/19480131-JOURNAL-DE-CHARLEROI-25EME-ANNIVERSAIRE.jpg\" data-elementor-open-lightbox=\"yes\" data-elementor-lightbox-title=\"19480131-JOURNAL-DE-CHARLEROI-25EME-ANNIVERSAIRE.jpg\" data-e-action-hash=\"#elementor-action%3Aaction%3Dlightbox%26settings%3DeyJpZCI6MjMwLCJ1cmwiOiJodHRwczpcL1wvY3JwYy1hc2JsLmJlXC9jb3BpZS1jcnBjLWFjdGl2aXRlc1wvd3AtY29udGVudFwvdXBsb2Fkc1wvMjAyNFwvMDNcLzE5NDgwMTMxLUpPVVJOQUwtREUtQ0hBUkxFUk9JLTI1RU1FLUFOTklWRVJTQUlSRS5qcGcifQ%3D%3D\">\n\t\t\t\t\t\t\t<img decoding=\"async\" width=\"150\" height=\"150\" src=\"https:\/\/crpc-asbl.be\/copie-crpc-activites\/wp-content\/uploads\/2024\/03\/19480131-JOURNAL-DE-CHARLEROI-25EME-ANNIVERSAIRE-150x150.jpg\" class=\"attachment-thumbnail size-thumbnail wp-image-230\" alt=\"\" srcset=\"https:\/\/crpc-asbl.be\/copie-crpc-activites\/wp-content\/uploads\/2024\/03\/19480131-JOURNAL-DE-CHARLEROI-25EME-ANNIVERSAIRE-150x150.jpg 150w, https:\/\/crpc-asbl.be\/copie-crpc-activites\/wp-content\/uploads\/2024\/03\/19480131-JOURNAL-DE-CHARLEROI-25EME-ANNIVERSAIRE-440x440.jpg 440w\" sizes=\"(max-width: 150px) 100vw, 150px\" \/>\t\t\t\t\t\t\t\t<\/a>\n\t\t\t\t\t\t\t\t\t\t\t\t\t\t\t<\/div>\n\t\t\t\t<\/div>\n\t\t\t\t\t<\/div>\n\t\t<\/div>\n\t\t\t\t<div class=\"elementor-column elementor-col-66 elementor-top-column elementor-element elementor-element-288fc9bb\" data-id=\"288fc9bb\" data-element_type=\"column\" data-e-type=\"column\">\n\t\t\t<div class=\"elementor-widget-wrap elementor-element-populated\">\n\t\t\t\t\t\t<div class=\"elementor-element elementor-element-291eabd5 elementor-widget elementor-widget-text-editor\" data-id=\"291eabd5\" data-element_type=\"widget\" data-e-type=\"widget\" data-widget_type=\"text-editor.default\">\n\t\t\t\t<div class=\"elementor-widget-container\">\n\t\t\t\t\t\t\t\t\t<p>Le Cercle Photographique f\u00eate son <b>25\u00e8me anniversaire<\/b><\/p><p>et annonce son 6\u00e8me Salon International Albert 1er.<\/p>\t\t\t\t\t\t\t\t<\/div>\n\t\t\t\t<\/div>\n\t\t\t\t\t<\/div>\n\t\t<\/div>\n\t\t\t\t\t<\/div>\n\t\t<\/section>\n\t\t\t\t<section class=\"elementor-section elementor-top-section elementor-element elementor-element-d3176de elementor-section-boxed elementor-section-height-default elementor-section-height-default\" data-id=\"d3176de\" data-element_type=\"section\" data-e-type=\"section\">\n\t\t\t\t\t\t<div class=\"elementor-container elementor-column-gap-default\">\n\t\t\t\t\t<div class=\"elementor-column elementor-col-33 elementor-top-column elementor-element elementor-element-3d9989bb\" data-id=\"3d9989bb\" data-element_type=\"column\" data-e-type=\"column\">\n\t\t\t<div class=\"elementor-widget-wrap elementor-element-populated\">\n\t\t\t\t\t\t<div class=\"elementor-element elementor-element-57cf7700 elementor-widget elementor-widget-text-editor\" data-id=\"57cf7700\" data-element_type=\"widget\" data-e-type=\"widget\" data-widget_type=\"text-editor.default\">\n\t\t\t\t<div class=\"elementor-widget-container\">\n\t\t\t\t\t\t\t\t\t<p><b>20 mars 1948<\/b><\/p>\t\t\t\t\t\t\t\t<\/div>\n\t\t\t\t<\/div>\n\t\t\t\t\t<\/div>\n\t\t<\/div>\n\t\t\t\t<div class=\"elementor-column elementor-col-66 elementor-top-column elementor-element elementor-element-6bfb41a0\" data-id=\"6bfb41a0\" data-element_type=\"column\" data-e-type=\"column\">\n\t\t\t<div class=\"elementor-widget-wrap elementor-element-populated\">\n\t\t\t\t\t\t<div class=\"elementor-element elementor-element-208e62c2 elementor-widget elementor-widget-text-editor\" data-id=\"208e62c2\" data-element_type=\"widget\" data-e-type=\"widget\" data-widget_type=\"text-editor.default\">\n\t\t\t\t<div class=\"elementor-widget-container\">\n\t\t\t\t\t\t\t\t\t<p>Lors de la reprise des Salons Albert Ier et en hommage \u00e0 son illustre membre,\u00a0<span style=\"font-family: var( --e-global-typography-text-font-family ), Sans-serif;\">le Cercle fonde le \u00ab\u00a0<\/span><b style=\"font-family: var( --e-global-typography-text-font-family ), Sans-serif;\">Prix L\u00e9onard Misonne\u00a0\u00bb.\u00a0<\/b><span style=\"font-family: var( --e-global-typography-text-font-family ), Sans-serif;\">Il sera attribu\u00e9 tous les 2 ans \u00e0 un photographe paysagiste (au sens large du terme, toute tendance esth\u00e9tique accept\u00e9e)<\/span><\/p>\t\t\t\t\t\t\t\t<\/div>\n\t\t\t\t<\/div>\n\t\t\t\t\t<\/div>\n\t\t<\/div>\n\t\t\t\t\t<\/div>\n\t\t<\/section>\n\t\t\t\t<section class=\"elementor-section elementor-top-section elementor-element elementor-element-67f6487e elementor-section-boxed elementor-section-height-default elementor-section-height-default\" data-id=\"67f6487e\" data-element_type=\"section\" data-e-type=\"section\">\n\t\t\t\t\t\t<div class=\"elementor-container elementor-column-gap-default\">\n\t\t\t\t\t<div class=\"elementor-column elementor-col-33 elementor-top-column elementor-element elementor-element-5ccf1c19\" data-id=\"5ccf1c19\" data-element_type=\"column\" data-e-type=\"column\">\n\t\t\t<div class=\"elementor-widget-wrap elementor-element-populated\">\n\t\t\t\t\t\t<div class=\"elementor-element elementor-element-81d4c07 elementor-widget elementor-widget-image\" data-id=\"81d4c07\" data-element_type=\"widget\" data-e-type=\"widget\" data-widget_type=\"image.default\">\n\t\t\t\t<div class=\"elementor-widget-container\">\n\t\t\t\t\t\t\t\t\t\t\t\t\t\t\t\t<a href=\"https:\/\/crpc-asbl.be\/activites\/wp-content\/uploads\/2024\/03\/19480322-L-INDEPENDANCE-SALON.jpg\" data-elementor-open-lightbox=\"yes\" data-elementor-lightbox-title=\"19480322-L-INDEPENDANCE-SALON.jpg\" data-e-action-hash=\"#elementor-action%3Aaction%3Dlightbox%26settings%3DeyJpZCI6MjMxLCJ1cmwiOiJodHRwczpcL1wvY3JwYy1hc2JsLmJlXC9jb3BpZS1jcnBjLWFjdGl2aXRlc1wvd3AtY29udGVudFwvdXBsb2Fkc1wvMjAyNFwvMDNcLzE5NDgwMzIyLUwtSU5ERVBFTkRBTkNFLVNBTE9OLmpwZyJ9\">\n\t\t\t\t\t\t\t<img decoding=\"async\" width=\"150\" height=\"150\" src=\"https:\/\/crpc-asbl.be\/copie-crpc-activites\/wp-content\/uploads\/2024\/03\/19480322-L-INDEPENDANCE-SALON-150x150.jpg\" class=\"attachment-thumbnail size-thumbnail wp-image-231\" alt=\"\" srcset=\"https:\/\/crpc-asbl.be\/copie-crpc-activites\/wp-content\/uploads\/2024\/03\/19480322-L-INDEPENDANCE-SALON-150x150.jpg 150w, https:\/\/crpc-asbl.be\/copie-crpc-activites\/wp-content\/uploads\/2024\/03\/19480322-L-INDEPENDANCE-SALON-440x440.jpg 440w\" sizes=\"(max-width: 150px) 100vw, 150px\" \/>\t\t\t\t\t\t\t\t<\/a>\n\t\t\t\t\t\t\t\t\t\t\t\t\t\t\t<\/div>\n\t\t\t\t<\/div>\n\t\t\t\t\t<\/div>\n\t\t<\/div>\n\t\t\t\t<div class=\"elementor-column elementor-col-66 elementor-top-column elementor-element elementor-element-cecf891\" data-id=\"cecf891\" data-element_type=\"column\" data-e-type=\"column\">\n\t\t\t<div class=\"elementor-widget-wrap elementor-element-populated\">\n\t\t\t\t\t\t<section class=\"elementor-section elementor-inner-section elementor-element elementor-element-ba4be2 elementor-section-boxed elementor-section-height-default elementor-section-height-default\" data-id=\"ba4be2\" data-element_type=\"section\" data-e-type=\"section\">\n\t\t\t\t\t\t<div class=\"elementor-container elementor-column-gap-default\">\n\t\t\t\t\t<div class=\"elementor-column elementor-col-50 elementor-inner-column elementor-element elementor-element-2a4b1c8b\" data-id=\"2a4b1c8b\" data-element_type=\"column\" data-e-type=\"column\">\n\t\t\t<div class=\"elementor-widget-wrap elementor-element-populated\">\n\t\t\t\t\t\t<div class=\"elementor-element elementor-element-60c8bd35 elementor-widget elementor-widget-text-editor\" data-id=\"60c8bd35\" data-element_type=\"widget\" data-e-type=\"widget\" data-widget_type=\"text-editor.default\">\n\t\t\t\t<div class=\"elementor-widget-container\">\n\t\t\t\t\t\t\t\t\t<p>Quelques extraits<br \/>de presse<\/p><p>1946-1950<\/p>\t\t\t\t\t\t\t\t<\/div>\n\t\t\t\t<\/div>\n\t\t\t\t\t<\/div>\n\t\t<\/div>\n\t\t\t\t<div class=\"elementor-column elementor-col-50 elementor-inner-column elementor-element elementor-element-7facd58a\" data-id=\"7facd58a\" data-element_type=\"column\" data-e-type=\"column\">\n\t\t\t<div class=\"elementor-widget-wrap elementor-element-populated\">\n\t\t\t\t\t\t<div class=\"elementor-element elementor-element-85e6199 elementor-widget elementor-widget-image-gallery\" data-id=\"85e6199\" data-element_type=\"widget\" data-e-type=\"widget\" data-widget_type=\"image-gallery.default\">\n\t\t\t\t<div class=\"elementor-widget-container\">\n\t\t\t\t\t\t\t<div class=\"elementor-image-gallery\">\n\t\t\t\n\t\t<style type=\"text\/css\">\n\t\t\t#gallery-1 {\n\t\t\t\tmargin: auto;\n\t\t\t}\n\t\t\t#gallery-1 .gallery-item {\n\t\t\t\tfloat: left;\n\t\t\t\tmargin-top: 10px;\n\t\t\t\ttext-align: center;\n\t\t\t\twidth: 14%;\n\t\t\t}\n\t\t\t#gallery-1 img {\n\t\t\t\tborder: 2px solid #cfcfcf;\n\t\t\t}\n\t\t\t#gallery-1 .gallery-caption {\n\t\t\t\tmargin-left: 0;\n\t\t\t}\n\t\t\t\/* see gallery_shortcode() in wp-includes\/media.php *\/\n\t\t<\/style>\n\t\t<div id='gallery-1' class='gallery galleryid-226 gallery-columns-7 gallery-size-thumbnail'><dl class='gallery-item'>\n\t\t\t<dt class='gallery-icon landscape'>\n\t\t\t\t<a data-elementor-open-lightbox=\"yes\" data-elementor-lightbox-slideshow=\"85e6199\" data-elementor-lightbox-title=\"19460201-JOURNAL-DE-CHARLEROI-LES-DAMES-SONT-ADMISES\" data-e-action-hash=\"#elementor-action%3Aaction%3Dlightbox%26settings%3DeyJpZCI6MTMxMzMsInVybCI6Imh0dHBzOlwvXC9jcnBjLWFzYmwuYmVcL2NvcGllLWNycGMtYWN0aXZpdGVzXC93cC1jb250ZW50XC91cGxvYWRzXC8yMDI0XC8wM1wvMTk0NjAyMDEtSk9VUk5BTC1ERS1DSEFSTEVST0ktTEVTLURBTUVTLVNPTlQtQURNSVNFUy0xLmpwZyIsInNsaWRlc2hvdyI6Ijg1ZTYxOTkifQ%3D%3D\" href='https:\/\/crpc-asbl.be\/copie-crpc-activites\/wp-content\/uploads\/2024\/03\/19460201-JOURNAL-DE-CHARLEROI-LES-DAMES-SONT-ADMISES-1.jpg'><img loading=\"lazy\" loading=\"lazy\" decoding=\"async\" width=\"150\" height=\"150\" src=\"https:\/\/crpc-asbl.be\/copie-crpc-activites\/wp-content\/uploads\/2024\/03\/19460201-JOURNAL-DE-CHARLEROI-LES-DAMES-SONT-ADMISES-1-150x150.jpg\" class=\"attachment-thumbnail size-thumbnail\" alt=\"\" srcset=\"https:\/\/crpc-asbl.be\/copie-crpc-activites\/wp-content\/uploads\/2024\/03\/19460201-JOURNAL-DE-CHARLEROI-LES-DAMES-SONT-ADMISES-1-150x150.jpg 150w, https:\/\/crpc-asbl.be\/copie-crpc-activites\/wp-content\/uploads\/2024\/03\/19460201-JOURNAL-DE-CHARLEROI-LES-DAMES-SONT-ADMISES-1-440x440.jpg 440w\" sizes=\"(max-width: 150px) 100vw, 150px\" \/><\/a>\n\t\t\t<\/dt><\/dl><dl class='gallery-item'>\n\t\t\t<dt class='gallery-icon portrait'>\n\t\t\t\t<a data-elementor-open-lightbox=\"yes\" data-elementor-lightbox-slideshow=\"85e6199\" data-elementor-lightbox-title=\"19460601-JOURNAL-DE-CHARLEROI-SALON\" data-e-action-hash=\"#elementor-action%3Aaction%3Dlightbox%26settings%3DeyJpZCI6MTMxMzQsInVybCI6Imh0dHBzOlwvXC9jcnBjLWFzYmwuYmVcL2NvcGllLWNycGMtYWN0aXZpdGVzXC93cC1jb250ZW50XC91cGxvYWRzXC8yMDI0XC8wM1wvMTk0NjA2MDEtSk9VUk5BTC1ERS1DSEFSTEVST0ktU0FMT04uanBnIiwic2xpZGVzaG93IjoiODVlNjE5OSJ9\" href='https:\/\/crpc-asbl.be\/copie-crpc-activites\/wp-content\/uploads\/2024\/03\/19460601-JOURNAL-DE-CHARLEROI-SALON.jpg'><img loading=\"lazy\" loading=\"lazy\" decoding=\"async\" width=\"150\" height=\"150\" src=\"https:\/\/crpc-asbl.be\/copie-crpc-activites\/wp-content\/uploads\/2024\/03\/19460601-JOURNAL-DE-CHARLEROI-SALON-150x150.jpg\" class=\"attachment-thumbnail size-thumbnail\" alt=\"\" srcset=\"https:\/\/crpc-asbl.be\/copie-crpc-activites\/wp-content\/uploads\/2024\/03\/19460601-JOURNAL-DE-CHARLEROI-SALON-150x150.jpg 150w, https:\/\/crpc-asbl.be\/copie-crpc-activites\/wp-content\/uploads\/2024\/03\/19460601-JOURNAL-DE-CHARLEROI-SALON-440x440.jpg 440w\" sizes=\"(max-width: 150px) 100vw, 150px\" \/><\/a>\n\t\t\t<\/dt><\/dl><dl class='gallery-item'>\n\t\t\t<dt class='gallery-icon portrait'>\n\t\t\t\t<a data-elementor-open-lightbox=\"yes\" data-elementor-lightbox-slideshow=\"85e6199\" data-elementor-lightbox-title=\"19460603-JOURNAL-DE-CHARLEROI-CONGRES\" data-e-action-hash=\"#elementor-action%3Aaction%3Dlightbox%26settings%3DeyJpZCI6MTMxMzUsInVybCI6Imh0dHBzOlwvXC9jcnBjLWFzYmwuYmVcL2NvcGllLWNycGMtYWN0aXZpdGVzXC93cC1jb250ZW50XC91cGxvYWRzXC8yMDI0XC8wM1wvMTk0NjA2MDMtSk9VUk5BTC1ERS1DSEFSTEVST0ktQ09OR1JFUy5qcGciLCJzbGlkZXNob3ciOiI4NWU2MTk5In0%3D\" href='https:\/\/crpc-asbl.be\/copie-crpc-activites\/wp-content\/uploads\/2024\/03\/19460603-JOURNAL-DE-CHARLEROI-CONGRES.jpg'><img loading=\"lazy\" loading=\"lazy\" decoding=\"async\" width=\"150\" height=\"150\" src=\"https:\/\/crpc-asbl.be\/copie-crpc-activites\/wp-content\/uploads\/2024\/03\/19460603-JOURNAL-DE-CHARLEROI-CONGRES-150x150.jpg\" class=\"attachment-thumbnail size-thumbnail\" alt=\"\" srcset=\"https:\/\/crpc-asbl.be\/copie-crpc-activites\/wp-content\/uploads\/2024\/03\/19460603-JOURNAL-DE-CHARLEROI-CONGRES-150x150.jpg 150w, https:\/\/crpc-asbl.be\/copie-crpc-activites\/wp-content\/uploads\/2024\/03\/19460603-JOURNAL-DE-CHARLEROI-CONGRES-440x440.jpg 440w\" sizes=\"(max-width: 150px) 100vw, 150px\" \/><\/a>\n\t\t\t<\/dt><\/dl><dl class='gallery-item'>\n\t\t\t<dt class='gallery-icon portrait'>\n\t\t\t\t<a data-elementor-open-lightbox=\"yes\" data-elementor-lightbox-slideshow=\"85e6199\" data-elementor-lightbox-title=\"19460603-JOURNAL-DE-CHARLEROI-SALON\" data-e-action-hash=\"#elementor-action%3Aaction%3Dlightbox%26settings%3DeyJpZCI6MTMxMzYsInVybCI6Imh0dHBzOlwvXC9jcnBjLWFzYmwuYmVcL2NvcGllLWNycGMtYWN0aXZpdGVzXC93cC1jb250ZW50XC91cGxvYWRzXC8yMDI0XC8wM1wvMTk0NjA2MDMtSk9VUk5BTC1ERS1DSEFSTEVST0ktU0FMT04uanBnIiwic2xpZGVzaG93IjoiODVlNjE5OSJ9\" href='https:\/\/crpc-asbl.be\/copie-crpc-activites\/wp-content\/uploads\/2024\/03\/19460603-JOURNAL-DE-CHARLEROI-SALON.jpg'><img loading=\"lazy\" loading=\"lazy\" decoding=\"async\" width=\"150\" height=\"150\" src=\"https:\/\/crpc-asbl.be\/copie-crpc-activites\/wp-content\/uploads\/2024\/03\/19460603-JOURNAL-DE-CHARLEROI-SALON-150x150.jpg\" class=\"attachment-thumbnail size-thumbnail\" alt=\"\" srcset=\"https:\/\/crpc-asbl.be\/copie-crpc-activites\/wp-content\/uploads\/2024\/03\/19460603-JOURNAL-DE-CHARLEROI-SALON-150x150.jpg 150w, https:\/\/crpc-asbl.be\/copie-crpc-activites\/wp-content\/uploads\/2024\/03\/19460603-JOURNAL-DE-CHARLEROI-SALON-440x440.jpg 440w\" sizes=\"(max-width: 150px) 100vw, 150px\" \/><\/a>\n\t\t\t<\/dt><\/dl><dl class='gallery-item'>\n\t\t\t<dt class='gallery-icon portrait'>\n\t\t\t\t<a data-elementor-open-lightbox=\"yes\" data-elementor-lightbox-slideshow=\"85e6199\" data-elementor-lightbox-title=\"19460610-JOURNAL-DE-CHARLEROI-SALON-NATIONAL\" data-e-action-hash=\"#elementor-action%3Aaction%3Dlightbox%26settings%3DeyJpZCI6MTMxMzcsInVybCI6Imh0dHBzOlwvXC9jcnBjLWFzYmwuYmVcL2NvcGllLWNycGMtYWN0aXZpdGVzXC93cC1jb250ZW50XC91cGxvYWRzXC8yMDI0XC8wM1wvMTk0NjA2MTAtSk9VUk5BTC1ERS1DSEFSTEVST0ktU0FMT04tTkFUSU9OQUwuanBnIiwic2xpZGVzaG93IjoiODVlNjE5OSJ9\" href='https:\/\/crpc-asbl.be\/copie-crpc-activites\/wp-content\/uploads\/2024\/03\/19460610-JOURNAL-DE-CHARLEROI-SALON-NATIONAL.jpg'><img loading=\"lazy\" loading=\"lazy\" decoding=\"async\" width=\"150\" height=\"150\" src=\"https:\/\/crpc-asbl.be\/copie-crpc-activites\/wp-content\/uploads\/2024\/03\/19460610-JOURNAL-DE-CHARLEROI-SALON-NATIONAL-150x150.jpg\" class=\"attachment-thumbnail size-thumbnail\" alt=\"\" srcset=\"https:\/\/crpc-asbl.be\/copie-crpc-activites\/wp-content\/uploads\/2024\/03\/19460610-JOURNAL-DE-CHARLEROI-SALON-NATIONAL-150x150.jpg 150w, https:\/\/crpc-asbl.be\/copie-crpc-activites\/wp-content\/uploads\/2024\/03\/19460610-JOURNAL-DE-CHARLEROI-SALON-NATIONAL-440x440.jpg 440w\" sizes=\"(max-width: 150px) 100vw, 150px\" \/><\/a>\n\t\t\t<\/dt><\/dl><dl class='gallery-item'>\n\t\t\t<dt class='gallery-icon landscape'>\n\t\t\t\t<a data-elementor-open-lightbox=\"yes\" data-elementor-lightbox-slideshow=\"85e6199\" data-elementor-lightbox-title=\"19460615-GAZET-VAN-ANTWERPEN\" data-e-action-hash=\"#elementor-action%3Aaction%3Dlightbox%26settings%3DeyJpZCI6MTMxMzgsInVybCI6Imh0dHBzOlwvXC9jcnBjLWFzYmwuYmVcL2NvcGllLWNycGMtYWN0aXZpdGVzXC93cC1jb250ZW50XC91cGxvYWRzXC8yMDI0XC8wM1wvMTk0NjA2MTUtR0FaRVQtVkFOLUFOVFdFUlBFTi5qcGciLCJzbGlkZXNob3ciOiI4NWU2MTk5In0%3D\" href='https:\/\/crpc-asbl.be\/copie-crpc-activites\/wp-content\/uploads\/2024\/03\/19460615-GAZET-VAN-ANTWERPEN.jpg'><img loading=\"lazy\" loading=\"lazy\" decoding=\"async\" width=\"150\" height=\"150\" src=\"https:\/\/crpc-asbl.be\/copie-crpc-activites\/wp-content\/uploads\/2024\/03\/19460615-GAZET-VAN-ANTWERPEN-150x150.jpg\" class=\"attachment-thumbnail size-thumbnail\" alt=\"\" srcset=\"https:\/\/crpc-asbl.be\/copie-crpc-activites\/wp-content\/uploads\/2024\/03\/19460615-GAZET-VAN-ANTWERPEN-150x150.jpg 150w, https:\/\/crpc-asbl.be\/copie-crpc-activites\/wp-content\/uploads\/2024\/03\/19460615-GAZET-VAN-ANTWERPEN-440x440.jpg 440w\" sizes=\"(max-width: 150px) 100vw, 150px\" \/><\/a>\n\t\t\t<\/dt><\/dl><dl class='gallery-item'>\n\t\t\t<dt class='gallery-icon portrait'>\n\t\t\t\t<a data-elementor-open-lightbox=\"yes\" data-elementor-lightbox-slideshow=\"85e6199\" data-elementor-lightbox-title=\"19460919-JOURNAL-DE-CHARLEROI-INFOS\" data-e-action-hash=\"#elementor-action%3Aaction%3Dlightbox%26settings%3DeyJpZCI6MTMxMzksInVybCI6Imh0dHBzOlwvXC9jcnBjLWFzYmwuYmVcL2NvcGllLWNycGMtYWN0aXZpdGVzXC93cC1jb250ZW50XC91cGxvYWRzXC8yMDI0XC8wM1wvMTk0NjA5MTktSk9VUk5BTC1ERS1DSEFSTEVST0ktSU5GT1MuanBnIiwic2xpZGVzaG93IjoiODVlNjE5OSJ9\" href='https:\/\/crpc-asbl.be\/copie-crpc-activites\/wp-content\/uploads\/2024\/03\/19460919-JOURNAL-DE-CHARLEROI-INFOS.jpg'><img loading=\"lazy\" loading=\"lazy\" decoding=\"async\" width=\"150\" height=\"150\" src=\"https:\/\/crpc-asbl.be\/copie-crpc-activites\/wp-content\/uploads\/2024\/03\/19460919-JOURNAL-DE-CHARLEROI-INFOS-150x150.jpg\" class=\"attachment-thumbnail size-thumbnail\" alt=\"\" srcset=\"https:\/\/crpc-asbl.be\/copie-crpc-activites\/wp-content\/uploads\/2024\/03\/19460919-JOURNAL-DE-CHARLEROI-INFOS-150x150.jpg 150w, https:\/\/crpc-asbl.be\/copie-crpc-activites\/wp-content\/uploads\/2024\/03\/19460919-JOURNAL-DE-CHARLEROI-INFOS-440x440.jpg 440w\" sizes=\"(max-width: 150px) 100vw, 150px\" \/><\/a>\n\t\t\t<\/dt><\/dl><br style=\"clear: both\" \/><dl class='gallery-item'>\n\t\t\t<dt class='gallery-icon portrait'>\n\t\t\t\t<a data-elementor-open-lightbox=\"yes\" data-elementor-lightbox-slideshow=\"85e6199\" data-elementor-lightbox-title=\"19461125-JOURNAL-DE-CHARLEROI-EXPOSITION\" data-e-action-hash=\"#elementor-action%3Aaction%3Dlightbox%26settings%3DeyJpZCI6MTMxNDAsInVybCI6Imh0dHBzOlwvXC9jcnBjLWFzYmwuYmVcL2NvcGllLWNycGMtYWN0aXZpdGVzXC93cC1jb250ZW50XC91cGxvYWRzXC8yMDI0XC8wM1wvMTk0NjExMjUtSk9VUk5BTC1ERS1DSEFSTEVST0ktRVhQT1NJVElPTi5qcGciLCJzbGlkZXNob3ciOiI4NWU2MTk5In0%3D\" href='https:\/\/crpc-asbl.be\/copie-crpc-activites\/wp-content\/uploads\/2024\/03\/19461125-JOURNAL-DE-CHARLEROI-EXPOSITION.jpg'><img loading=\"lazy\" loading=\"lazy\" decoding=\"async\" width=\"150\" height=\"150\" src=\"https:\/\/crpc-asbl.be\/copie-crpc-activites\/wp-content\/uploads\/2024\/03\/19461125-JOURNAL-DE-CHARLEROI-EXPOSITION-150x150.jpg\" class=\"attachment-thumbnail size-thumbnail\" alt=\"\" srcset=\"https:\/\/crpc-asbl.be\/copie-crpc-activites\/wp-content\/uploads\/2024\/03\/19461125-JOURNAL-DE-CHARLEROI-EXPOSITION-150x150.jpg 150w, https:\/\/crpc-asbl.be\/copie-crpc-activites\/wp-content\/uploads\/2024\/03\/19461125-JOURNAL-DE-CHARLEROI-EXPOSITION-772x768.jpg 772w, https:\/\/crpc-asbl.be\/copie-crpc-activites\/wp-content\/uploads\/2024\/03\/19461125-JOURNAL-DE-CHARLEROI-EXPOSITION-440x440.jpg 440w\" sizes=\"(max-width: 150px) 100vw, 150px\" \/><\/a>\n\t\t\t<\/dt><\/dl><dl class='gallery-item'>\n\t\t\t<dt class='gallery-icon portrait'>\n\t\t\t\t<a data-elementor-open-lightbox=\"yes\" data-elementor-lightbox-slideshow=\"85e6199\" data-elementor-lightbox-title=\"19470607-JOURNAL-DE-CHARLEROI-SALON\" data-e-action-hash=\"#elementor-action%3Aaction%3Dlightbox%26settings%3DeyJpZCI6MTMxNDEsInVybCI6Imh0dHBzOlwvXC9jcnBjLWFzYmwuYmVcL2NvcGllLWNycGMtYWN0aXZpdGVzXC93cC1jb250ZW50XC91cGxvYWRzXC8yMDI0XC8wM1wvMTk0NzA2MDctSk9VUk5BTC1ERS1DSEFSTEVST0ktU0FMT04uanBnIiwic2xpZGVzaG93IjoiODVlNjE5OSJ9\" href='https:\/\/crpc-asbl.be\/copie-crpc-activites\/wp-content\/uploads\/2024\/03\/19470607-JOURNAL-DE-CHARLEROI-SALON.jpg'><img loading=\"lazy\" loading=\"lazy\" decoding=\"async\" width=\"150\" height=\"150\" src=\"https:\/\/crpc-asbl.be\/copie-crpc-activites\/wp-content\/uploads\/2024\/03\/19470607-JOURNAL-DE-CHARLEROI-SALON-150x150.jpg\" class=\"attachment-thumbnail size-thumbnail\" alt=\"\" srcset=\"https:\/\/crpc-asbl.be\/copie-crpc-activites\/wp-content\/uploads\/2024\/03\/19470607-JOURNAL-DE-CHARLEROI-SALON-150x150.jpg 150w, https:\/\/crpc-asbl.be\/copie-crpc-activites\/wp-content\/uploads\/2024\/03\/19470607-JOURNAL-DE-CHARLEROI-SALON-440x440.jpg 440w\" sizes=\"(max-width: 150px) 100vw, 150px\" \/><\/a>\n\t\t\t<\/dt><\/dl><dl class='gallery-item'>\n\t\t\t<dt class='gallery-icon portrait'>\n\t\t\t\t<a data-elementor-open-lightbox=\"yes\" data-elementor-lightbox-slideshow=\"85e6199\" data-elementor-lightbox-title=\"19470607-L-INDEPENDANCE-SALON-INTERNATIONAL-1\" data-e-action-hash=\"#elementor-action%3Aaction%3Dlightbox%26settings%3DeyJpZCI6MTMxNDIsInVybCI6Imh0dHBzOlwvXC9jcnBjLWFzYmwuYmVcL2NvcGllLWNycGMtYWN0aXZpdGVzXC93cC1jb250ZW50XC91cGxvYWRzXC8yMDI0XC8wM1wvMTk0NzA2MDctTC1JTkRFUEVOREFOQ0UtU0FMT04tSU5URVJOQVRJT05BTC0xLmpwZyIsInNsaWRlc2hvdyI6Ijg1ZTYxOTkifQ%3D%3D\" href='https:\/\/crpc-asbl.be\/copie-crpc-activites\/wp-content\/uploads\/2024\/03\/19470607-L-INDEPENDANCE-SALON-INTERNATIONAL-1.jpg'><img loading=\"lazy\" loading=\"lazy\" decoding=\"async\" width=\"150\" height=\"150\" src=\"https:\/\/crpc-asbl.be\/copie-crpc-activites\/wp-content\/uploads\/2024\/03\/19470607-L-INDEPENDANCE-SALON-INTERNATIONAL-1-150x150.jpg\" class=\"attachment-thumbnail size-thumbnail\" alt=\"\" srcset=\"https:\/\/crpc-asbl.be\/copie-crpc-activites\/wp-content\/uploads\/2024\/03\/19470607-L-INDEPENDANCE-SALON-INTERNATIONAL-1-150x150.jpg 150w, https:\/\/crpc-asbl.be\/copie-crpc-activites\/wp-content\/uploads\/2024\/03\/19470607-L-INDEPENDANCE-SALON-INTERNATIONAL-1-440x440.jpg 440w\" sizes=\"(max-width: 150px) 100vw, 150px\" \/><\/a>\n\t\t\t<\/dt><\/dl><dl class='gallery-item'>\n\t\t\t<dt class='gallery-icon portrait'>\n\t\t\t\t<a data-elementor-open-lightbox=\"yes\" data-elementor-lightbox-slideshow=\"85e6199\" data-elementor-lightbox-title=\"19470607-L-INDEPENDANCE-SALON-INTERNATIONAL\" data-e-action-hash=\"#elementor-action%3Aaction%3Dlightbox%26settings%3DeyJpZCI6MTMxNDMsInVybCI6Imh0dHBzOlwvXC9jcnBjLWFzYmwuYmVcL2NvcGllLWNycGMtYWN0aXZpdGVzXC93cC1jb250ZW50XC91cGxvYWRzXC8yMDI0XC8wM1wvMTk0NzA2MDctTC1JTkRFUEVOREFOQ0UtU0FMT04tSU5URVJOQVRJT05BTC5qcGciLCJzbGlkZXNob3ciOiI4NWU2MTk5In0%3D\" href='https:\/\/crpc-asbl.be\/copie-crpc-activites\/wp-content\/uploads\/2024\/03\/19470607-L-INDEPENDANCE-SALON-INTERNATIONAL.jpg'><img loading=\"lazy\" loading=\"lazy\" decoding=\"async\" width=\"150\" height=\"150\" src=\"https:\/\/crpc-asbl.be\/copie-crpc-activites\/wp-content\/uploads\/2024\/03\/19470607-L-INDEPENDANCE-SALON-INTERNATIONAL-150x150.jpg\" class=\"attachment-thumbnail size-thumbnail\" alt=\"\" srcset=\"https:\/\/crpc-asbl.be\/copie-crpc-activites\/wp-content\/uploads\/2024\/03\/19470607-L-INDEPENDANCE-SALON-INTERNATIONAL-150x150.jpg 150w, https:\/\/crpc-asbl.be\/copie-crpc-activites\/wp-content\/uploads\/2024\/03\/19470607-L-INDEPENDANCE-SALON-INTERNATIONAL-440x440.jpg 440w\" sizes=\"(max-width: 150px) 100vw, 150px\" \/><\/a>\n\t\t\t<\/dt><\/dl><dl class='gallery-item'>\n\t\t\t<dt class='gallery-icon portrait'>\n\t\t\t\t<a data-elementor-open-lightbox=\"yes\" data-elementor-lightbox-slideshow=\"85e6199\" data-elementor-lightbox-title=\"19470609-JOURNAL-DE-CHARLEROI-SALON-RETROSPECTIF\" data-e-action-hash=\"#elementor-action%3Aaction%3Dlightbox%26settings%3DeyJpZCI6MTMxNDQsInVybCI6Imh0dHBzOlwvXC9jcnBjLWFzYmwuYmVcL2NvcGllLWNycGMtYWN0aXZpdGVzXC93cC1jb250ZW50XC91cGxvYWRzXC8yMDI0XC8wM1wvMTk0NzA2MDktSk9VUk5BTC1ERS1DSEFSTEVST0ktU0FMT04tUkVUUk9TUEVDVElGLmpwZyIsInNsaWRlc2hvdyI6Ijg1ZTYxOTkifQ%3D%3D\" href='https:\/\/crpc-asbl.be\/copie-crpc-activites\/wp-content\/uploads\/2024\/03\/19470609-JOURNAL-DE-CHARLEROI-SALON-RETROSPECTIF.jpg'><img loading=\"lazy\" loading=\"lazy\" decoding=\"async\" width=\"150\" height=\"150\" src=\"https:\/\/crpc-asbl.be\/copie-crpc-activites\/wp-content\/uploads\/2024\/03\/19470609-JOURNAL-DE-CHARLEROI-SALON-RETROSPECTIF-150x150.jpg\" class=\"attachment-thumbnail size-thumbnail\" alt=\"\" srcset=\"https:\/\/crpc-asbl.be\/copie-crpc-activites\/wp-content\/uploads\/2024\/03\/19470609-JOURNAL-DE-CHARLEROI-SALON-RETROSPECTIF-150x150.jpg 150w, https:\/\/crpc-asbl.be\/copie-crpc-activites\/wp-content\/uploads\/2024\/03\/19470609-JOURNAL-DE-CHARLEROI-SALON-RETROSPECTIF-440x440.jpg 440w\" sizes=\"(max-width: 150px) 100vw, 150px\" \/><\/a>\n\t\t\t<\/dt><\/dl><dl class='gallery-item'>\n\t\t\t<dt class='gallery-icon portrait'>\n\t\t\t\t<a data-elementor-open-lightbox=\"yes\" data-elementor-lightbox-slideshow=\"85e6199\" data-elementor-lightbox-title=\"19470621-JOURNAL-DE-CHARLEROI-SALON\" data-e-action-hash=\"#elementor-action%3Aaction%3Dlightbox%26settings%3DeyJpZCI6MTMxNDUsInVybCI6Imh0dHBzOlwvXC9jcnBjLWFzYmwuYmVcL2NvcGllLWNycGMtYWN0aXZpdGVzXC93cC1jb250ZW50XC91cGxvYWRzXC8yMDI0XC8wM1wvMTk0NzA2MjEtSk9VUk5BTC1ERS1DSEFSTEVST0ktU0FMT04uanBnIiwic2xpZGVzaG93IjoiODVlNjE5OSJ9\" href='https:\/\/crpc-asbl.be\/copie-crpc-activites\/wp-content\/uploads\/2024\/03\/19470621-JOURNAL-DE-CHARLEROI-SALON.jpg'><img loading=\"lazy\" loading=\"lazy\" decoding=\"async\" width=\"150\" height=\"150\" src=\"https:\/\/crpc-asbl.be\/copie-crpc-activites\/wp-content\/uploads\/2024\/03\/19470621-JOURNAL-DE-CHARLEROI-SALON-150x150.jpg\" class=\"attachment-thumbnail size-thumbnail\" alt=\"\" srcset=\"https:\/\/crpc-asbl.be\/copie-crpc-activites\/wp-content\/uploads\/2024\/03\/19470621-JOURNAL-DE-CHARLEROI-SALON-150x150.jpg 150w, https:\/\/crpc-asbl.be\/copie-crpc-activites\/wp-content\/uploads\/2024\/03\/19470621-JOURNAL-DE-CHARLEROI-SALON-440x440.jpg 440w\" sizes=\"(max-width: 150px) 100vw, 150px\" \/><\/a>\n\t\t\t<\/dt><\/dl><dl class='gallery-item'>\n\t\t\t<dt class='gallery-icon landscape'>\n\t\t\t\t<a data-elementor-open-lightbox=\"yes\" data-elementor-lightbox-slideshow=\"85e6199\" data-elementor-lightbox-title=\"19471125-JOURNAL-DE-CHARLEROI-CONFERENCE\" data-e-action-hash=\"#elementor-action%3Aaction%3Dlightbox%26settings%3DeyJpZCI6MTMxNTAsInVybCI6Imh0dHBzOlwvXC9jcnBjLWFzYmwuYmVcL2NvcGllLWNycGMtYWN0aXZpdGVzXC93cC1jb250ZW50XC91cGxvYWRzXC8yMDI0XC8wM1wvMTk0NzExMjUtSk9VUk5BTC1ERS1DSEFSTEVST0ktQ09ORkVSRU5DRS5qcGciLCJzbGlkZXNob3ciOiI4NWU2MTk5In0%3D\" href='https:\/\/crpc-asbl.be\/copie-crpc-activites\/wp-content\/uploads\/2024\/03\/19471125-JOURNAL-DE-CHARLEROI-CONFERENCE.jpg'><img loading=\"lazy\" loading=\"lazy\" decoding=\"async\" width=\"150\" height=\"150\" src=\"https:\/\/crpc-asbl.be\/copie-crpc-activites\/wp-content\/uploads\/2024\/03\/19471125-JOURNAL-DE-CHARLEROI-CONFERENCE-150x150.jpg\" class=\"attachment-thumbnail size-thumbnail\" alt=\"\" srcset=\"https:\/\/crpc-asbl.be\/copie-crpc-activites\/wp-content\/uploads\/2024\/03\/19471125-JOURNAL-DE-CHARLEROI-CONFERENCE-150x150.jpg 150w, https:\/\/crpc-asbl.be\/copie-crpc-activites\/wp-content\/uploads\/2024\/03\/19471125-JOURNAL-DE-CHARLEROI-CONFERENCE-440x440.jpg 440w\" sizes=\"(max-width: 150px) 100vw, 150px\" \/><\/a>\n\t\t\t<\/dt><\/dl><br style=\"clear: both\" \/><dl class='gallery-item'>\n\t\t\t<dt class='gallery-icon portrait'>\n\t\t\t\t<a data-elementor-open-lightbox=\"yes\" data-elementor-lightbox-slideshow=\"85e6199\" data-elementor-lightbox-title=\"19480131-JOURNAL-DE-CHARLEROI-25EME-ANNIVERSAIRE\" data-e-action-hash=\"#elementor-action%3Aaction%3Dlightbox%26settings%3DeyJpZCI6MTMxNTEsInVybCI6Imh0dHBzOlwvXC9jcnBjLWFzYmwuYmVcL2NvcGllLWNycGMtYWN0aXZpdGVzXC93cC1jb250ZW50XC91cGxvYWRzXC8yMDI0XC8wM1wvMTk0ODAxMzEtSk9VUk5BTC1ERS1DSEFSTEVST0ktMjVFTUUtQU5OSVZFUlNBSVJFLTEuanBnIiwic2xpZGVzaG93IjoiODVlNjE5OSJ9\" href='https:\/\/crpc-asbl.be\/copie-crpc-activites\/wp-content\/uploads\/2024\/03\/19480131-JOURNAL-DE-CHARLEROI-25EME-ANNIVERSAIRE-1.jpg'><img loading=\"lazy\" loading=\"lazy\" decoding=\"async\" width=\"150\" height=\"150\" src=\"https:\/\/crpc-asbl.be\/copie-crpc-activites\/wp-content\/uploads\/2024\/03\/19480131-JOURNAL-DE-CHARLEROI-25EME-ANNIVERSAIRE-1-150x150.jpg\" class=\"attachment-thumbnail size-thumbnail\" alt=\"\" srcset=\"https:\/\/crpc-asbl.be\/copie-crpc-activites\/wp-content\/uploads\/2024\/03\/19480131-JOURNAL-DE-CHARLEROI-25EME-ANNIVERSAIRE-1-150x150.jpg 150w, https:\/\/crpc-asbl.be\/copie-crpc-activites\/wp-content\/uploads\/2024\/03\/19480131-JOURNAL-DE-CHARLEROI-25EME-ANNIVERSAIRE-1-440x440.jpg 440w\" sizes=\"(max-width: 150px) 100vw, 150px\" \/><\/a>\n\t\t\t<\/dt><\/dl><dl class='gallery-item'>\n\t\t\t<dt class='gallery-icon landscape'>\n\t\t\t\t<a data-elementor-open-lightbox=\"yes\" data-elementor-lightbox-slideshow=\"85e6199\" data-elementor-lightbox-title=\"19480313-JOURNAL-DE-CHARLEROI-SALON-INTERNATIONAL\" data-e-action-hash=\"#elementor-action%3Aaction%3Dlightbox%26settings%3DeyJpZCI6MTMxNTIsInVybCI6Imh0dHBzOlwvXC9jcnBjLWFzYmwuYmVcL2NvcGllLWNycGMtYWN0aXZpdGVzXC93cC1jb250ZW50XC91cGxvYWRzXC8yMDI0XC8wM1wvMTk0ODAzMTMtSk9VUk5BTC1ERS1DSEFSTEVST0ktU0FMT04tSU5URVJOQVRJT05BTC5qcGciLCJzbGlkZXNob3ciOiI4NWU2MTk5In0%3D\" href='https:\/\/crpc-asbl.be\/copie-crpc-activites\/wp-content\/uploads\/2024\/03\/19480313-JOURNAL-DE-CHARLEROI-SALON-INTERNATIONAL.jpg'><img loading=\"lazy\" loading=\"lazy\" decoding=\"async\" width=\"150\" height=\"150\" src=\"https:\/\/crpc-asbl.be\/copie-crpc-activites\/wp-content\/uploads\/2024\/03\/19480313-JOURNAL-DE-CHARLEROI-SALON-INTERNATIONAL-150x150.jpg\" class=\"attachment-thumbnail size-thumbnail\" alt=\"\" srcset=\"https:\/\/crpc-asbl.be\/copie-crpc-activites\/wp-content\/uploads\/2024\/03\/19480313-JOURNAL-DE-CHARLEROI-SALON-INTERNATIONAL-150x150.jpg 150w, https:\/\/crpc-asbl.be\/copie-crpc-activites\/wp-content\/uploads\/2024\/03\/19480313-JOURNAL-DE-CHARLEROI-SALON-INTERNATIONAL-440x440.jpg 440w\" sizes=\"(max-width: 150px) 100vw, 150px\" \/><\/a>\n\t\t\t<\/dt><\/dl><dl class='gallery-item'>\n\t\t\t<dt class='gallery-icon portrait'>\n\t\t\t\t<a data-elementor-open-lightbox=\"yes\" data-elementor-lightbox-slideshow=\"85e6199\" data-elementor-lightbox-title=\"19480322-L-INDEPENDANCE-SALON-1\" data-e-action-hash=\"#elementor-action%3Aaction%3Dlightbox%26settings%3DeyJpZCI6MTMxNTMsInVybCI6Imh0dHBzOlwvXC9jcnBjLWFzYmwuYmVcL2NvcGllLWNycGMtYWN0aXZpdGVzXC93cC1jb250ZW50XC91cGxvYWRzXC8yMDI0XC8wM1wvMTk0ODAzMjItTC1JTkRFUEVOREFOQ0UtU0FMT04tMS5qcGciLCJzbGlkZXNob3ciOiI4NWU2MTk5In0%3D\" href='https:\/\/crpc-asbl.be\/copie-crpc-activites\/wp-content\/uploads\/2024\/03\/19480322-L-INDEPENDANCE-SALON-1.jpg'><img loading=\"lazy\" loading=\"lazy\" decoding=\"async\" width=\"150\" height=\"150\" src=\"https:\/\/crpc-asbl.be\/copie-crpc-activites\/wp-content\/uploads\/2024\/03\/19480322-L-INDEPENDANCE-SALON-1-150x150.jpg\" class=\"attachment-thumbnail size-thumbnail\" alt=\"\" srcset=\"https:\/\/crpc-asbl.be\/copie-crpc-activites\/wp-content\/uploads\/2024\/03\/19480322-L-INDEPENDANCE-SALON-1-150x150.jpg 150w, https:\/\/crpc-asbl.be\/copie-crpc-activites\/wp-content\/uploads\/2024\/03\/19480322-L-INDEPENDANCE-SALON-1-440x440.jpg 440w\" sizes=\"(max-width: 150px) 100vw, 150px\" \/><\/a>\n\t\t\t<\/dt><\/dl><dl class='gallery-item'>\n\t\t\t<dt class='gallery-icon portrait'>\n\t\t\t\t<a data-elementor-open-lightbox=\"yes\" data-elementor-lightbox-slideshow=\"85e6199\" data-elementor-lightbox-title=\"19480323-JOURNAL-DE-CHARLEROI-SALON-INTERNATIONAL\" data-e-action-hash=\"#elementor-action%3Aaction%3Dlightbox%26settings%3DeyJpZCI6MTMxNTQsInVybCI6Imh0dHBzOlwvXC9jcnBjLWFzYmwuYmVcL2NvcGllLWNycGMtYWN0aXZpdGVzXC93cC1jb250ZW50XC91cGxvYWRzXC8yMDI0XC8wM1wvMTk0ODAzMjMtSk9VUk5BTC1ERS1DSEFSTEVST0ktU0FMT04tSU5URVJOQVRJT05BTC5qcGciLCJzbGlkZXNob3ciOiI4NWU2MTk5In0%3D\" href='https:\/\/crpc-asbl.be\/copie-crpc-activites\/wp-content\/uploads\/2024\/03\/19480323-JOURNAL-DE-CHARLEROI-SALON-INTERNATIONAL.jpg'><img loading=\"lazy\" loading=\"lazy\" decoding=\"async\" width=\"150\" height=\"150\" src=\"https:\/\/crpc-asbl.be\/copie-crpc-activites\/wp-content\/uploads\/2024\/03\/19480323-JOURNAL-DE-CHARLEROI-SALON-INTERNATIONAL-150x150.jpg\" class=\"attachment-thumbnail size-thumbnail\" alt=\"\" srcset=\"https:\/\/crpc-asbl.be\/copie-crpc-activites\/wp-content\/uploads\/2024\/03\/19480323-JOURNAL-DE-CHARLEROI-SALON-INTERNATIONAL-150x150.jpg 150w, https:\/\/crpc-asbl.be\/copie-crpc-activites\/wp-content\/uploads\/2024\/03\/19480323-JOURNAL-DE-CHARLEROI-SALON-INTERNATIONAL-440x440.jpg 440w\" sizes=\"(max-width: 150px) 100vw, 150px\" \/><\/a>\n\t\t\t<\/dt><\/dl><dl class='gallery-item'>\n\t\t\t<dt class='gallery-icon landscape'>\n\t\t\t\t<a data-elementor-open-lightbox=\"yes\" data-elementor-lightbox-slideshow=\"85e6199\" data-elementor-lightbox-title=\"19480412-JOURNAL-DE-CHARLEROI-INFOS\" data-e-action-hash=\"#elementor-action%3Aaction%3Dlightbox%26settings%3DeyJpZCI6MTMxNTUsInVybCI6Imh0dHBzOlwvXC9jcnBjLWFzYmwuYmVcL2NvcGllLWNycGMtYWN0aXZpdGVzXC93cC1jb250ZW50XC91cGxvYWRzXC8yMDI0XC8wM1wvMTk0ODA0MTItSk9VUk5BTC1ERS1DSEFSTEVST0ktSU5GT1MuanBnIiwic2xpZGVzaG93IjoiODVlNjE5OSJ9\" href='https:\/\/crpc-asbl.be\/copie-crpc-activites\/wp-content\/uploads\/2024\/03\/19480412-JOURNAL-DE-CHARLEROI-INFOS.jpg'><img loading=\"lazy\" loading=\"lazy\" decoding=\"async\" width=\"150\" height=\"150\" src=\"https:\/\/crpc-asbl.be\/copie-crpc-activites\/wp-content\/uploads\/2024\/03\/19480412-JOURNAL-DE-CHARLEROI-INFOS-150x150.jpg\" class=\"attachment-thumbnail size-thumbnail\" alt=\"\" srcset=\"https:\/\/crpc-asbl.be\/copie-crpc-activites\/wp-content\/uploads\/2024\/03\/19480412-JOURNAL-DE-CHARLEROI-INFOS-150x150.jpg 150w, https:\/\/crpc-asbl.be\/copie-crpc-activites\/wp-content\/uploads\/2024\/03\/19480412-JOURNAL-DE-CHARLEROI-INFOS-300x300.jpg 300w, https:\/\/crpc-asbl.be\/copie-crpc-activites\/wp-content\/uploads\/2024\/03\/19480412-JOURNAL-DE-CHARLEROI-INFOS-1024x1024.jpg 1024w, https:\/\/crpc-asbl.be\/copie-crpc-activites\/wp-content\/uploads\/2024\/03\/19480412-JOURNAL-DE-CHARLEROI-INFOS-768x768.jpg 768w, https:\/\/crpc-asbl.be\/copie-crpc-activites\/wp-content\/uploads\/2024\/03\/19480412-JOURNAL-DE-CHARLEROI-INFOS-1080x1080.jpg 1080w, https:\/\/crpc-asbl.be\/copie-crpc-activites\/wp-content\/uploads\/2024\/03\/19480412-JOURNAL-DE-CHARLEROI-INFOS-440x440.jpg 440w, https:\/\/crpc-asbl.be\/copie-crpc-activites\/wp-content\/uploads\/2024\/03\/19480412-JOURNAL-DE-CHARLEROI-INFOS.jpg 1250w\" sizes=\"(max-width: 150px) 100vw, 150px\" \/><\/a>\n\t\t\t<\/dt><\/dl><dl class='gallery-item'>\n\t\t\t<dt class='gallery-icon portrait'>\n\t\t\t\t<a data-elementor-open-lightbox=\"yes\" data-elementor-lightbox-slideshow=\"85e6199\" data-elementor-lightbox-title=\"19480529-JOURNAL-DE-CHARLEROI-EXPOSITION-METIERS-D-ART\" data-e-action-hash=\"#elementor-action%3Aaction%3Dlightbox%26settings%3DeyJpZCI6MTMxNTYsInVybCI6Imh0dHBzOlwvXC9jcnBjLWFzYmwuYmVcL2NvcGllLWNycGMtYWN0aXZpdGVzXC93cC1jb250ZW50XC91cGxvYWRzXC8yMDI0XC8wM1wvMTk0ODA1MjktSk9VUk5BTC1ERS1DSEFSTEVST0ktRVhQT1NJVElPTi1NRVRJRVJTLUQtQVJULmpwZyIsInNsaWRlc2hvdyI6Ijg1ZTYxOTkifQ%3D%3D\" href='https:\/\/crpc-asbl.be\/copie-crpc-activites\/wp-content\/uploads\/2024\/03\/19480529-JOURNAL-DE-CHARLEROI-EXPOSITION-METIERS-D-ART.jpg'><img loading=\"lazy\" loading=\"lazy\" decoding=\"async\" width=\"150\" height=\"150\" src=\"https:\/\/crpc-asbl.be\/copie-crpc-activites\/wp-content\/uploads\/2024\/03\/19480529-JOURNAL-DE-CHARLEROI-EXPOSITION-METIERS-D-ART-150x150.jpg\" class=\"attachment-thumbnail size-thumbnail\" alt=\"\" srcset=\"https:\/\/crpc-asbl.be\/copie-crpc-activites\/wp-content\/uploads\/2024\/03\/19480529-JOURNAL-DE-CHARLEROI-EXPOSITION-METIERS-D-ART-150x150.jpg 150w, https:\/\/crpc-asbl.be\/copie-crpc-activites\/wp-content\/uploads\/2024\/03\/19480529-JOURNAL-DE-CHARLEROI-EXPOSITION-METIERS-D-ART-440x440.jpg 440w\" sizes=\"(max-width: 150px) 100vw, 150px\" \/><\/a>\n\t\t\t<\/dt><\/dl><dl class='gallery-item'>\n\t\t\t<dt class='gallery-icon portrait'>\n\t\t\t\t<a data-elementor-open-lightbox=\"yes\" data-elementor-lightbox-slideshow=\"85e6199\" data-elementor-lightbox-title=\"19490125-JOURNAL-DE-CHARLEROI-INFOS\" data-e-action-hash=\"#elementor-action%3Aaction%3Dlightbox%26settings%3DeyJpZCI6MTMxNTcsInVybCI6Imh0dHBzOlwvXC9jcnBjLWFzYmwuYmVcL2NvcGllLWNycGMtYWN0aXZpdGVzXC93cC1jb250ZW50XC91cGxvYWRzXC8yMDI0XC8wM1wvMTk0OTAxMjUtSk9VUk5BTC1ERS1DSEFSTEVST0ktSU5GT1MuanBnIiwic2xpZGVzaG93IjoiODVlNjE5OSJ9\" href='https:\/\/crpc-asbl.be\/copie-crpc-activites\/wp-content\/uploads\/2024\/03\/19490125-JOURNAL-DE-CHARLEROI-INFOS.jpg'><img loading=\"lazy\" loading=\"lazy\" decoding=\"async\" width=\"150\" height=\"150\" src=\"https:\/\/crpc-asbl.be\/copie-crpc-activites\/wp-content\/uploads\/2024\/03\/19490125-JOURNAL-DE-CHARLEROI-INFOS-150x150.jpg\" class=\"attachment-thumbnail size-thumbnail\" alt=\"\" srcset=\"https:\/\/crpc-asbl.be\/copie-crpc-activites\/wp-content\/uploads\/2024\/03\/19490125-JOURNAL-DE-CHARLEROI-INFOS-150x150.jpg 150w, https:\/\/crpc-asbl.be\/copie-crpc-activites\/wp-content\/uploads\/2024\/03\/19490125-JOURNAL-DE-CHARLEROI-INFOS-440x440.jpg 440w\" sizes=\"(max-width: 150px) 100vw, 150px\" \/><\/a>\n\t\t\t<\/dt><\/dl><br style=\"clear: both\" \/><dl class='gallery-item'>\n\t\t\t<dt class='gallery-icon portrait'>\n\t\t\t\t<a data-elementor-open-lightbox=\"yes\" data-elementor-lightbox-slideshow=\"85e6199\" data-elementor-lightbox-title=\"19490423-JOURNAL-DE-CHARLEROI-SALON\" data-e-action-hash=\"#elementor-action%3Aaction%3Dlightbox%26settings%3DeyJpZCI6MTMxNTgsInVybCI6Imh0dHBzOlwvXC9jcnBjLWFzYmwuYmVcL2NvcGllLWNycGMtYWN0aXZpdGVzXC93cC1jb250ZW50XC91cGxvYWRzXC8yMDI0XC8wM1wvMTk0OTA0MjMtSk9VUk5BTC1ERS1DSEFSTEVST0ktU0FMT04uanBnIiwic2xpZGVzaG93IjoiODVlNjE5OSJ9\" href='https:\/\/crpc-asbl.be\/copie-crpc-activites\/wp-content\/uploads\/2024\/03\/19490423-JOURNAL-DE-CHARLEROI-SALON.jpg'><img loading=\"lazy\" loading=\"lazy\" decoding=\"async\" width=\"150\" height=\"150\" src=\"https:\/\/crpc-asbl.be\/copie-crpc-activites\/wp-content\/uploads\/2024\/03\/19490423-JOURNAL-DE-CHARLEROI-SALON-150x150.jpg\" class=\"attachment-thumbnail size-thumbnail\" alt=\"\" srcset=\"https:\/\/crpc-asbl.be\/copie-crpc-activites\/wp-content\/uploads\/2024\/03\/19490423-JOURNAL-DE-CHARLEROI-SALON-150x150.jpg 150w, https:\/\/crpc-asbl.be\/copie-crpc-activites\/wp-content\/uploads\/2024\/03\/19490423-JOURNAL-DE-CHARLEROI-SALON-440x440.jpg 440w\" sizes=\"(max-width: 150px) 100vw, 150px\" \/><\/a>\n\t\t\t<\/dt><\/dl><dl class='gallery-item'>\n\t\t\t<dt class='gallery-icon portrait'>\n\t\t\t\t<a data-elementor-open-lightbox=\"yes\" data-elementor-lightbox-slideshow=\"85e6199\" data-elementor-lightbox-title=\"19491220-JOURNAL-DE-CHARLEROI-INFOS\" data-e-action-hash=\"#elementor-action%3Aaction%3Dlightbox%26settings%3DeyJpZCI6MTMxNTksInVybCI6Imh0dHBzOlwvXC9jcnBjLWFzYmwuYmVcL2NvcGllLWNycGMtYWN0aXZpdGVzXC93cC1jb250ZW50XC91cGxvYWRzXC8yMDI0XC8wM1wvMTk0OTEyMjAtSk9VUk5BTC1ERS1DSEFSTEVST0ktSU5GT1MuanBnIiwic2xpZGVzaG93IjoiODVlNjE5OSJ9\" href='https:\/\/crpc-asbl.be\/copie-crpc-activites\/wp-content\/uploads\/2024\/03\/19491220-JOURNAL-DE-CHARLEROI-INFOS.jpg'><img loading=\"lazy\" loading=\"lazy\" decoding=\"async\" width=\"150\" height=\"150\" src=\"https:\/\/crpc-asbl.be\/copie-crpc-activites\/wp-content\/uploads\/2024\/03\/19491220-JOURNAL-DE-CHARLEROI-INFOS-150x150.jpg\" class=\"attachment-thumbnail size-thumbnail\" alt=\"\" srcset=\"https:\/\/crpc-asbl.be\/copie-crpc-activites\/wp-content\/uploads\/2024\/03\/19491220-JOURNAL-DE-CHARLEROI-INFOS-150x150.jpg 150w, https:\/\/crpc-asbl.be\/copie-crpc-activites\/wp-content\/uploads\/2024\/03\/19491220-JOURNAL-DE-CHARLEROI-INFOS-440x440.jpg 440w\" sizes=\"(max-width: 150px) 100vw, 150px\" \/><\/a>\n\t\t\t<\/dt><\/dl><dl class='gallery-item'>\n\t\t\t<dt class='gallery-icon portrait'>\n\t\t\t\t<a data-elementor-open-lightbox=\"yes\" data-elementor-lightbox-slideshow=\"85e6199\" data-elementor-lightbox-title=\"19500420-JOURNAL-DE-CHARLEROI-SALON\" data-e-action-hash=\"#elementor-action%3Aaction%3Dlightbox%26settings%3DeyJpZCI6MTMxNjAsInVybCI6Imh0dHBzOlwvXC9jcnBjLWFzYmwuYmVcL2NvcGllLWNycGMtYWN0aXZpdGVzXC93cC1jb250ZW50XC91cGxvYWRzXC8yMDI0XC8wM1wvMTk1MDA0MjAtSk9VUk5BTC1ERS1DSEFSTEVST0ktU0FMT04uanBnIiwic2xpZGVzaG93IjoiODVlNjE5OSJ9\" href='https:\/\/crpc-asbl.be\/copie-crpc-activites\/wp-content\/uploads\/2024\/03\/19500420-JOURNAL-DE-CHARLEROI-SALON.jpg'><img loading=\"lazy\" loading=\"lazy\" decoding=\"async\" width=\"150\" height=\"150\" src=\"https:\/\/crpc-asbl.be\/copie-crpc-activites\/wp-content\/uploads\/2024\/03\/19500420-JOURNAL-DE-CHARLEROI-SALON-150x150.jpg\" class=\"attachment-thumbnail size-thumbnail\" alt=\"\" srcset=\"https:\/\/crpc-asbl.be\/copie-crpc-activites\/wp-content\/uploads\/2024\/03\/19500420-JOURNAL-DE-CHARLEROI-SALON-150x150.jpg 150w, https:\/\/crpc-asbl.be\/copie-crpc-activites\/wp-content\/uploads\/2024\/03\/19500420-JOURNAL-DE-CHARLEROI-SALON-440x440.jpg 440w\" sizes=\"(max-width: 150px) 100vw, 150px\" \/><\/a>\n\t\t\t<\/dt><\/dl><dl class='gallery-item'>\n\t\t\t<dt class='gallery-icon landscape'>\n\t\t\t\t<a data-elementor-open-lightbox=\"yes\" data-elementor-lightbox-slideshow=\"85e6199\" data-elementor-lightbox-title=\"19500423-L-AVENIR-DU-LUXEMBOURG-SALON-INTERNATIONAL\" data-e-action-hash=\"#elementor-action%3Aaction%3Dlightbox%26settings%3DeyJpZCI6MTMxNjEsInVybCI6Imh0dHBzOlwvXC9jcnBjLWFzYmwuYmVcL2NvcGllLWNycGMtYWN0aXZpdGVzXC93cC1jb250ZW50XC91cGxvYWRzXC8yMDI0XC8wM1wvMTk1MDA0MjMtTC1BVkVOSVItRFUtTFVYRU1CT1VSRy1TQUxPTi1JTlRFUk5BVElPTkFMLmpwZyIsInNsaWRlc2hvdyI6Ijg1ZTYxOTkifQ%3D%3D\" href='https:\/\/crpc-asbl.be\/copie-crpc-activites\/wp-content\/uploads\/2024\/03\/19500423-L-AVENIR-DU-LUXEMBOURG-SALON-INTERNATIONAL.jpg'><img loading=\"lazy\" loading=\"lazy\" decoding=\"async\" width=\"150\" height=\"150\" src=\"https:\/\/crpc-asbl.be\/copie-crpc-activites\/wp-content\/uploads\/2024\/03\/19500423-L-AVENIR-DU-LUXEMBOURG-SALON-INTERNATIONAL-150x150.jpg\" class=\"attachment-thumbnail size-thumbnail\" alt=\"\" srcset=\"https:\/\/crpc-asbl.be\/copie-crpc-activites\/wp-content\/uploads\/2024\/03\/19500423-L-AVENIR-DU-LUXEMBOURG-SALON-INTERNATIONAL-150x150.jpg 150w, https:\/\/crpc-asbl.be\/copie-crpc-activites\/wp-content\/uploads\/2024\/03\/19500423-L-AVENIR-DU-LUXEMBOURG-SALON-INTERNATIONAL-440x440.jpg 440w\" sizes=\"(max-width: 150px) 100vw, 150px\" \/><\/a>\n\t\t\t<\/dt><\/dl><dl class='gallery-item'>\n\t\t\t<dt class='gallery-icon landscape'>\n\t\t\t\t<a data-elementor-open-lightbox=\"yes\" data-elementor-lightbox-slideshow=\"85e6199\" data-elementor-lightbox-title=\"19500424-JOURNAL-DE-CHARLEROI-INAUGURATION-SALON\" data-e-action-hash=\"#elementor-action%3Aaction%3Dlightbox%26settings%3DeyJpZCI6MTMxNjIsInVybCI6Imh0dHBzOlwvXC9jcnBjLWFzYmwuYmVcL2NvcGllLWNycGMtYWN0aXZpdGVzXC93cC1jb250ZW50XC91cGxvYWRzXC8yMDI0XC8wM1wvMTk1MDA0MjQtSk9VUk5BTC1ERS1DSEFSTEVST0ktSU5BVUdVUkFUSU9OLVNBTE9OLmpwZyIsInNsaWRlc2hvdyI6Ijg1ZTYxOTkifQ%3D%3D\" href='https:\/\/crpc-asbl.be\/copie-crpc-activites\/wp-content\/uploads\/2024\/03\/19500424-JOURNAL-DE-CHARLEROI-INAUGURATION-SALON.jpg'><img loading=\"lazy\" loading=\"lazy\" decoding=\"async\" width=\"150\" height=\"150\" src=\"https:\/\/crpc-asbl.be\/copie-crpc-activites\/wp-content\/uploads\/2024\/03\/19500424-JOURNAL-DE-CHARLEROI-INAUGURATION-SALON-150x150.jpg\" class=\"attachment-thumbnail size-thumbnail\" alt=\"\" srcset=\"https:\/\/crpc-asbl.be\/copie-crpc-activites\/wp-content\/uploads\/2024\/03\/19500424-JOURNAL-DE-CHARLEROI-INAUGURATION-SALON-150x150.jpg 150w, https:\/\/crpc-asbl.be\/copie-crpc-activites\/wp-content\/uploads\/2024\/03\/19500424-JOURNAL-DE-CHARLEROI-INAUGURATION-SALON-440x440.jpg 440w\" sizes=\"(max-width: 150px) 100vw, 150px\" \/><\/a>\n\t\t\t<\/dt><\/dl><dl class='gallery-item'>\n\t\t\t<dt class='gallery-icon portrait'>\n\t\t\t\t<a data-elementor-open-lightbox=\"yes\" data-elementor-lightbox-slideshow=\"85e6199\" data-elementor-lightbox-title=\"19500426-JOURNAL-DE-CHARLEROI-8eme-Salon-Albert-1er\" data-e-action-hash=\"#elementor-action%3Aaction%3Dlightbox%26settings%3DeyJpZCI6MTMxNjMsInVybCI6Imh0dHBzOlwvXC9jcnBjLWFzYmwuYmVcL2NvcGllLWNycGMtYWN0aXZpdGVzXC93cC1jb250ZW50XC91cGxvYWRzXC8yMDI0XC8wM1wvMTk1MDA0MjYtSk9VUk5BTC1ERS1DSEFSTEVST0ktOGVtZS1TYWxvbi1BbGJlcnQtMWVyLmpwZyIsInNsaWRlc2hvdyI6Ijg1ZTYxOTkifQ%3D%3D\" href='https:\/\/crpc-asbl.be\/copie-crpc-activites\/wp-content\/uploads\/2024\/03\/19500426-JOURNAL-DE-CHARLEROI-8eme-Salon-Albert-1er.jpg'><img loading=\"lazy\" loading=\"lazy\" decoding=\"async\" width=\"150\" height=\"150\" src=\"https:\/\/crpc-asbl.be\/copie-crpc-activites\/wp-content\/uploads\/2024\/03\/19500426-JOURNAL-DE-CHARLEROI-8eme-Salon-Albert-1er-150x150.jpg\" class=\"attachment-thumbnail size-thumbnail\" alt=\"\" srcset=\"https:\/\/crpc-asbl.be\/copie-crpc-activites\/wp-content\/uploads\/2024\/03\/19500426-JOURNAL-DE-CHARLEROI-8eme-Salon-Albert-1er-150x150.jpg 150w, https:\/\/crpc-asbl.be\/copie-crpc-activites\/wp-content\/uploads\/2024\/03\/19500426-JOURNAL-DE-CHARLEROI-8eme-Salon-Albert-1er-440x440.jpg 440w\" sizes=\"(max-width: 150px) 100vw, 150px\" \/><\/a>\n\t\t\t<\/dt><\/dl><dl class='gallery-item'>\n\t\t\t<dt class='gallery-icon portrait'>\n\t\t\t\t<a data-elementor-open-lightbox=\"yes\" data-elementor-lightbox-slideshow=\"85e6199\" data-elementor-lightbox-title=\"19500429-JOURNAL-DE-CHARLEROI-SALON\" data-e-action-hash=\"#elementor-action%3Aaction%3Dlightbox%26settings%3DeyJpZCI6MTMxNjQsInVybCI6Imh0dHBzOlwvXC9jcnBjLWFzYmwuYmVcL2NvcGllLWNycGMtYWN0aXZpdGVzXC93cC1jb250ZW50XC91cGxvYWRzXC8yMDI0XC8wM1wvMTk1MDA0MjktSk9VUk5BTC1ERS1DSEFSTEVST0ktU0FMT04uanBnIiwic2xpZGVzaG93IjoiODVlNjE5OSJ9\" href='https:\/\/crpc-asbl.be\/copie-crpc-activites\/wp-content\/uploads\/2024\/03\/19500429-JOURNAL-DE-CHARLEROI-SALON.jpg'><img loading=\"lazy\" loading=\"lazy\" decoding=\"async\" width=\"150\" height=\"150\" src=\"https:\/\/crpc-asbl.be\/copie-crpc-activites\/wp-content\/uploads\/2024\/03\/19500429-JOURNAL-DE-CHARLEROI-SALON-150x150.jpg\" class=\"attachment-thumbnail size-thumbnail\" alt=\"\" srcset=\"https:\/\/crpc-asbl.be\/copie-crpc-activites\/wp-content\/uploads\/2024\/03\/19500429-JOURNAL-DE-CHARLEROI-SALON-150x150.jpg 150w, https:\/\/crpc-asbl.be\/copie-crpc-activites\/wp-content\/uploads\/2024\/03\/19500429-JOURNAL-DE-CHARLEROI-SALON-439x440.jpg 439w\" sizes=\"(max-width: 150px) 100vw, 150px\" \/><\/a>\n\t\t\t<\/dt><\/dl><br style=\"clear: both\" \/>\n\t\t<\/div>\n\t\t<\/div>\n\t\t\t\t\t\t<\/div>\n\t\t\t\t<\/div>\n\t\t\t\t\t<\/div>\n\t\t<\/div>\n\t\t\t\t\t<\/div>\n\t\t<\/section>\n\t\t\t\t\t<\/div>\n\t\t<\/div>\n\t\t\t\t\t<\/div>\n\t\t<\/section>\n\t\t\t\t<section class=\"elementor-section elementor-top-section elementor-element elementor-element-5d4eec01 elementor-section-boxed elementor-section-height-default elementor-section-height-default\" data-id=\"5d4eec01\" data-element_type=\"section\" data-e-type=\"section\">\n\t\t\t\t\t\t<div class=\"elementor-container elementor-column-gap-default\">\n\t\t\t\t\t<div class=\"elementor-column elementor-col-33 elementor-top-column elementor-element elementor-element-1864e540\" data-id=\"1864e540\" data-element_type=\"column\" data-e-type=\"column\">\n\t\t\t<div class=\"elementor-widget-wrap elementor-element-populated\">\n\t\t\t\t\t\t<div class=\"elementor-element elementor-element-12eda88e elementor-widget elementor-widget-text-editor\" data-id=\"12eda88e\" data-element_type=\"widget\" data-e-type=\"widget\" data-widget_type=\"text-editor.default\">\n\t\t\t\t<div class=\"elementor-widget-container\">\n\t\t\t\t\t\t\t\t\t<p><b>de 1951 \u00e0 &#8230;<\/b><\/p>\t\t\t\t\t\t\t\t<\/div>\n\t\t\t\t<\/div>\n\t\t\t\t\t<\/div>\n\t\t<\/div>\n\t\t\t\t<div class=\"elementor-column elementor-col-66 elementor-top-column elementor-element elementor-element-1082ac57\" data-id=\"1082ac57\" data-element_type=\"column\" data-e-type=\"column\">\n\t\t\t<div class=\"elementor-widget-wrap elementor-element-populated\">\n\t\t\t\t\t\t<div class=\"elementor-element elementor-element-6fb9ee4 elementor-widget elementor-widget-text-editor\" data-id=\"6fb9ee4\" data-element_type=\"widget\" data-e-type=\"widget\" data-widget_type=\"text-editor.default\">\n\t\t\t\t<div class=\"elementor-widget-container\">\n\t\t\t\t\t\t\t\t\t<p>Le Cercle Photographique de Charleroi a souvent publi\u00e9 dans le \u00ab\u00a0<a href=\"https:\/\/fr.wikipedia.org\/wiki\/Journal_de_Charleroi\" target=\"_blank\" rel=\"noopener\">JOURNAL DE CHARLEROI<\/a>\u00a0\u00bb et dans la \u00ab\u00a0<a href=\"https:\/\/fr.wikipedia.org\/wiki\/La_Nouvelle_Gazette\" target=\"_blank\" rel=\"noopener\">GAZETTE DE CHARLEROI<\/a>\u00a0\u00bb jusqu&rsquo;en 1950. Ensuite on ne trouve que quelques annonce dans \u00ab\u00a0<a href=\"https:\/\/fr.wikipedia.org\/wiki\/Le_Soir\">LE SOIR<\/a>\u00a0\u00bb et \u00ab\u00a0<a href=\"https:\/\/fr.wikipedia.org\/wiki\/Soir_Mag\" target=\"_blank\" rel=\"noopener\">LE SOIR ILLUSTRE<\/a>\u00ab\u00a0.<\/p>\t\t\t\t\t\t\t\t<\/div>\n\t\t\t\t<\/div>\n\t\t\t\t\t<\/div>\n\t\t<\/div>\n\t\t\t\t\t<\/div>\n\t\t<\/section>\n\t\t\t\t<section class=\"elementor-section elementor-top-section elementor-element elementor-element-1fedb981 elementor-section-boxed elementor-section-height-default elementor-section-height-default\" data-id=\"1fedb981\" data-element_type=\"section\" data-e-type=\"section\">\n\t\t\t\t\t\t<div class=\"elementor-container elementor-column-gap-default\">\n\t\t\t\t\t<div class=\"elementor-column elementor-col-33 elementor-top-column elementor-element elementor-element-bb6717a\" data-id=\"bb6717a\" data-element_type=\"column\" data-e-type=\"column\">\n\t\t\t<div class=\"elementor-widget-wrap elementor-element-populated\">\n\t\t\t\t\t\t<div class=\"elementor-element elementor-element-4b678372 elementor-widget elementor-widget-image\" data-id=\"4b678372\" data-element_type=\"widget\" data-e-type=\"widget\" data-widget_type=\"image.default\">\n\t\t\t\t<div class=\"elementor-widget-container\">\n\t\t\t\t\t\t\t\t\t\t\t\t<figure class=\"wp-caption\">\n\t\t\t\t\t\t\t\t\t\t\t<a href=\"https:\/\/www.kbr.be\/fr\/\" target=\"_blank\" rel=\"nofollow\">\n\t\t\t\t\t\t\t<img decoding=\"async\" src=\"https:\/\/crpc-asbl.be\/copie-crpc-activites\/wp-content\/uploads\/elementor\/thumbs\/LOGO_KBR-rfr2qsdw1o8xs95q5wfl1s9d5q9fqf58z8pn6i07i8.webp\" title=\"LOGO_KBR.webp\" alt=\"LOGO_KBR.webp\" loading=\"lazy\" \/>\t\t\t\t\t\t\t\t<\/a>\n\t\t\t\t\t\t\t\t\t\t\t<figcaption class=\"widget-image-caption wp-caption-text\">Sources extraits de presse<br>Belgicapress<\/figcaption>\n\t\t\t\t\t\t\t\t\t\t<\/figure>\n\t\t\t\t\t\t\t\t\t<\/div>\n\t\t\t\t<\/div>\n\t\t\t\t\t<\/div>\n\t\t<\/div>\n\t\t\t\t<div class=\"elementor-column elementor-col-66 elementor-top-column elementor-element elementor-element-71663e75\" data-id=\"71663e75\" data-element_type=\"column\" data-e-type=\"column\">\n\t\t\t<div class=\"elementor-widget-wrap elementor-element-populated\">\n\t\t\t\t\t\t<section class=\"elementor-section elementor-inner-section elementor-element elementor-element-75af7136 elementor-section-boxed elementor-section-height-default elementor-section-height-default\" data-id=\"75af7136\" data-element_type=\"section\" data-e-type=\"section\">\n\t\t\t\t\t\t<div class=\"elementor-container elementor-column-gap-default\">\n\t\t\t\t\t<div class=\"elementor-column elementor-col-50 elementor-inner-column elementor-element elementor-element-7be3a8e1\" data-id=\"7be3a8e1\" data-element_type=\"column\" data-e-type=\"column\">\n\t\t\t<div class=\"elementor-widget-wrap elementor-element-populated\">\n\t\t\t\t\t\t<div class=\"elementor-element elementor-element-277d2661 elementor-widget elementor-widget-text-editor\" data-id=\"277d2661\" data-element_type=\"widget\" data-e-type=\"widget\" data-widget_type=\"text-editor.default\">\n\t\t\t\t<div class=\"elementor-widget-container\">\n\t\t\t\t\t\t\t\t\t<p>Quelques extraits<br \/>de presse<\/p><p>de 1951 \u00e0 &#8230;<\/p>\t\t\t\t\t\t\t\t<\/div>\n\t\t\t\t<\/div>\n\t\t\t\t\t<\/div>\n\t\t<\/div>\n\t\t\t\t<div class=\"elementor-column elementor-col-50 elementor-inner-column elementor-element elementor-element-746256a4\" data-id=\"746256a4\" data-element_type=\"column\" data-e-type=\"column\">\n\t\t\t<div class=\"elementor-widget-wrap elementor-element-populated\">\n\t\t\t\t\t\t<div class=\"elementor-element elementor-element-2638537 elementor-widget elementor-widget-image-gallery\" data-id=\"2638537\" data-element_type=\"widget\" data-e-type=\"widget\" data-widget_type=\"image-gallery.default\">\n\t\t\t\t<div class=\"elementor-widget-container\">\n\t\t\t\t\t\t\t<div class=\"elementor-image-gallery\">\n\t\t\t\n\t\t<style type=\"text\/css\">\n\t\t\t#gallery-2 {\n\t\t\t\tmargin: auto;\n\t\t\t}\n\t\t\t#gallery-2 .gallery-item {\n\t\t\t\tfloat: left;\n\t\t\t\tmargin-top: 10px;\n\t\t\t\ttext-align: center;\n\t\t\t\twidth: 20%;\n\t\t\t}\n\t\t\t#gallery-2 img {\n\t\t\t\tborder: 2px solid #cfcfcf;\n\t\t\t}\n\t\t\t#gallery-2 .gallery-caption {\n\t\t\t\tmargin-left: 0;\n\t\t\t}\n\t\t\t\/* see gallery_shortcode() in wp-includes\/media.php *\/\n\t\t<\/style>\n\t\t<div id='gallery-2' class='gallery galleryid-226 gallery-columns-5 gallery-size-thumbnail'><dl class='gallery-item'>\n\t\t\t<dt class='gallery-icon landscape'>\n\t\t\t\t<a data-elementor-open-lightbox=\"yes\" data-elementor-lightbox-slideshow=\"2638537\" data-elementor-lightbox-title=\"19510301-LE-SOIR-ILLUSTRE-INFOS\" data-e-action-hash=\"#elementor-action%3Aaction%3Dlightbox%26settings%3DeyJpZCI6MTMxNjgsInVybCI6Imh0dHBzOlwvXC9jcnBjLWFzYmwuYmVcL2NvcGllLWNycGMtYWN0aXZpdGVzXC93cC1jb250ZW50XC91cGxvYWRzXC8yMDI0XC8wM1wvMTk1MTAzMDEtTEUtU09JUi1JTExVU1RSRS1JTkZPUy5qcGciLCJzbGlkZXNob3ciOiIyNjM4NTM3In0%3D\" href='https:\/\/crpc-asbl.be\/copie-crpc-activites\/wp-content\/uploads\/2024\/03\/19510301-LE-SOIR-ILLUSTRE-INFOS.jpg'><img loading=\"lazy\" loading=\"lazy\" decoding=\"async\" width=\"150\" height=\"150\" src=\"https:\/\/crpc-asbl.be\/copie-crpc-activites\/wp-content\/uploads\/2024\/03\/19510301-LE-SOIR-ILLUSTRE-INFOS-150x150.jpg\" class=\"attachment-thumbnail size-thumbnail\" alt=\"\" srcset=\"https:\/\/crpc-asbl.be\/copie-crpc-activites\/wp-content\/uploads\/2024\/03\/19510301-LE-SOIR-ILLUSTRE-INFOS-150x150.jpg 150w, https:\/\/crpc-asbl.be\/copie-crpc-activites\/wp-content\/uploads\/2024\/03\/19510301-LE-SOIR-ILLUSTRE-INFOS-440x440.jpg 440w\" sizes=\"(max-width: 150px) 100vw, 150px\" \/><\/a>\n\t\t\t<\/dt><\/dl><dl class='gallery-item'>\n\t\t\t<dt class='gallery-icon landscape'>\n\t\t\t\t<a data-elementor-open-lightbox=\"yes\" data-elementor-lightbox-slideshow=\"2638537\" data-elementor-lightbox-title=\"19520413-LE-SOIR-SALON-INTERNATIONAL\" data-e-action-hash=\"#elementor-action%3Aaction%3Dlightbox%26settings%3DeyJpZCI6MTMxNjksInVybCI6Imh0dHBzOlwvXC9jcnBjLWFzYmwuYmVcL2NvcGllLWNycGMtYWN0aXZpdGVzXC93cC1jb250ZW50XC91cGxvYWRzXC8yMDI0XC8wM1wvMTk1MjA0MTMtTEUtU09JUi1TQUxPTi1JTlRFUk5BVElPTkFMLmpwZyIsInNsaWRlc2hvdyI6IjI2Mzg1MzcifQ%3D%3D\" href='https:\/\/crpc-asbl.be\/copie-crpc-activites\/wp-content\/uploads\/2024\/03\/19520413-LE-SOIR-SALON-INTERNATIONAL.jpg'><img loading=\"lazy\" loading=\"lazy\" decoding=\"async\" width=\"150\" height=\"150\" src=\"https:\/\/crpc-asbl.be\/copie-crpc-activites\/wp-content\/uploads\/2024\/03\/19520413-LE-SOIR-SALON-INTERNATIONAL-150x150.jpg\" class=\"attachment-thumbnail size-thumbnail\" alt=\"\" srcset=\"https:\/\/crpc-asbl.be\/copie-crpc-activites\/wp-content\/uploads\/2024\/03\/19520413-LE-SOIR-SALON-INTERNATIONAL-150x150.jpg 150w, https:\/\/crpc-asbl.be\/copie-crpc-activites\/wp-content\/uploads\/2024\/03\/19520413-LE-SOIR-SALON-INTERNATIONAL-440x440.jpg 440w\" sizes=\"(max-width: 150px) 100vw, 150px\" \/><\/a>\n\t\t\t<\/dt><\/dl><dl class='gallery-item'>\n\t\t\t<dt class='gallery-icon portrait'>\n\t\t\t\t<a data-elementor-open-lightbox=\"yes\" data-elementor-lightbox-slideshow=\"2638537\" data-elementor-lightbox-title=\"19530317-LE-SOIR-RAYMOND-PONS-ROTARY\" data-e-action-hash=\"#elementor-action%3Aaction%3Dlightbox%26settings%3DeyJpZCI6MTMxNzAsInVybCI6Imh0dHBzOlwvXC9jcnBjLWFzYmwuYmVcL2NvcGllLWNycGMtYWN0aXZpdGVzXC93cC1jb250ZW50XC91cGxvYWRzXC8yMDI0XC8wM1wvMTk1MzAzMTctTEUtU09JUi1SQVlNT05ELVBPTlMtUk9UQVJZLmpwZyIsInNsaWRlc2hvdyI6IjI2Mzg1MzcifQ%3D%3D\" href='https:\/\/crpc-asbl.be\/copie-crpc-activites\/wp-content\/uploads\/2024\/03\/19530317-LE-SOIR-RAYMOND-PONS-ROTARY.jpg'><img loading=\"lazy\" loading=\"lazy\" decoding=\"async\" width=\"150\" height=\"150\" src=\"https:\/\/crpc-asbl.be\/copie-crpc-activites\/wp-content\/uploads\/2024\/03\/19530317-LE-SOIR-RAYMOND-PONS-ROTARY-150x150.jpg\" class=\"attachment-thumbnail size-thumbnail\" alt=\"\" srcset=\"https:\/\/crpc-asbl.be\/copie-crpc-activites\/wp-content\/uploads\/2024\/03\/19530317-LE-SOIR-RAYMOND-PONS-ROTARY-150x150.jpg 150w, https:\/\/crpc-asbl.be\/copie-crpc-activites\/wp-content\/uploads\/2024\/03\/19530317-LE-SOIR-RAYMOND-PONS-ROTARY-440x440.jpg 440w\" sizes=\"(max-width: 150px) 100vw, 150px\" \/><\/a>\n\t\t\t<\/dt><\/dl><dl class='gallery-item'>\n\t\t\t<dt class='gallery-icon portrait'>\n\t\t\t\t<a data-elementor-open-lightbox=\"yes\" data-elementor-lightbox-slideshow=\"2638537\" data-elementor-lightbox-title=\"19550417-LE-SOIR-SALON-INTERNATIONAL\" data-e-action-hash=\"#elementor-action%3Aaction%3Dlightbox%26settings%3DeyJpZCI6MTMxNzEsInVybCI6Imh0dHBzOlwvXC9jcnBjLWFzYmwuYmVcL2NvcGllLWNycGMtYWN0aXZpdGVzXC93cC1jb250ZW50XC91cGxvYWRzXC8yMDI0XC8wM1wvMTk1NTA0MTctTEUtU09JUi1TQUxPTi1JTlRFUk5BVElPTkFMLmpwZyIsInNsaWRlc2hvdyI6IjI2Mzg1MzcifQ%3D%3D\" href='https:\/\/crpc-asbl.be\/copie-crpc-activites\/wp-content\/uploads\/2024\/03\/19550417-LE-SOIR-SALON-INTERNATIONAL.jpg'><img loading=\"lazy\" loading=\"lazy\" decoding=\"async\" width=\"150\" height=\"150\" src=\"https:\/\/crpc-asbl.be\/copie-crpc-activites\/wp-content\/uploads\/2024\/03\/19550417-LE-SOIR-SALON-INTERNATIONAL-150x150.jpg\" class=\"attachment-thumbnail size-thumbnail\" alt=\"\" srcset=\"https:\/\/crpc-asbl.be\/copie-crpc-activites\/wp-content\/uploads\/2024\/03\/19550417-LE-SOIR-SALON-INTERNATIONAL-150x150.jpg 150w, https:\/\/crpc-asbl.be\/copie-crpc-activites\/wp-content\/uploads\/2024\/03\/19550417-LE-SOIR-SALON-INTERNATIONAL-440x440.jpg 440w\" sizes=\"(max-width: 150px) 100vw, 150px\" \/><\/a>\n\t\t\t<\/dt><\/dl><dl class='gallery-item'>\n\t\t\t<dt class='gallery-icon landscape'>\n\t\t\t\t<a data-elementor-open-lightbox=\"yes\" data-elementor-lightbox-slideshow=\"2638537\" data-elementor-lightbox-title=\"19570428-LE-SOIR-SALON-INTERNATIONAL\" data-e-action-hash=\"#elementor-action%3Aaction%3Dlightbox%26settings%3DeyJpZCI6MTMxNzIsInVybCI6Imh0dHBzOlwvXC9jcnBjLWFzYmwuYmVcL2NvcGllLWNycGMtYWN0aXZpdGVzXC93cC1jb250ZW50XC91cGxvYWRzXC8yMDI0XC8wM1wvMTk1NzA0MjgtTEUtU09JUi1TQUxPTi1JTlRFUk5BVElPTkFMLmpwZyIsInNsaWRlc2hvdyI6IjI2Mzg1MzcifQ%3D%3D\" href='https:\/\/crpc-asbl.be\/copie-crpc-activites\/wp-content\/uploads\/2024\/03\/19570428-LE-SOIR-SALON-INTERNATIONAL.jpg'><img loading=\"lazy\" loading=\"lazy\" decoding=\"async\" width=\"150\" height=\"150\" src=\"https:\/\/crpc-asbl.be\/copie-crpc-activites\/wp-content\/uploads\/2024\/03\/19570428-LE-SOIR-SALON-INTERNATIONAL-150x150.jpg\" class=\"attachment-thumbnail size-thumbnail\" alt=\"\" srcset=\"https:\/\/crpc-asbl.be\/copie-crpc-activites\/wp-content\/uploads\/2024\/03\/19570428-LE-SOIR-SALON-INTERNATIONAL-150x150.jpg 150w, https:\/\/crpc-asbl.be\/copie-crpc-activites\/wp-content\/uploads\/2024\/03\/19570428-LE-SOIR-SALON-INTERNATIONAL-300x297.jpg 300w, https:\/\/crpc-asbl.be\/copie-crpc-activites\/wp-content\/uploads\/2024\/03\/19570428-LE-SOIR-SALON-INTERNATIONAL-440x440.jpg 440w\" sizes=\"(max-width: 150px) 100vw, 150px\" \/><\/a>\n\t\t\t<\/dt><\/dl><br style=\"clear: both\" \/><dl class='gallery-item'>\n\t\t\t<dt class='gallery-icon portrait'>\n\t\t\t\t<a data-elementor-open-lightbox=\"yes\" data-elementor-lightbox-slideshow=\"2638537\" data-elementor-lightbox-title=\"19580413-LE-SOIR-SALON-INTERNATIONAL-1\" data-e-action-hash=\"#elementor-action%3Aaction%3Dlightbox%26settings%3DeyJpZCI6MTMxNzMsInVybCI6Imh0dHBzOlwvXC9jcnBjLWFzYmwuYmVcL2NvcGllLWNycGMtYWN0aXZpdGVzXC93cC1jb250ZW50XC91cGxvYWRzXC8yMDI0XC8wM1wvMTk1ODA0MTMtTEUtU09JUi1TQUxPTi1JTlRFUk5BVElPTkFMLTEuanBnIiwic2xpZGVzaG93IjoiMjYzODUzNyJ9\" href='https:\/\/crpc-asbl.be\/copie-crpc-activites\/wp-content\/uploads\/2024\/03\/19580413-LE-SOIR-SALON-INTERNATIONAL-1.jpg'><img loading=\"lazy\" loading=\"lazy\" decoding=\"async\" width=\"150\" height=\"150\" src=\"https:\/\/crpc-asbl.be\/copie-crpc-activites\/wp-content\/uploads\/2024\/03\/19580413-LE-SOIR-SALON-INTERNATIONAL-1-150x150.jpg\" class=\"attachment-thumbnail size-thumbnail\" alt=\"\" srcset=\"https:\/\/crpc-asbl.be\/copie-crpc-activites\/wp-content\/uploads\/2024\/03\/19580413-LE-SOIR-SALON-INTERNATIONAL-1-150x150.jpg 150w, https:\/\/crpc-asbl.be\/copie-crpc-activites\/wp-content\/uploads\/2024\/03\/19580413-LE-SOIR-SALON-INTERNATIONAL-1-440x440.jpg 440w\" sizes=\"(max-width: 150px) 100vw, 150px\" \/><\/a>\n\t\t\t<\/dt><\/dl><dl class='gallery-item'>\n\t\t\t<dt class='gallery-icon landscape'>\n\t\t\t\t<a data-elementor-open-lightbox=\"yes\" data-elementor-lightbox-slideshow=\"2638537\" data-elementor-lightbox-title=\"19590412-LE-SOIR-SALON\" data-e-action-hash=\"#elementor-action%3Aaction%3Dlightbox%26settings%3DeyJpZCI6MTMxNzQsInVybCI6Imh0dHBzOlwvXC9jcnBjLWFzYmwuYmVcL2NvcGllLWNycGMtYWN0aXZpdGVzXC93cC1jb250ZW50XC91cGxvYWRzXC8yMDI0XC8wM1wvMTk1OTA0MTItTEUtU09JUi1TQUxPTi5qcGciLCJzbGlkZXNob3ciOiIyNjM4NTM3In0%3D\" href='https:\/\/crpc-asbl.be\/copie-crpc-activites\/wp-content\/uploads\/2024\/03\/19590412-LE-SOIR-SALON.jpg'><img loading=\"lazy\" loading=\"lazy\" decoding=\"async\" width=\"150\" height=\"150\" src=\"https:\/\/crpc-asbl.be\/copie-crpc-activites\/wp-content\/uploads\/2024\/03\/19590412-LE-SOIR-SALON-150x150.jpg\" class=\"attachment-thumbnail size-thumbnail\" alt=\"\" srcset=\"https:\/\/crpc-asbl.be\/copie-crpc-activites\/wp-content\/uploads\/2024\/03\/19590412-LE-SOIR-SALON-150x150.jpg 150w, https:\/\/crpc-asbl.be\/copie-crpc-activites\/wp-content\/uploads\/2024\/03\/19590412-LE-SOIR-SALON-440x440.jpg 440w\" sizes=\"(max-width: 150px) 100vw, 150px\" \/><\/a>\n\t\t\t<\/dt><\/dl><dl class='gallery-item'>\n\t\t\t<dt class='gallery-icon portrait'>\n\t\t\t\t<a data-elementor-open-lightbox=\"yes\" data-elementor-lightbox-slideshow=\"2638537\" data-elementor-lightbox-title=\"19590912-LE-SOIR-EXOSITION-3\" data-e-action-hash=\"#elementor-action%3Aaction%3Dlightbox%26settings%3DeyJpZCI6MTMxNzUsInVybCI6Imh0dHBzOlwvXC9jcnBjLWFzYmwuYmVcL2NvcGllLWNycGMtYWN0aXZpdGVzXC93cC1jb250ZW50XC91cGxvYWRzXC8yMDI0XC8wM1wvMTk1OTA5MTItTEUtU09JUi1FWE9TSVRJT04tMy5qcGciLCJzbGlkZXNob3ciOiIyNjM4NTM3In0%3D\" href='https:\/\/crpc-asbl.be\/copie-crpc-activites\/wp-content\/uploads\/2024\/03\/19590912-LE-SOIR-EXOSITION-3.jpg'><img loading=\"lazy\" loading=\"lazy\" decoding=\"async\" width=\"150\" height=\"150\" src=\"https:\/\/crpc-asbl.be\/copie-crpc-activites\/wp-content\/uploads\/2024\/03\/19590912-LE-SOIR-EXOSITION-3-150x150.jpg\" class=\"attachment-thumbnail size-thumbnail\" alt=\"\" srcset=\"https:\/\/crpc-asbl.be\/copie-crpc-activites\/wp-content\/uploads\/2024\/03\/19590912-LE-SOIR-EXOSITION-3-150x150.jpg 150w, https:\/\/crpc-asbl.be\/copie-crpc-activites\/wp-content\/uploads\/2024\/03\/19590912-LE-SOIR-EXOSITION-3-440x440.jpg 440w\" sizes=\"(max-width: 150px) 100vw, 150px\" \/><\/a>\n\t\t\t<\/dt><\/dl><dl class='gallery-item'>\n\t\t\t<dt class='gallery-icon portrait'>\n\t\t\t\t<a data-elementor-open-lightbox=\"yes\" data-elementor-lightbox-slideshow=\"2638537\" data-elementor-lightbox-title=\"19600423-LE-SOIR-SALON-INTERNATIONAL\" data-e-action-hash=\"#elementor-action%3Aaction%3Dlightbox%26settings%3DeyJpZCI6MTMxNzYsInVybCI6Imh0dHBzOlwvXC9jcnBjLWFzYmwuYmVcL2NvcGllLWNycGMtYWN0aXZpdGVzXC93cC1jb250ZW50XC91cGxvYWRzXC8yMDI0XC8wM1wvMTk2MDA0MjMtTEUtU09JUi1TQUxPTi1JTlRFUk5BVElPTkFMLmpwZyIsInNsaWRlc2hvdyI6IjI2Mzg1MzcifQ%3D%3D\" href='https:\/\/crpc-asbl.be\/copie-crpc-activites\/wp-content\/uploads\/2024\/03\/19600423-LE-SOIR-SALON-INTERNATIONAL.jpg'><img loading=\"lazy\" loading=\"lazy\" decoding=\"async\" width=\"150\" height=\"150\" src=\"https:\/\/crpc-asbl.be\/copie-crpc-activites\/wp-content\/uploads\/2024\/03\/19600423-LE-SOIR-SALON-INTERNATIONAL-150x150.jpg\" class=\"attachment-thumbnail size-thumbnail\" alt=\"\" srcset=\"https:\/\/crpc-asbl.be\/copie-crpc-activites\/wp-content\/uploads\/2024\/03\/19600423-LE-SOIR-SALON-INTERNATIONAL-150x150.jpg 150w, https:\/\/crpc-asbl.be\/copie-crpc-activites\/wp-content\/uploads\/2024\/03\/19600423-LE-SOIR-SALON-INTERNATIONAL-440x440.jpg 440w\" sizes=\"(max-width: 150px) 100vw, 150px\" \/><\/a>\n\t\t\t<\/dt><\/dl><dl class='gallery-item'>\n\t\t\t<dt class='gallery-icon portrait'>\n\t\t\t\t<a data-elementor-open-lightbox=\"yes\" data-elementor-lightbox-slideshow=\"2638537\" data-elementor-lightbox-title=\"19620419-LE-SOIR-VISAGE-DU-MONDE\" data-e-action-hash=\"#elementor-action%3Aaction%3Dlightbox%26settings%3DeyJpZCI6MTMxNzcsInVybCI6Imh0dHBzOlwvXC9jcnBjLWFzYmwuYmVcL2NvcGllLWNycGMtYWN0aXZpdGVzXC93cC1jb250ZW50XC91cGxvYWRzXC8yMDI0XC8wM1wvMTk2MjA0MTktTEUtU09JUi1WSVNBR0UtRFUtTU9OREUuanBnIiwic2xpZGVzaG93IjoiMjYzODUzNyJ9\" href='https:\/\/crpc-asbl.be\/copie-crpc-activites\/wp-content\/uploads\/2024\/03\/19620419-LE-SOIR-VISAGE-DU-MONDE.jpg'><img loading=\"lazy\" loading=\"lazy\" decoding=\"async\" width=\"150\" height=\"150\" src=\"https:\/\/crpc-asbl.be\/copie-crpc-activites\/wp-content\/uploads\/2024\/03\/19620419-LE-SOIR-VISAGE-DU-MONDE-150x150.jpg\" class=\"attachment-thumbnail size-thumbnail\" alt=\"\" srcset=\"https:\/\/crpc-asbl.be\/copie-crpc-activites\/wp-content\/uploads\/2024\/03\/19620419-LE-SOIR-VISAGE-DU-MONDE-150x150.jpg 150w, https:\/\/crpc-asbl.be\/copie-crpc-activites\/wp-content\/uploads\/2024\/03\/19620419-LE-SOIR-VISAGE-DU-MONDE-440x440.jpg 440w\" sizes=\"(max-width: 150px) 100vw, 150px\" \/><\/a>\n\t\t\t<\/dt><\/dl><br style=\"clear: both\" \/>\n\t\t<\/div>\n\t\t<\/div>\n\t\t\t\t\t\t<\/div>\n\t\t\t\t<\/div>\n\t\t\t\t\t<\/div>\n\t\t<\/div>\n\t\t\t\t\t<\/div>\n\t\t<\/section>\n\t\t\t\t\t<\/div>\n\t\t<\/div>\n\t\t\t\t\t<\/div>\n\t\t<\/section>\n\t\t\t\t<section class=\"elementor-section elementor-top-section elementor-element elementor-element-36abd067 elementor-section-boxed elementor-section-height-default elementor-section-height-default\" data-id=\"36abd067\" data-element_type=\"section\" data-e-type=\"section\">\n\t\t\t\t\t\t<div class=\"elementor-container elementor-column-gap-default\">\n\t\t\t\t\t<div class=\"elementor-column elementor-col-100 elementor-top-column elementor-element elementor-element-47ed6ab4\" data-id=\"47ed6ab4\" data-element_type=\"column\" data-e-type=\"column\">\n\t\t\t<div class=\"elementor-widget-wrap elementor-element-populated\">\n\t\t\t\t\t\t<div class=\"elementor-element elementor-element-62d60887 elementor-widget elementor-widget-text-editor\" data-id=\"62d60887\" data-element_type=\"widget\" data-e-type=\"widget\" data-widget_type=\"text-editor.default\">\n\t\t\t\t<div class=\"elementor-widget-container\">\n\t\t\t\t\t\t\t\t\t<p><a href=\"secretariat@crpc-asbl.be\">Si vous avez des informations, documents ou toutes autres archives qui concernent le Cercle,<br \/>merci de contacter notre secr\u00e9tariat par mail.<\/a><a href=\"secretariat@crpc-asbl.be\"><img loading=\"lazy\" loading=\"lazy\" decoding=\"async\" class=\"aligncenter wp-image-15416 size-full\" src=\"https:\/\/crpc-asbl.be\/activites\/wp-content\/uploads\/2024\/03\/mail_send.png\" alt=\"\" width=\"32\" height=\"32\" \/><\/a><\/p>\n<p><a href=\"https:\/\/crpc-asbl.be\/activites\/vers-le-bicentenaire\/nos-activites\/elementor-15579\/\" target=\"_blank\" rel=\"noopener\">Ou via notre formulaire &#8230;<\/a><\/p>\t\t\t\t\t\t\t\t<\/div>\n\t\t\t\t<\/div>\n\t\t\t\t\t<\/div>\n\t\t<\/div>\n\t\t\t\t\t<\/div>\n\t\t<\/section>\n\t\t\t\t<section class=\"elementor-section elementor-top-section elementor-element elementor-element-29741082 elementor-section-boxed elementor-section-height-default elementor-section-height-default\" data-id=\"29741082\" data-element_type=\"section\" data-e-type=\"section\">\n\t\t\t\t\t\t<div class=\"elementor-container elementor-column-gap-default\">\n\t\t\t\t\t<div class=\"elementor-column elementor-col-33 elementor-top-column elementor-element elementor-element-45c4e164\" data-id=\"45c4e164\" data-element_type=\"column\" data-e-type=\"column\">\n\t\t\t<div class=\"elementor-widget-wrap elementor-element-populated\">\n\t\t\t\t\t\t<div class=\"elementor-element elementor-element-4fb8ea73 elementor-widget elementor-widget-text-editor\" data-id=\"4fb8ea73\" data-element_type=\"widget\" data-e-type=\"widget\" data-widget_type=\"text-editor.default\">\n\t\t\t\t<div class=\"elementor-widget-container\">\n\t\t\t\t\t\t\t\t\t<p><b>1964<\/b><\/p>\t\t\t\t\t\t\t\t<\/div>\n\t\t\t\t<\/div>\n\t\t\t\t\t<\/div>\n\t\t<\/div>\n\t\t\t\t<div class=\"elementor-column elementor-col-66 elementor-top-column elementor-element elementor-element-d8f51ea\" data-id=\"d8f51ea\" data-element_type=\"column\" data-e-type=\"column\">\n\t\t\t<div class=\"elementor-widget-wrap elementor-element-populated\">\n\t\t\t\t\t\t<div class=\"elementor-element elementor-element-9505c57 elementor-widget elementor-widget-text-editor\" data-id=\"9505c57\" data-element_type=\"widget\" data-e-type=\"widget\" data-widget_type=\"text-editor.default\">\n\t\t\t\t<div class=\"elementor-widget-container\">\n\t\t\t\t\t\t\t\t\t<p>Le prix L\u00e9onard Misonne ne sera pas d\u00e9cern\u00e9.<\/p>\t\t\t\t\t\t\t\t<\/div>\n\t\t\t\t<\/div>\n\t\t\t\t\t<\/div>\n\t\t<\/div>\n\t\t\t\t\t<\/div>\n\t\t<\/section>\n\t\t\t\t<section class=\"elementor-section elementor-top-section elementor-element elementor-element-1a6b9441 elementor-section-boxed elementor-section-height-default elementor-section-height-default\" data-id=\"1a6b9441\" data-element_type=\"section\" data-e-type=\"section\">\n\t\t\t\t\t\t<div class=\"elementor-container elementor-column-gap-default\">\n\t\t\t\t\t<div class=\"elementor-column elementor-col-33 elementor-top-column elementor-element elementor-element-83d9294\" data-id=\"83d9294\" data-element_type=\"column\" data-e-type=\"column\">\n\t\t\t<div class=\"elementor-widget-wrap elementor-element-populated\">\n\t\t\t\t\t\t<div class=\"elementor-element elementor-element-279f8b5c elementor-widget elementor-widget-text-editor\" data-id=\"279f8b5c\" data-element_type=\"widget\" data-e-type=\"widget\" data-widget_type=\"text-editor.default\">\n\t\t\t\t<div class=\"elementor-widget-container\">\n\t\t\t\t\t\t\t\t\t<p><b>1966<\/b><\/p>\t\t\t\t\t\t\t\t<\/div>\n\t\t\t\t<\/div>\n\t\t\t\t\t<\/div>\n\t\t<\/div>\n\t\t\t\t<div class=\"elementor-column elementor-col-66 elementor-top-column elementor-element elementor-element-621dabc0\" data-id=\"621dabc0\" data-element_type=\"column\" data-e-type=\"column\">\n\t\t\t<div class=\"elementor-widget-wrap elementor-element-populated\">\n\t\t\t\t\t\t<div class=\"elementor-element elementor-element-4f5347d2 elementor-widget elementor-widget-text-editor\" data-id=\"4f5347d2\" data-element_type=\"widget\" data-e-type=\"widget\" data-widget_type=\"text-editor.default\">\n\t\t\t\t<div class=\"elementor-widget-container\">\n\t\t\t\t\t\t\t\t\t<p>Sous la pr\u00e9sidence de Robert Lef\u00e8vre, le CRPC organise le <b>XXIV\u00e8me Salon International Albert Ier au Palais des Beaux-Arts de Charleroi<\/b>. Le Jury choisit 345 photos parmi pr\u00e8s de 3000 \u00e9preuves re\u00e7ues appartenant \u00e0 850 artistes venant de 39 nations !<br \/>A cette \u00e9poque, le Cercle Photographique de Charleroi organise des concours internes et permet \u00e0 ses membres de participer aux Salons nationaux et internationaux.<br \/>Les r\u00e9unions se tiennent le mercredi \u00e0 l\u2019H\u00f4tel des Alli\u00e9s, la Place \u00c9mile Buisset \u00e0 Charleroi.<\/p>\t\t\t\t\t\t\t\t<\/div>\n\t\t\t\t<\/div>\n\t\t\t\t\t<\/div>\n\t\t<\/div>\n\t\t\t\t\t<\/div>\n\t\t<\/section>\n\t\t\t\t<section class=\"elementor-section elementor-top-section elementor-element elementor-element-fd7ae79 elementor-section-boxed elementor-section-height-default elementor-section-height-default\" data-id=\"fd7ae79\" data-element_type=\"section\" data-e-type=\"section\">\n\t\t\t\t\t\t<div class=\"elementor-container elementor-column-gap-default\">\n\t\t\t\t\t<div class=\"elementor-column elementor-col-33 elementor-top-column elementor-element elementor-element-3676bdd3\" data-id=\"3676bdd3\" data-element_type=\"column\" data-e-type=\"column\">\n\t\t\t<div class=\"elementor-widget-wrap elementor-element-populated\">\n\t\t\t\t\t\t<div class=\"elementor-element elementor-element-7f6d9908 elementor-widget elementor-widget-text-editor\" data-id=\"7f6d9908\" data-element_type=\"widget\" data-e-type=\"widget\" data-widget_type=\"text-editor.default\">\n\t\t\t\t<div class=\"elementor-widget-container\">\n\t\t\t\t\t\t\t\t\t<p><b>1968<\/b><\/p>\t\t\t\t\t\t\t\t<\/div>\n\t\t\t\t<\/div>\n\t\t\t\t\t<\/div>\n\t\t<\/div>\n\t\t\t\t<div class=\"elementor-column elementor-col-66 elementor-top-column elementor-element elementor-element-60f7da59\" data-id=\"60f7da59\" data-element_type=\"column\" data-e-type=\"column\">\n\t\t\t<div class=\"elementor-widget-wrap elementor-element-populated\">\n\t\t\t\t\t\t<div class=\"elementor-element elementor-element-f6cb03 elementor-widget elementor-widget-text-editor\" data-id=\"f6cb03\" data-element_type=\"widget\" data-e-type=\"widget\" data-widget_type=\"text-editor.default\">\n\t\t\t\t<div class=\"elementor-widget-container\">\n\t\t\t\t\t\t\t\t\t<p>Le Cercle Photographique de Charleroi\u00a0\u00a0attribue son <b>10<\/b><b>\u00e8me <\/b><b>Prix L\u00e9onard Misonne <\/b>\u00e0 un photographe suisse. D\u00e9cern\u00e9 tous les 2 ans, ce prix rend hommage \u00e0 ce photographe de renomm\u00e9e internationale r\u00e9guli\u00e8rement pr\u00e9sent dans de nombreuses expositions du monde entier.<br \/>Son style personnel permettait de reconna\u00eetre ais\u00e9ment ses \u0153uvres gr\u00e2ce au climat baign\u00e9 de po\u00e9sie si caract\u00e9ristique de sa vision personnelle \u00e0 travers l\u2019objectif .<br \/>Le Salon International Albert Ier 1968 retient 339 sur 3758 \u0153uvres re\u00e7ues.<\/p>\t\t\t\t\t\t\t\t<\/div>\n\t\t\t\t<\/div>\n\t\t\t\t\t<\/div>\n\t\t<\/div>\n\t\t\t\t\t<\/div>\n\t\t<\/section>\n\t\t\t\t<section class=\"elementor-section elementor-top-section elementor-element elementor-element-7585b152 elementor-section-boxed elementor-section-height-default elementor-section-height-default\" data-id=\"7585b152\" data-element_type=\"section\" data-e-type=\"section\">\n\t\t\t\t\t\t<div class=\"elementor-container elementor-column-gap-default\">\n\t\t\t\t\t<div class=\"elementor-column elementor-col-33 elementor-top-column elementor-element elementor-element-705e9c75\" data-id=\"705e9c75\" data-element_type=\"column\" data-e-type=\"column\">\n\t\t\t<div class=\"elementor-widget-wrap elementor-element-populated\">\n\t\t\t\t\t\t<div class=\"elementor-element elementor-element-754a26af elementor-widget elementor-widget-text-editor\" data-id=\"754a26af\" data-element_type=\"widget\" data-e-type=\"widget\" data-widget_type=\"text-editor.default\">\n\t\t\t\t<div class=\"elementor-widget-container\">\n\t\t\t\t\t\t\t\t\t<p><b>Janvier 1971<\/b><\/p>\t\t\t\t\t\t\t\t<\/div>\n\t\t\t\t<\/div>\n\t\t\t\t\t<\/div>\n\t\t<\/div>\n\t\t\t\t<div class=\"elementor-column elementor-col-66 elementor-top-column elementor-element elementor-element-222f5510\" data-id=\"222f5510\" data-element_type=\"column\" data-e-type=\"column\">\n\t\t\t<div class=\"elementor-widget-wrap elementor-element-populated\">\n\t\t\t\t\t\t<div class=\"elementor-element elementor-element-526489af elementor-widget elementor-widget-text-editor\" data-id=\"526489af\" data-element_type=\"widget\" data-e-type=\"widget\" data-widget_type=\"text-editor.default\">\n\t\t\t\t<div class=\"elementor-widget-container\">\n\t\t\t\t\t\t\t\t\t<p>Sous la Pr\u00e9sidence d\u2019Andr\u00e9 Etenaille, le Cercle Photographique de Charleroi\u00a0\u00a0organise son <b>XXVII\u00e8me Salon International Albert Ier <\/b>au Palais des Beaux-Arts de Charleroi (r\u00e9ception de 2490 \u0153uvres dont 270 sont admises).<br \/>A cette occasion, le cercle accueille comme <b>Invit\u00e9 d\u2019Honneur Lucien Clergue<\/b>, c\u00e9l\u00e8bre photographe camarguais qui pr\u00e9sente des s\u00e9ries de photographies\u00a0 \u00ab Corrida de toros \u00bb et \u00ab Nus de la mer \u00bb.<br \/>Le 11\u00e8me Prix L\u00e9onard Misonne est remis ; 1971 co\u00efncide avec le 100\u00e8me anniversaire de celui qui fut un grand pr\u00e9sident du Cercle (le pr\u00e9sident Etenaille n\u2019h\u00e9site pas \u00e0 le nommer \u00ab le Corot de la photographie \u00bb !<\/p>\t\t\t\t\t\t\t\t<\/div>\n\t\t\t\t<\/div>\n\t\t\t\t\t<\/div>\n\t\t<\/div>\n\t\t\t\t\t<\/div>\n\t\t<\/section>\n\t\t\t\t<section class=\"elementor-section elementor-top-section elementor-element elementor-element-4f35874 elementor-section-boxed elementor-section-height-default elementor-section-height-default\" data-id=\"4f35874\" data-element_type=\"section\" data-e-type=\"section\">\n\t\t\t\t\t\t<div class=\"elementor-container elementor-column-gap-default\">\n\t\t\t\t\t<div class=\"elementor-column elementor-col-33 elementor-top-column elementor-element elementor-element-70c7af05\" data-id=\"70c7af05\" data-element_type=\"column\" data-e-type=\"column\">\n\t\t\t<div class=\"elementor-widget-wrap elementor-element-populated\">\n\t\t\t\t\t\t<div class=\"elementor-element elementor-element-756223fd elementor-widget elementor-widget-text-editor\" data-id=\"756223fd\" data-element_type=\"widget\" data-e-type=\"widget\" data-widget_type=\"text-editor.default\">\n\t\t\t\t<div class=\"elementor-widget-container\">\n\t\t\t\t\t\t\t\t\t<p><b>Du 8 au 23 d\u00e9cembre 1973<\/b><\/p>\t\t\t\t\t\t\t\t<\/div>\n\t\t\t\t<\/div>\n\t\t\t\t\t<\/div>\n\t\t<\/div>\n\t\t\t\t<div class=\"elementor-column elementor-col-66 elementor-top-column elementor-element elementor-element-14a0e5c9\" data-id=\"14a0e5c9\" data-element_type=\"column\" data-e-type=\"column\">\n\t\t\t<div class=\"elementor-widget-wrap elementor-element-populated\">\n\t\t\t\t\t\t<div class=\"elementor-element elementor-element-96c801b elementor-widget elementor-widget-text-editor\" data-id=\"96c801b\" data-element_type=\"widget\" data-e-type=\"widget\" data-widget_type=\"text-editor.default\">\n\t\t\t\t<div class=\"elementor-widget-container\">\n\t\t\t\t\t\t\t\t\t<p>Sous la Pr\u00e9sidence d\u2019Andr\u00e9 Etenaille et pour son demi-si\u00e8cle d\u2019existence, le Cercle Photographique de Charleroi\u00a0\u00a0organise son <b>XXVIII\u00e8me Salon International Albert Ier<\/b>.<\/p><p>Les 2394 \u00e9preuves photographiques re\u00e7ues pour 634 auteurs viennent d\u2019une quarantaine de pays du monde : de l\u2019Afrique du Sud \u00e0 la Norv\u00e8ge et de la Cor\u00e9e aux USA !<\/p><p>Imaginons un instant le travail du jury de l\u2019\u00e9poque contraint de faire un choix dans un tel nombre de clich\u00e9s (310 clich\u00e9s seront admis). Quel palmar\u00e8s impressionnant : pr\u00e8s de 20 prix et m\u00e9dailles furent d\u00e9cern\u00e9s dans les cat\u00e9gories Paysage, Noir et Blanc et Couleur.<\/p><p>Citons au passage que le 12\u00e8me Prix L\u00e9onard Misonne 1973 fut attribu\u00e9 \u00e0 un artiste vietnamien A. Quynh pour sa photo de paysage \u00ab Crossing \u00bb. L\u2019invit\u00e9 d\u2019honneur 1973 fut le Photo-Club CATALAN.<\/p><p><b>Cette manifestation \u00e9tait consid\u00e9r\u00e9e comme une des plus importantes de Belgique et m\u00eame d\u2019Europe<\/b>.<\/p>\t\t\t\t\t\t\t\t<\/div>\n\t\t\t\t<\/div>\n\t\t\t\t\t<\/div>\n\t\t<\/div>\n\t\t\t\t\t<\/div>\n\t\t<\/section>\n\t\t\t\t<section class=\"elementor-section elementor-top-section elementor-element elementor-element-6d0cfa4e elementor-section-boxed elementor-section-height-default elementor-section-height-default\" data-id=\"6d0cfa4e\" data-element_type=\"section\" data-e-type=\"section\">\n\t\t\t\t\t\t<div class=\"elementor-container elementor-column-gap-default\">\n\t\t\t\t\t<div class=\"elementor-column elementor-col-100 elementor-top-column elementor-element elementor-element-1c8c6b33\" data-id=\"1c8c6b33\" data-element_type=\"column\" data-e-type=\"column\">\n\t\t\t<div class=\"elementor-widget-wrap elementor-element-populated\">\n\t\t\t\t\t\t<div class=\"elementor-element elementor-element-5847c320 elementor-widget elementor-widget-heading\" data-id=\"5847c320\" data-element_type=\"widget\" data-e-type=\"widget\" data-widget_type=\"heading.default\">\n\t\t\t\t<div class=\"elementor-widget-container\">\n\t\t\t\t\t<h2 class=\"elementor-heading-title elementor-size-default\">... un Cercle Photographique qui fut bien GRAND ! <br><\/h2>\t\t\t\t<\/div>\n\t\t\t\t<\/div>\n\t\t\t\t\t<\/div>\n\t\t<\/div>\n\t\t\t\t\t<\/div>\n\t\t<\/section>\n\t\t\t\t<section class=\"elementor-section elementor-top-section elementor-element elementor-element-172e3ace elementor-section-boxed elementor-section-height-default elementor-section-height-default\" data-id=\"172e3ace\" data-element_type=\"section\" data-e-type=\"section\">\n\t\t\t\t\t\t<div class=\"elementor-container elementor-column-gap-default\">\n\t\t\t\t\t<div class=\"elementor-column elementor-col-33 elementor-top-column elementor-element elementor-element-52ece432\" data-id=\"52ece432\" data-element_type=\"column\" data-e-type=\"column\">\n\t\t\t<div class=\"elementor-widget-wrap elementor-element-populated\">\n\t\t\t\t\t\t<div class=\"elementor-element elementor-element-3409406e elementor-widget elementor-widget-text-editor\" data-id=\"3409406e\" data-element_type=\"widget\" data-e-type=\"widget\" data-widget_type=\"text-editor.default\">\n\t\t\t\t<div class=\"elementor-widget-container\">\n\t\t\t\t\t\t\t\t\t<p><b>1973 &#8211; 1974<\/b><\/p><p><b>50 ans<\/b><\/p>\t\t\t\t\t\t\t\t<\/div>\n\t\t\t\t<\/div>\n\t\t\t\t\t<\/div>\n\t\t<\/div>\n\t\t\t\t<div class=\"elementor-column elementor-col-66 elementor-top-column elementor-element elementor-element-34a42a2a\" data-id=\"34a42a2a\" data-element_type=\"column\" data-e-type=\"column\">\n\t\t\t<div class=\"elementor-widget-wrap elementor-element-populated\">\n\t\t\t\t\t\t<div class=\"elementor-element elementor-element-5e2dd102 elementor-widget elementor-widget-text-editor\" data-id=\"5e2dd102\" data-element_type=\"widget\" data-e-type=\"widget\" data-widget_type=\"text-editor.default\">\n\t\t\t\t<div class=\"elementor-widget-container\">\n\t\t\t\t\t\t\t\t\t<p>Apr\u00e8s 50 ann\u00e9es d&rsquo;existence le Cercle Photographique de Charleroi asbl (CPC asbl) devient<\/p><p>le <b><u>Cercle Royal Photographique de Charleroi asbl<\/u><\/b> (CRPC asbl).<\/p>\t\t\t\t\t\t\t\t<\/div>\n\t\t\t\t<\/div>\n\t\t\t\t\t<\/div>\n\t\t<\/div>\n\t\t\t\t\t<\/div>\n\t\t<\/section>\n\t\t\t\t<section class=\"elementor-section elementor-top-section elementor-element elementor-element-70f2a19c elementor-section-boxed elementor-section-height-default elementor-section-height-default\" data-id=\"70f2a19c\" data-element_type=\"section\" data-e-type=\"section\">\n\t\t\t\t\t\t<div class=\"elementor-container elementor-column-gap-default\">\n\t\t\t\t\t<div class=\"elementor-column elementor-col-50 elementor-top-column elementor-element elementor-element-35d9079b\" data-id=\"35d9079b\" data-element_type=\"column\" data-e-type=\"column\">\n\t\t\t<div class=\"elementor-widget-wrap elementor-element-populated\">\n\t\t\t\t\t\t<div class=\"elementor-element elementor-element-3403e555 elementor-align-center elementor-widget elementor-widget-button\" data-id=\"3403e555\" data-element_type=\"widget\" data-e-type=\"widget\" data-widget_type=\"button.default\">\n\t\t\t\t<div class=\"elementor-widget-container\">\n\t\t\t\t\t\t\t\t\t<div class=\"elementor-button-wrapper\">\n\t\t\t\t\t<a class=\"elementor-button elementor-button-link elementor-size-lg\" href=\"https:\/\/crpc-asbl.be\/activites\/histoire-du-cercle-de-1923-a-1945\/\">\n\t\t\t\t\t\t<span class=\"elementor-button-content-wrapper\">\n\t\t\t\t\t\t<span class=\"elementor-button-icon\">\n\t\t\t\t<svg aria-hidden=\"true\" class=\"e-font-icon-svg e-fas-angle-double-left\" viewBox=\"0 0 448 512\" xmlns=\"http:\/\/www.w3.org\/2000\/svg\"><path d=\"M223.7 239l136-136c9.4-9.4 24.6-9.4 33.9 0l22.6 22.6c9.4 9.4 9.4 24.6 0 33.9L319.9 256l96.4 96.4c9.4 9.4 9.4 24.6 0 33.9L393.7 409c-9.4 9.4-24.6 9.4-33.9 0l-136-136c-9.5-9.4-9.5-24.6-.1-34zm-192 34l136 136c9.4 9.4 24.6 9.4 33.9 0l22.6-22.6c9.4-9.4 9.4-24.6 0-33.9L127.9 256l96.4-96.4c9.4-9.4 9.4-24.6 0-33.9L201.7 103c-9.4-9.4-24.6-9.4-33.9 0l-136 136c-9.5 9.4-9.5 24.6-.1 34z\"><\/path><\/svg>\t\t\t<\/span>\n\t\t\t\t\t\t\t\t\t<span class=\"elementor-button-text\">PERIODE PRECEDENTE<\/span>\n\t\t\t\t\t<\/span>\n\t\t\t\t\t<\/a>\n\t\t\t\t<\/div>\n\t\t\t\t\t\t\t\t<\/div>\n\t\t\t\t<\/div>\n\t\t\t\t\t<\/div>\n\t\t<\/div>\n\t\t\t\t<div class=\"elementor-column elementor-col-50 elementor-top-column elementor-element elementor-element-5deb05a2\" data-id=\"5deb05a2\" data-element_type=\"column\" data-e-type=\"column\">\n\t\t\t<div class=\"elementor-widget-wrap elementor-element-populated\">\n\t\t\t\t\t\t<div class=\"elementor-element elementor-element-3851dcb7 elementor-align-center elementor-widget elementor-widget-button\" data-id=\"3851dcb7\" data-element_type=\"widget\" data-e-type=\"widget\" data-widget_type=\"button.default\">\n\t\t\t\t<div class=\"elementor-widget-container\">\n\t\t\t\t\t\t\t\t\t<div class=\"elementor-button-wrapper\">\n\t\t\t\t\t<a class=\"elementor-button elementor-button-link elementor-size-lg\" href=\"https:\/\/crpc-asbl.be\/activites\/histoire-du-cercle-de-1923-a-1945\/histoire-du-cercle-de-1974-a-2013\/\">\n\t\t\t\t\t\t<span class=\"elementor-button-content-wrapper\">\n\t\t\t\t\t\t<span class=\"elementor-button-icon\">\n\t\t\t\t<svg aria-hidden=\"true\" class=\"e-font-icon-svg e-fas-angle-double-right\" viewBox=\"0 0 448 512\" xmlns=\"http:\/\/www.w3.org\/2000\/svg\"><path d=\"M224.3 273l-136 136c-9.4 9.4-24.6 9.4-33.9 0l-22.6-22.6c-9.4-9.4-9.4-24.6 0-33.9l96.4-96.4-96.4-96.4c-9.4-9.4-9.4-24.6 0-33.9L54.3 103c9.4-9.4 24.6-9.4 33.9 0l136 136c9.5 9.4 9.5 24.6.1 34zm192-34l-136-136c-9.4-9.4-24.6-9.4-33.9 0l-22.6 22.6c-9.4 9.4-9.4 24.6 0 33.9l96.4 96.4-96.4 96.4c-9.4 9.4-9.4 24.6 0 33.9l22.6 22.6c9.4 9.4 24.6 9.4 33.9 0l136-136c9.4-9.2 9.4-24.4 0-33.8z\"><\/path><\/svg>\t\t\t<\/span>\n\t\t\t\t\t\t\t\t\t<span class=\"elementor-button-text\">PERIODE SUIVANTE<\/span>\n\t\t\t\t\t<\/span>\n\t\t\t\t\t<\/a>\n\t\t\t\t<\/div>\n\t\t\t\t\t\t\t\t<\/div>\n\t\t\t\t<\/div>\n\t\t\t\t\t<\/div>\n\t\t<\/div>\n\t\t\t\t\t<\/div>\n\t\t<\/section>\n\t\t\t\t<section class=\"elementor-section elementor-top-section elementor-element elementor-element-553948d5 elementor-section-boxed elementor-section-height-default elementor-section-height-default\" data-id=\"553948d5\" data-element_type=\"section\" data-e-type=\"section\">\n\t\t\t\t\t\t<div class=\"elementor-container elementor-column-gap-extended\">\n\t\t\t\t\t<div class=\"elementor-column elementor-col-50 elementor-top-column elementor-element elementor-element-486a92a3\" data-id=\"486a92a3\" data-element_type=\"column\" data-e-type=\"column\">\n\t\t\t<div class=\"elementor-widget-wrap elementor-element-populated\">\n\t\t\t\t\t\t<div class=\"elementor-element elementor-element-4469781d elementor-widget elementor-widget-text-editor\" data-id=\"4469781d\" data-element_type=\"widget\" data-e-type=\"widget\" data-widget_type=\"text-editor.default\">\n\t\t\t\t<div class=\"elementor-widget-container\">\n\t\t\t\t\t\t\t\t\t<p>REDACTION<\/p>\t\t\t\t\t\t\t\t<\/div>\n\t\t\t\t<\/div>\n\t\t\t\t\t<\/div>\n\t\t<\/div>\n\t\t\t\t<div class=\"elementor-column elementor-col-50 elementor-top-column elementor-element elementor-element-11e1f063\" data-id=\"11e1f063\" data-element_type=\"column\" data-e-type=\"column\">\n\t\t\t<div class=\"elementor-widget-wrap elementor-element-populated\">\n\t\t\t\t\t\t<div class=\"elementor-element elementor-element-4f26f885 elementor-widget elementor-widget-text-editor\" data-id=\"4f26f885\" data-element_type=\"widget\" data-e-type=\"widget\" data-widget_type=\"text-editor.default\">\n\t\t\t\t<div class=\"elementor-widget-container\">\n\t\t\t\t\t\t\t\t\t<p><span style=\"font-family: var( --e-global-typography-text-font-family ), Sans-serif;\">Jean-Pierre COQLET<\/span><\/p><p>Olivier RAUCROIX<\/p>\t\t\t\t\t\t\t\t<\/div>\n\t\t\t\t<\/div>\n\t\t\t\t\t<\/div>\n\t\t<\/div>\n\t\t\t\t\t<\/div>\n\t\t<\/section>\n\t\t\t\t<\/div>\n\t\t","protected":false},"excerpt":{"rendered":"<p>Reprise apr\u00e8s la guerre &#8230; 01 f\u00e9vrier 1946 Les Dames sont admises au Cercle Photographique de Charleroi. 31 janvier 1948 Le Cercle Photographique f\u00eate son 25\u00e8me anniversaire et annonce son 6\u00e8me Salon International Albert 1er. 20 mars 1948 Lors de la reprise des Salons Albert Ier et en hommage \u00e0 son illustre membre,\u00a0le Cercle fonde [&hellip;]<\/p>\n","protected":false},"author":1,"featured_media":0,"parent":198,"menu_order":0,"comment_status":"closed","ping_status":"open","template":"elementor_header_footer","meta":{"_et_pb_use_builder":"","_et_pb_old_content":"","_et_gb_content_width":"","_eb_attr":"","footnotes":""},"class_list":["post-226","page","type-page","status-publish","hentry"],"_links":{"self":[{"href":"https:\/\/crpc-asbl.be\/copie-crpc-activites\/wp-json\/wp\/v2\/pages\/226","targetHints":{"allow":["GET"]}}],"collection":[{"href":"https:\/\/crpc-asbl.be\/copie-crpc-activites\/wp-json\/wp\/v2\/pages"}],"about":[{"href":"https:\/\/crpc-asbl.be\/copie-crpc-activites\/wp-json\/wp\/v2\/types\/page"}],"author":[{"embeddable":true,"href":"https:\/\/crpc-asbl.be\/copie-crpc-activites\/wp-json\/wp\/v2\/users\/1"}],"replies":[{"embeddable":true,"href":"https:\/\/crpc-asbl.be\/copie-crpc-activites\/wp-json\/wp\/v2\/comments?post=226"}],"version-history":[{"count":1,"href":"https:\/\/crpc-asbl.be\/copie-crpc-activites\/wp-json\/wp\/v2\/pages\/226\/revisions"}],"predecessor-version":[{"id":19131,"href":"https:\/\/crpc-asbl.be\/copie-crpc-activites\/wp-json\/wp\/v2\/pages\/226\/revisions\/19131"}],"up":[{"embeddable":true,"href":"https:\/\/crpc-asbl.be\/copie-crpc-activites\/wp-json\/wp\/v2\/pages\/198"}],"wp:attachment":[{"href":"https:\/\/crpc-asbl.be\/copie-crpc-activites\/wp-json\/wp\/v2\/media?parent=226"}],"curies":[{"name":"wp","href":"https:\/\/api.w.org\/{rel}","templated":true}]}}