{"id":22115,"date":"2025-12-06T11:11:54","date_gmt":"2025-12-06T10:11:54","guid":{"rendered":"https:\/\/crpc-asbl.be\/activites\/?page_id=22115"},"modified":"2026-02-04T10:32:38","modified_gmt":"2026-02-04T09:32:38","slug":"informations-crpc-asbl","status":"publish","type":"page","link":"https:\/\/crpc-asbl.be\/activites\/","title":{"rendered":"Informations CRPC asbl"},"content":{"rendered":"\t\t<div data-elementor-type=\"wp-page\" data-elementor-id=\"22115\" class=\"elementor elementor-22115\">\n\t\t\t\t<div class=\"elementor-element elementor-element-97b042f e-flex e-con-boxed e-con e-parent\" data-id=\"97b042f\" data-element_type=\"container\" data-e-type=\"container\">\n\t\t\t\t\t<div class=\"e-con-inner\">\n\t\t\t\t<div class=\"elementor-element elementor-element-b1e3dab elementor-widget elementor-widget-heading\" data-id=\"b1e3dab\" data-element_type=\"widget\" data-e-type=\"widget\" data-widget_type=\"heading.default\">\n\t\t\t\t<div class=\"elementor-widget-container\">\n\t\t\t\t\t<h2 class=\"elementor-heading-title elementor-size-default\">Cercle Royal Photographique de Charleroi asbl<br>en abr\u00e9g\u00e9 \"CRPC asbl\"<br>Informations g\u00e9n\u00e9rales<\/h2>\t\t\t\t<\/div>\n\t\t\t\t<\/div>\n\t\t\t\t\t<\/div>\n\t\t\t\t<\/div>\n\t\t<div class=\"elementor-element elementor-element-7e3fe25 e-flex e-con-boxed e-con e-parent\" data-id=\"7e3fe25\" data-element_type=\"container\" data-e-type=\"container\">\n\t\t\t\t\t<div class=\"e-con-inner\">\n\t\t<div class=\"elementor-element elementor-element-14bca04 e-con-full e-flex e-con e-child\" data-id=\"14bca04\" data-element_type=\"container\" data-e-type=\"container\">\n\t\t\t\t<div class=\"elementor-element elementor-element-3625b06 elementor-widget elementor-widget-heading\" data-id=\"3625b06\" data-element_type=\"widget\" data-e-type=\"widget\" data-widget_type=\"heading.default\">\n\t\t\t\t<div class=\"elementor-widget-container\">\n\t\t\t\t\t<h2 class=\"elementor-heading-title elementor-size-default\"><a href=\"https:\/\/crpc-asbl.be\/agora\/viewtopic.php?t=2\" target=\"_blank\">Le CRPC asbl \u2013 Extrait de nos statuts<\/a><\/h2>\t\t\t\t<\/div>\n\t\t\t\t<\/div>\n\t\t\t\t<div class=\"elementor-element elementor-element-f3d925b elementor-widget elementor-widget-text-editor\" data-id=\"f3d925b\" data-element_type=\"widget\" data-e-type=\"widget\" data-widget_type=\"text-editor.default\">\n\t\t\t\t<div class=\"elementor-widget-container\">\n\t\t\t\t\t\t\t\t\t<p>Le but social de l\u2019association est de promouvoir la pratique de la photographie sous toutes ses formes en \u00e9tant un lieu de rencontre et d\u2019\u00e9change convivial entre photographes et en donnant aux membres l\u2019occasion d\u2019accro\u00eetre leurs connaissances th\u00e9oriques et pratiques et de se perfectionner dans l\u2019art photographique.\u00a0\u00bb<\/p>\t\t\t\t\t\t\t\t<\/div>\n\t\t\t\t<\/div>\n\t\t\t\t<\/div>\n\t\t\t\t<div class=\"elementor-element elementor-element-135a560 elementor-widget elementor-widget-image\" data-id=\"135a560\" data-element_type=\"widget\" data-e-type=\"widget\" data-widget_type=\"image.default\">\n\t\t\t\t<div class=\"elementor-widget-container\">\n\t\t\t\t\t\t\t\t\t\t\t\t<figure class=\"wp-caption\">\n\t\t\t\t\t\t\t\t\t\t\t<a href=\"https:\/\/crpc-asbl.be\/agora\/viewtopic.php?t=4\" target=\"_blank\">\n\t\t\t\t\t\t\t<img decoding=\"async\" src=\"https:\/\/crpc-asbl.be\/activites\/wp-content\/uploads\/elementor\/thumbs\/transparent-handout-icon-print-icon-road-map-icon-5fd3c435816667.12508880160771384553-1-qlkuctck4vq0de5yqbsuhfowi9yp2xk1ubci1eohds.png\" title=\"transparent-handout-icon-print-icon-road-map-icon-5fd3c435816667.12508880160771384553\" alt=\"transparent-handout-icon-print-icon-road-map-icon-5fd3c435816667.12508880160771384553\" loading=\"lazy\" \/>\t\t\t\t\t\t\t\t<\/a>\n\t\t\t\t\t\t\t\t\t\t\t<figcaption class=\"widget-image-caption wp-caption-text\">Informations<br>administratives<\/figcaption>\n\t\t\t\t\t\t\t\t\t\t<\/figure>\n\t\t\t\t\t\t\t\t\t<\/div>\n\t\t\t\t<\/div>\n\t\t\t\t<div class=\"elementor-element elementor-element-b358d32 elementor-widget elementor-widget-image\" data-id=\"b358d32\" data-element_type=\"widget\" data-e-type=\"widget\" data-widget_type=\"image.default\">\n\t\t\t\t<div class=\"elementor-widget-container\">\n\t\t\t\t\t\t\t\t\t\t\t\t<figure class=\"wp-caption\">\n\t\t\t\t\t\t\t\t\t\t\t<a href=\"https:\/\/crpc-asbl.be\/agora\/viewtopic.php?t=2\" target=\"_blank\">\n\t\t\t\t\t\t\t<img decoding=\"async\" src=\"https:\/\/crpc-asbl.be\/activites\/wp-content\/uploads\/elementor\/thumbs\/icon_Scroll-1-qlku2kvtptply916hwj3c0o7n8et9kx9rnm5wxut4w.png\" title=\"icon_Scroll\" alt=\"icon_Scroll\" loading=\"lazy\" \/>\t\t\t\t\t\t\t\t<\/a>\n\t\t\t\t\t\t\t\t\t\t\t<figcaption class=\"widget-image-caption wp-caption-text\">Les Statuts<\/figcaption>\n\t\t\t\t\t\t\t\t\t\t<\/figure>\n\t\t\t\t\t\t\t\t\t<\/div>\n\t\t\t\t<\/div>\n\t\t\t\t<div class=\"elementor-element elementor-element-93ac692 elementor-widget elementor-widget-image\" data-id=\"93ac692\" data-element_type=\"widget\" data-e-type=\"widget\" data-widget_type=\"image.default\">\n\t\t\t\t<div class=\"elementor-widget-container\">\n\t\t\t\t\t\t\t\t\t\t\t\t<figure class=\"wp-caption\">\n\t\t\t\t\t\t\t\t\t\t\t<a href=\"https:\/\/crpc-asbl.be\/agora\/viewtopic.php?t=59\" target=\"_blank\">\n\t\t\t\t\t\t\t<img decoding=\"async\" src=\"https:\/\/crpc-asbl.be\/activites\/wp-content\/uploads\/elementor\/thumbs\/transparent-teamwork-icon-mission-icon-team-icon-60020acdc2dc33.5982569316107465737982-ql7e8bavyhf1wq1axrfvcggvycttfxm4z8qw803c3k.png\" title=\"transparent-teamwork-icon-mission-icon-team-icon-60020acdc2dc33.5982569316107465737982.png\" alt=\"transparent-teamwork-icon-mission-icon-team-icon-60020acdc2dc33.5982569316107465737982.png\" loading=\"lazy\" \/>\t\t\t\t\t\t\t\t<\/a>\n\t\t\t\t\t\t\t\t\t\t\t<figcaption class=\"widget-image-caption wp-caption-text\">ROI<\/figcaption>\n\t\t\t\t\t\t\t\t\t\t<\/figure>\n\t\t\t\t\t\t\t\t\t<\/div>\n\t\t\t\t<\/div>\n\t\t\t\t\t<\/div>\n\t\t\t\t<\/div>\n\t\t<div class=\"elementor-element elementor-element-9b96a62 e-flex e-con-boxed e-con e-parent\" data-id=\"9b96a62\" data-element_type=\"container\" data-e-type=\"container\">\n\t\t\t\t\t<div class=\"e-con-inner\">\n\t\t<div class=\"elementor-element elementor-element-bd00165 e-con-full e-flex e-con e-child\" data-id=\"bd00165\" data-element_type=\"container\" data-e-type=\"container\">\n\t\t\t\t<div class=\"elementor-element elementor-element-3f65d50 elementor-widget elementor-widget-heading\" data-id=\"3f65d50\" data-element_type=\"widget\" data-e-type=\"widget\" data-widget_type=\"heading.default\">\n\t\t\t\t<div class=\"elementor-widget-container\">\n\t\t\t\t\t<h2 class=\"elementor-heading-title elementor-size-default\">Nos r\u00e9unions<\/h2>\t\t\t\t<\/div>\n\t\t\t\t<\/div>\n\t\t\t\t<div class=\"elementor-element elementor-element-5bc19c6 elementor-widget elementor-widget-text-editor\" data-id=\"5bc19c6\" data-element_type=\"widget\" data-e-type=\"widget\" data-widget_type=\"text-editor.default\">\n\t\t\t\t<div class=\"elementor-widget-container\">\n\t\t\t\t\t\t\t\t\t<ul>\n<li>Sauf activit\u00e9s externes ou autres \u00e9v\u00e8nements, nos r\u00e9unions se d\u00e9roulent g\u00e9n\u00e9ralement dans notre local le mardi de 18h00 \u00e0 20h00.<\/li>\n<li>Toutes les informations utiles sont disponible sur la page <br \/>\u00ab <strong><a href=\"https:\/\/crpc-asbl.be\/copie-crpc-activites\/\/vers-le-bicentenaire\/nos-activites\/\" target=\"_blank\" rel=\"noopener\">Nos activit\u00e9s\u00a0<\/a><\/strong>\u00bb<\/li>\n<li>L&rsquo;adresse du local et son acc\u00e8s <strong><a href=\"https:\/\/crpc-asbl.be\/copie-crpc-activites\/\/vers-le-bicentenaire\/nos-activites\/pour-acceder-au-site-de-parentville\/\">c\u2019est par ici \u2026 &gt;&gt;&gt;<\/a><\/strong><\/li>\n<\/ul>\t\t\t\t\t\t\t\t<\/div>\n\t\t\t\t<\/div>\n\t\t\t\t<div class=\"elementor-element elementor-element-fe5d97e elementor-align-center elementor-widget elementor-widget-button\" data-id=\"fe5d97e\" data-element_type=\"widget\" data-e-type=\"widget\" data-widget_type=\"button.default\">\n\t\t\t\t<div class=\"elementor-widget-container\">\n\t\t\t\t\t\t\t\t\t<div class=\"elementor-button-wrapper\">\n\t\t\t\t\t<a class=\"elementor-button elementor-button-link elementor-size-sm\" href=\"https:\/\/crpc-asbl.be\/activites\/\/vers-le-bicentenaire\/nos-activites\/elementor-15579\/\" target=\"_blank\">\n\t\t\t\t\t\t<span class=\"elementor-button-content-wrapper\">\n\t\t\t\t\t\t<span class=\"elementor-button-icon\">\n\t\t\t\t<svg aria-hidden=\"true\" class=\"e-font-icon-svg e-far-arrow-alt-circle-right\" viewBox=\"0 0 512 512\" xmlns=\"http:\/\/www.w3.org\/2000\/svg\"><path d=\"M504 256C504 119 393 8 256 8S8 119 8 256s111 248 248 248 248-111 248-248zm-448 0c0-110.5 89.5-200 200-200s200 89.5 200 200-89.5 200-200 200S56 366.5 56 256zm72 20v-40c0-6.6 5.4-12 12-12h116v-67c0-10.7 12.9-16 20.5-8.5l99 99c4.7 4.7 4.7 12.3 0 17l-99 99c-7.6 7.6-20.5 2.2-20.5-8.5v-67H140c-6.6 0-12-5.4-12-12z\"><\/path><\/svg>\t\t\t<\/span>\n\t\t\t\t\t\t\t\t\t<span class=\"elementor-button-text\">Une question ? Merci d'utiliser le formulaire de contact<\/span>\n\t\t\t\t\t<\/span>\n\t\t\t\t\t<\/a>\n\t\t\t\t<\/div>\n\t\t\t\t\t\t\t\t<\/div>\n\t\t\t\t<\/div>\n\t\t\t\t<div class=\"elementor-element elementor-element-12ffb64 elementor-align-center elementor-widget elementor-widget-button\" data-id=\"12ffb64\" data-element_type=\"widget\" data-e-type=\"widget\" data-widget_type=\"button.default\">\n\t\t\t\t<div class=\"elementor-widget-container\">\n\t\t\t\t\t\t\t\t\t<div class=\"elementor-button-wrapper\">\n\t\t\t\t\t<a class=\"elementor-button elementor-button-link elementor-size-sm\" href=\"https:\/\/crpc-asbl.be\/agora\/index.php\" target=\"_blank\">\n\t\t\t\t\t\t<span class=\"elementor-button-content-wrapper\">\n\t\t\t\t\t\t<span class=\"elementor-button-icon\">\n\t\t\t\t<svg aria-hidden=\"true\" class=\"e-font-icon-svg e-far-arrow-alt-circle-right\" viewBox=\"0 0 512 512\" xmlns=\"http:\/\/www.w3.org\/2000\/svg\"><path d=\"M504 256C504 119 393 8 256 8S8 119 8 256s111 248 248 248 248-111 248-248zm-448 0c0-110.5 89.5-200 200-200s200 89.5 200 200-89.5 200-200 200S56 366.5 56 256zm72 20v-40c0-6.6 5.4-12 12-12h116v-67c0-10.7 12.9-16 20.5-8.5l99 99c4.7 4.7 4.7 12.3 0 17l-99 99c-7.6 7.6-20.5 2.2-20.5-8.5v-67H140c-6.6 0-12-5.4-12-12z\"><\/path><\/svg>\t\t\t<\/span>\n\t\t\t\t\t\t\t\t\t<span class=\"elementor-button-text\">Informations g\u00e9n\u00e9rales (FAQ) <\/span>\n\t\t\t\t\t<\/span>\n\t\t\t\t\t<\/a>\n\t\t\t\t<\/div>\n\t\t\t\t\t\t\t\t<\/div>\n\t\t\t\t<\/div>\n\t\t\t\t<\/div>\n\t\t<div class=\"elementor-element elementor-element-0f23e4d e-con-full e-flex e-con e-child\" data-id=\"0f23e4d\" data-element_type=\"container\" data-e-type=\"container\">\n\t\t\t\t<div class=\"elementor-element elementor-element-43b0d49 elementor-widget elementor-widget-heading\" data-id=\"43b0d49\" data-element_type=\"widget\" data-e-type=\"widget\" data-widget_type=\"heading.default\">\n\t\t\t\t<div class=\"elementor-widget-container\">\n\t\t\t\t\t<h2 class=\"elementor-heading-title elementor-size-default\">Devenir membre du Cercle<\/h2>\t\t\t\t<\/div>\n\t\t\t\t<\/div>\n\t\t\t\t<div class=\"elementor-element elementor-element-942a0fe elementor-widget elementor-widget-text-editor\" data-id=\"942a0fe\" data-element_type=\"widget\" data-e-type=\"widget\" data-widget_type=\"text-editor.default\">\n\t\t\t\t<div class=\"elementor-widget-container\">\n\t\t\t\t\t\t\t\t\t<p>La cotisation annuelle de 50,00 euros<br \/>\u00e0 verser sur le compte de l\u2019asbl BE09 3632 1611 7757<br \/>ou de 25,00 euros si inscription apr\u00e8s le 01 juillet de l\u2019ann\u00e9e en cours.<br \/>La cotisation est due pour l\u2019ann\u00e9e en cours.\u00a0<\/p>\t\t\t\t\t\t\t\t<\/div>\n\t\t\t\t<\/div>\n\t\t\t\t<div class=\"elementor-element elementor-element-9a7520e elementor-align-center elementor-widget elementor-widget-button\" data-id=\"9a7520e\" data-element_type=\"widget\" data-e-type=\"widget\" data-widget_type=\"button.default\">\n\t\t\t\t<div class=\"elementor-widget-container\">\n\t\t\t\t\t\t\t\t\t<div class=\"elementor-button-wrapper\">\n\t\t\t\t\t<a class=\"elementor-button elementor-button-link elementor-size-sm\" href=\"https:\/\/crpc-asbl.be\/activites\/\/vers-le-bicentenaire\/devenir-membre-crpc\/\" target=\"_blank\">\n\t\t\t\t\t\t<span class=\"elementor-button-content-wrapper\">\n\t\t\t\t\t\t<span class=\"elementor-button-icon\">\n\t\t\t\t<svg aria-hidden=\"true\" class=\"e-font-icon-svg e-far-arrow-alt-circle-right\" viewBox=\"0 0 512 512\" xmlns=\"http:\/\/www.w3.org\/2000\/svg\"><path d=\"M504 256C504 119 393 8 256 8S8 119 8 256s111 248 248 248 248-111 248-248zm-448 0c0-110.5 89.5-200 200-200s200 89.5 200 200-89.5 200-200 200S56 366.5 56 256zm72 20v-40c0-6.6 5.4-12 12-12h116v-67c0-10.7 12.9-16 20.5-8.5l99 99c4.7 4.7 4.7 12.3 0 17l-99 99c-7.6 7.6-20.5 2.2-20.5-8.5v-67H140c-6.6 0-12-5.4-12-12z\"><\/path><\/svg>\t\t\t<\/span>\n\t\t\t\t\t\t\t\t\t<span class=\"elementor-button-text\">Formulaire d'inscription<\/span>\n\t\t\t\t\t<\/span>\n\t\t\t\t\t<\/a>\n\t\t\t\t<\/div>\n\t\t\t\t\t\t\t\t<\/div>\n\t\t\t\t<\/div>\n\t\t\t\t<div class=\"elementor-element elementor-element-cbe2eea elementor-widget elementor-widget-text-editor\" data-id=\"cbe2eea\" data-element_type=\"widget\" data-e-type=\"widget\" data-widget_type=\"text-editor.default\">\n\t\t\t\t<div class=\"elementor-widget-container\">\n\t\t\t\t\t\t\t\t\t<p>Avant de vous inscrire, nous vous invitons \u00e0 nous rendre visite afin de faire connaissance. Par prudence, merci d&rsquo;annoncer votre visite par mail \u00e0 notre secr\u00e9tariat .<\/p>\t\t\t\t\t\t\t\t<\/div>\n\t\t\t\t<\/div>\n\t\t\t\t<div class=\"elementor-element elementor-element-6f82cc0 elementor-align-center elementor-widget elementor-widget-button\" data-id=\"6f82cc0\" data-element_type=\"widget\" data-e-type=\"widget\" data-widget_type=\"button.default\">\n\t\t\t\t<div class=\"elementor-widget-container\">\n\t\t\t\t\t\t\t\t\t<div class=\"elementor-button-wrapper\">\n\t\t\t\t\t<a class=\"elementor-button elementor-button-link elementor-size-sm\" href=\"mailto:secretaire@crpc-asbl.be\">\n\t\t\t\t\t\t<span class=\"elementor-button-content-wrapper\">\n\t\t\t\t\t\t<span class=\"elementor-button-icon\">\n\t\t\t\t<svg aria-hidden=\"true\" class=\"e-font-icon-svg e-fas-envelope-open-text\" viewBox=\"0 0 512 512\" xmlns=\"http:\/\/www.w3.org\/2000\/svg\"><path d=\"M176 216h160c8.84 0 16-7.16 16-16v-16c0-8.84-7.16-16-16-16H176c-8.84 0-16 7.16-16 16v16c0 8.84 7.16 16 16 16zm-16 80c0 8.84 7.16 16 16 16h160c8.84 0 16-7.16 16-16v-16c0-8.84-7.16-16-16-16H176c-8.84 0-16 7.16-16 16v16zm96 121.13c-16.42 0-32.84-5.06-46.86-15.19L0 250.86V464c0 26.51 21.49 48 48 48h416c26.51 0 48-21.49 48-48V250.86L302.86 401.94c-14.02 10.12-30.44 15.19-46.86 15.19zm237.61-254.18c-8.85-6.94-17.24-13.47-29.61-22.81V96c0-26.51-21.49-48-48-48h-77.55c-3.04-2.2-5.87-4.26-9.04-6.56C312.6 29.17 279.2-.35 256 0c-23.2-.35-56.59 29.17-73.41 41.44-3.17 2.3-6 4.36-9.04 6.56H96c-26.51 0-48 21.49-48 48v44.14c-12.37 9.33-20.76 15.87-29.61 22.81A47.995 47.995 0 0 0 0 200.72v10.65l96 69.35V96h320v184.72l96-69.35v-10.65c0-14.74-6.78-28.67-18.39-37.77z\"><\/path><\/svg>\t\t\t<\/span>\n\t\t\t\t\t\t\t\t<\/span>\n\t\t\t\t\t<\/a>\n\t\t\t\t<\/div>\n\t\t\t\t\t\t\t\t<\/div>\n\t\t\t\t<\/div>\n\t\t\t\t<\/div>\n\t\t\t\t\t<\/div>\n\t\t\t\t<\/div>\n\t\t<div class=\"elementor-element elementor-element-a5587cd e-flex e-con-boxed e-con e-parent\" data-id=\"a5587cd\" data-element_type=\"container\" data-e-type=\"container\" data-settings=\"{&quot;background_background&quot;:&quot;classic&quot;}\">\n\t\t\t\t\t<div class=\"e-con-inner\">\n\t\t<div class=\"elementor-element elementor-element-eadc294 e-con-full e-flex e-con e-child\" data-id=\"eadc294\" data-element_type=\"container\" data-e-type=\"container\">\n\t\t\t\t<div class=\"elementor-element elementor-element-237011e elementor-widget elementor-widget-image\" data-id=\"237011e\" data-element_type=\"widget\" data-e-type=\"widget\" data-widget_type=\"image.default\">\n\t\t\t\t<div class=\"elementor-widget-container\">\n\t\t\t\t\t\t\t\t\t\t\t\t\t\t\t\t<a href=\"https:\/\/crpc-asbl.be\/activites\/\/histoire-du-cercle-de-1923-a-1945\/\" target=\"_blank\">\n\t\t\t\t\t\t\t<img fetchpriority=\"high\" fetchpriority=\"high\" decoding=\"async\" width=\"376\" height=\"377\" src=\"https:\/\/crpc-asbl.be\/activites\/wp-content\/uploads\/2024\/03\/logo-crpc-1.jpg\" class=\"attachment-medium_large size-medium_large wp-image-466\" alt=\"\" srcset=\"https:\/\/crpc-asbl.be\/activites\/wp-content\/uploads\/2024\/03\/logo-crpc-1.jpg 376w, https:\/\/crpc-asbl.be\/activites\/wp-content\/uploads\/2024\/03\/logo-crpc-1-300x300.jpg 300w, https:\/\/crpc-asbl.be\/activites\/wp-content\/uploads\/2024\/03\/logo-crpc-1-150x150.jpg 150w\" sizes=\"(max-width: 376px) 100vw, 376px\" \/>\t\t\t\t\t\t\t\t<\/a>\n\t\t\t\t\t\t\t\t\t\t\t\t\t\t\t<\/div>\n\t\t\t\t<\/div>\n\t\t\t\t<\/div>\n\t\t<div class=\"elementor-element elementor-element-94d2ed6 e-con-full e-flex e-con e-child\" data-id=\"94d2ed6\" data-element_type=\"container\" data-e-type=\"container\">\n\t\t\t\t<div class=\"elementor-element elementor-element-a537373 elementor-align-center elementor-widget elementor-widget-button\" data-id=\"a537373\" data-element_type=\"widget\" data-e-type=\"widget\" data-widget_type=\"button.default\">\n\t\t\t\t<div class=\"elementor-widget-container\">\n\t\t\t\t\t\t\t\t\t<div class=\"elementor-button-wrapper\">\n\t\t\t\t\t<a class=\"elementor-button elementor-button-link elementor-size-sm\" href=\"https:\/\/crpc-asbl.be\/copie-crpc-activites\/\/histoire-du-cercle-de-1923-a-1945\/\" target=\"_blank\">\n\t\t\t\t\t\t<span class=\"elementor-button-content-wrapper\">\n\t\t\t\t\t\t<span class=\"elementor-button-icon\">\n\t\t\t\t<svg aria-hidden=\"true\" class=\"e-font-icon-svg e-far-arrow-alt-circle-right\" viewBox=\"0 0 512 512\" xmlns=\"http:\/\/www.w3.org\/2000\/svg\"><path d=\"M504 256C504 119 393 8 256 8S8 119 8 256s111 248 248 248 248-111 248-248zm-448 0c0-110.5 89.5-200 200-200s200 89.5 200 200-89.5 200-200 200S56 366.5 56 256zm72 20v-40c0-6.6 5.4-12 12-12h116v-67c0-10.7 12.9-16 20.5-8.5l99 99c4.7 4.7 4.7 12.3 0 17l-99 99c-7.6 7.6-20.5 2.2-20.5-8.5v-67H140c-6.6 0-12-5.4-12-12z\"><\/path><\/svg>\t\t\t<\/span>\n\t\t\t\t\t\t\t\t\t<span class=\"elementor-button-text\">D\u00e9couvrir l\u2019histoire du Cercle depuis sa fondation jusqu\u2019\u00e0 ce jour \u2026<\/span>\n\t\t\t\t\t<\/span>\n\t\t\t\t\t<\/a>\n\t\t\t\t<\/div>\n\t\t\t\t\t\t\t\t<\/div>\n\t\t\t\t<\/div>\n\t\t\t\t<div class=\"elementor-element elementor-element-c9f319c elementor-widget elementor-widget-image\" data-id=\"c9f319c\" data-element_type=\"widget\" data-e-type=\"widget\" data-widget_type=\"image.default\">\n\t\t\t\t<div class=\"elementor-widget-container\">\n\t\t\t\t\t\t\t\t\t\t\t\t\t\t\t\t<a href=\"https:\/\/crpc-asbl.be\/activites\/\/histoire-du-cercle-de-1923-a-1945\/\" target=\"_blank\">\n\t\t\t\t\t\t\t<img decoding=\"async\" width=\"768\" height=\"439\" src=\"https:\/\/crpc-asbl.be\/activites\/wp-content\/uploads\/2024\/03\/Firefly-decouvrir-les-origines-de-la-photographies-avec-Daguerre-et-en-noir-et-blanc-99149-768x439.jpg\" class=\"attachment-medium_large size-medium_large wp-image-190\" alt=\"\" srcset=\"https:\/\/crpc-asbl.be\/activites\/wp-content\/uploads\/2024\/03\/Firefly-decouvrir-les-origines-de-la-photographies-avec-Daguerre-et-en-noir-et-blanc-99149-768x439.jpg 768w, https:\/\/crpc-asbl.be\/activites\/wp-content\/uploads\/2024\/03\/Firefly-decouvrir-les-origines-de-la-photographies-avec-Daguerre-et-en-noir-et-blanc-99149-300x171.jpg 300w, https:\/\/crpc-asbl.be\/activites\/wp-content\/uploads\/2024\/03\/Firefly-decouvrir-les-origines-de-la-photographies-avec-Daguerre-et-en-noir-et-blanc-99149-1024x585.jpg 1024w, https:\/\/crpc-asbl.be\/activites\/wp-content\/uploads\/2024\/03\/Firefly-decouvrir-les-origines-de-la-photographies-avec-Daguerre-et-en-noir-et-blanc-99149-1536x878.jpg 1536w, https:\/\/crpc-asbl.be\/activites\/wp-content\/uploads\/2024\/03\/Firefly-decouvrir-les-origines-de-la-photographies-avec-Daguerre-et-en-noir-et-blanc-99149-1080x617.jpg 1080w, https:\/\/crpc-asbl.be\/activites\/wp-content\/uploads\/2024\/03\/Firefly-decouvrir-les-origines-de-la-photographies-avec-Daguerre-et-en-noir-et-blanc-99149.jpg 1920w\" sizes=\"(max-width: 768px) 100vw, 768px\" \/>\t\t\t\t\t\t\t\t<\/a>\n\t\t\t\t\t\t\t\t\t\t\t\t\t\t\t<\/div>\n\t\t\t\t<\/div>\n\t\t\t\t<\/div>\n\t\t<div class=\"elementor-element elementor-element-03fa180 e-con-full e-flex e-con e-child\" data-id=\"03fa180\" data-element_type=\"container\" data-e-type=\"container\">\n\t\t\t\t<div class=\"elementor-element elementor-element-e5f1177 elementor-widget elementor-widget-image\" data-id=\"e5f1177\" data-element_type=\"widget\" data-e-type=\"widget\" data-widget_type=\"image.default\">\n\t\t\t\t<div class=\"elementor-widget-container\">\n\t\t\t\t\t\t\t\t\t\t\t\t\t\t\t\t<a href=\"https:\/\/crpc-asbl.be\/activites\/\/histoire-du-cercle-de-1923-a-1945\/\" target=\"_blank\">\n\t\t\t\t\t\t\t<img decoding=\"async\" width=\"300\" height=\"300\" src=\"https:\/\/crpc-asbl.be\/activites\/wp-content\/uploads\/2024\/11\/LOGO_CRPC_2024_V0_300.png\" class=\"attachment-medium_large size-medium_large wp-image-19156\" alt=\"\" srcset=\"https:\/\/crpc-asbl.be\/activites\/wp-content\/uploads\/2024\/11\/LOGO_CRPC_2024_V0_300.png 300w, https:\/\/crpc-asbl.be\/activites\/wp-content\/uploads\/2024\/11\/LOGO_CRPC_2024_V0_300-150x150.png 150w\" sizes=\"(max-width: 300px) 100vw, 300px\" \/>\t\t\t\t\t\t\t\t<\/a>\n\t\t\t\t\t\t\t\t\t\t\t\t\t\t\t<\/div>\n\t\t\t\t<\/div>\n\t\t\t\t<\/div>\n\t\t\t\t\t<\/div>\n\t\t\t\t<\/div>\n\t\t\t\t<\/div>\n\t\t","protected":false},"excerpt":{"rendered":"<p><div class=\"et_pb_section et_pb_section_0 et_section_regular\" >\n\t\t\t\t\n\t\t\t\t\n\t\t\t\t\n\t\t\t\t\n\t\t\t\t\n\t\t\t\t\n\t\t\t\t\n\t\t\t\t\n\t\t\t\t\n\t\t\t<\/div><div class=\"et_pb_row et_pb_row_0 et_pb_row_empty\">\n\t\t\t\t\n\t\t\t\t\n\t\t\t\t\n\t\t\t\t\n\t\t\t\t\n\t\t\t<\/div><div class=\"et_pb_module et_pb_text et_pb_text_0  et_pb_text_align_left et_pb_bg_layout_light\">\n\t\t\t\t\n\t\t\t\t\n\t\t\t\t\n\t\t\t\t\n\t\t\t\t\n\t\t\t<\/div>Cercle Royal Photographique de Charleroi asblen abr\u00e9g\u00e9 \u00ab\u00a0CRPC asbl\u00a0\u00bbInformations g\u00e9n\u00e9rales Le CRPC asbl \u2013 Extrait de nos statuts Le but social de l\u2019association est de promouvoir la pratique de la photographie sous toutes ses formes en \u00e9tant un lieu de rencontre et d\u2019\u00e9change convivial entre photographes et en donnant aux membres l\u2019occasion d\u2019accro\u00eetre leurs connaissances [&hellip;]<\/p>\n","protected":false},"author":1,"featured_media":0,"parent":0,"menu_order":0,"comment_status":"closed","ping_status":"closed","template":"elementor_header_footer","meta":{"_et_pb_use_builder":"on","_et_pb_old_content":"<h2><a href=\"https:\/\/www.crpc.be\/crpc_wp\/accueil-activites\/charleroi-sort-du-cadre\/\">= 2023 \/ 2024 =<br><br>Le Cercle Royal Photographique de Charleroi<br><br>f\u00eate ses 100 ans<\/a><\/h2>\t\t\t\t\n\t\t\t\t\t\t\t\t<a data-elementor-open-lightbox=\"yes\" data-elementor-lightbox-slideshow=\"e8875ec\" data-elementor-lightbox-title=\"Banni\u00e8re-EVV\" data-e-action-hash=\"#elementor-action%3Aaction%3Dlightbox%26settings%3DeyJpZCI6MTQ1NjQsInVybCI6Imh0dHBzOlwvXC9jcnBjLWFzYmwuYmVcL2FjdGl2aXRlc1wvd3AtY29udGVudFwvdXBsb2Fkc1wvMjAyNFwvMDNcL0Jhbm5pZXJlLUVWVi5qcGciLCJzbGlkZXNob3ciOiJlODg3NWVjIn0%3D\" href=\"https:\/\/crpc-asbl.be\/activites\/wp-content\/uploads\/2024\/03\/Banniere-EVV.jpg\"><figure><img src=\"https:\/\/crpc-asbl.be\/activites\/wp-content\/uploads\/2024\/03\/Banniere-EVV-768x432.jpg\" alt=\"Banni\u00e8re-EVV\" \/><\/figure><\/a><a data-elementor-open-lightbox=\"yes\" data-elementor-lightbox-slideshow=\"e8875ec\" data-elementor-lightbox-title=\"Dufour-1\" data-e-action-hash=\"#elementor-action%3Aaction%3Dlightbox%26settings%3DeyJpZCI6MTQ3MjUsInVybCI6Imh0dHBzOlwvXC9jcnBjLWFzYmwuYmVcL2FjdGl2aXRlc1wvd3AtY29udGVudFwvdXBsb2Fkc1wvMjAyNFwvMDNcL0R1Zm91ci0xLmpwZyIsInNsaWRlc2hvdyI6ImU4ODc1ZWMifQ%3D%3D\" href=\"https:\/\/crpc-asbl.be\/activites\/wp-content\/uploads\/2024\/03\/Dufour-1.jpg\"><figure><img src=\"https:\/\/crpc-asbl.be\/activites\/wp-content\/uploads\/2024\/03\/Dufour-1-768x512.jpg\" alt=\"Dufour-1\" \/><\/figure><\/a><a data-elementor-open-lightbox=\"yes\" data-elementor-lightbox-slideshow=\"e8875ec\" data-elementor-lightbox-title=\"Banni\u00e8re-OR\" data-e-action-hash=\"#elementor-action%3Aaction%3Dlightbox%26settings%3DeyJpZCI6MTQ1NjYsInVybCI6Imh0dHBzOlwvXC9jcnBjLWFzYmwuYmVcL2FjdGl2aXRlc1wvd3AtY29udGVudFwvdXBsb2Fkc1wvMjAyNFwvMDNcL0Jhbm5pZXJlLU9SLmpwZyIsInNsaWRlc2hvdyI6ImU4ODc1ZWMifQ%3D%3D\" href=\"https:\/\/crpc-asbl.be\/activites\/wp-content\/uploads\/2024\/03\/Banniere-OR.jpg\"><figure><img src=\"https:\/\/crpc-asbl.be\/activites\/wp-content\/uploads\/2024\/03\/Banniere-OR-768x432.jpg\" alt=\"Banni\u00e8re-OR\" \/><\/figure><\/a><a data-elementor-open-lightbox=\"yes\" data-elementor-lightbox-slideshow=\"e8875ec\" data-elementor-lightbox-title=\"CRPC-DINANT_20220423_Olivier-Raucroix_8-scaled\" data-e-action-hash=\"#elementor-action%3Aaction%3Dlightbox%26settings%3DeyJpZCI6MTQ2ODgsInVybCI6Imh0dHBzOlwvXC9jcnBjLWFzYmwuYmVcL2FjdGl2aXRlc1wvd3AtY29udGVudFwvdXBsb2Fkc1wvMjAyNFwvMDNcL0NSUEMtRElOQU5UXzIwMjIwNDIzX09saXZpZXItUmF1Y3JvaXhfOC1zY2FsZWQtMi5qcGciLCJzbGlkZXNob3ciOiJlODg3NWVjIn0%3D\" href=\"https:\/\/crpc-asbl.be\/activites\/wp-content\/uploads\/2024\/03\/CRPC-DINANT_20220423_Olivier-Raucroix_8-scaled-2.jpg\"><figure><img src=\"https:\/\/crpc-asbl.be\/activites\/wp-content\/uploads\/2024\/03\/CRPC-DINANT_20220423_Olivier-Raucroix_8-scaled-2-768x512.jpg\" alt=\"CRPC-DINANT_20220423_Olivier-Raucroix_8-scaled\" \/><\/figure><\/a><a data-elementor-open-lightbox=\"yes\" data-elementor-lightbox-slideshow=\"e8875ec\" data-elementor-lightbox-title=\"Banni\u00e8re-JPC\" data-e-action-hash=\"#elementor-action%3Aaction%3Dlightbox%26settings%3DeyJpZCI6MTQ1NjUsInVybCI6Imh0dHBzOlwvXC9jcnBjLWFzYmwuYmVcL2FjdGl2aXRlc1wvd3AtY29udGVudFwvdXBsb2Fkc1wvMjAyNFwvMDNcL0Jhbm5pZXJlLUpQQy5qcGciLCJzbGlkZXNob3ciOiJlODg3NWVjIn0%3D\" href=\"https:\/\/crpc-asbl.be\/activites\/wp-content\/uploads\/2024\/03\/Banniere-JPC.jpg\"><figure><img src=\"https:\/\/crpc-asbl.be\/activites\/wp-content\/uploads\/2024\/03\/Banniere-JPC-768x432.jpg\" alt=\"Banni\u00e8re-JPC\" \/><\/figure><\/a><a data-elementor-open-lightbox=\"yes\" data-elementor-lightbox-slideshow=\"e8875ec\" data-elementor-lightbox-title=\"CRPC-DINANT_20220423_Olivier-Raucroix_4-scaled\" data-e-action-hash=\"#elementor-action%3Aaction%3Dlightbox%26settings%3DeyJpZCI6MTQ2ODQsInVybCI6Imh0dHBzOlwvXC9jcnBjLWFzYmwuYmVcL2FjdGl2aXRlc1wvd3AtY29udGVudFwvdXBsb2Fkc1wvMjAyNFwvMDNcL0NSUEMtRElOQU5UXzIwMjIwNDIzX09saXZpZXItUmF1Y3JvaXhfNC1zY2FsZWQtMi5qcGciLCJzbGlkZXNob3ciOiJlODg3NWVjIn0%3D\" href=\"https:\/\/crpc-asbl.be\/activites\/wp-content\/uploads\/2024\/03\/CRPC-DINANT_20220423_Olivier-Raucroix_4-scaled-2.jpg\"><figure><img src=\"https:\/\/crpc-asbl.be\/activites\/wp-content\/uploads\/2024\/03\/CRPC-DINANT_20220423_Olivier-Raucroix_4-scaled-2-768x512.jpg\" alt=\"CRPC-DINANT_20220423_Olivier-Raucroix_4-scaled\" \/><\/figure><\/a><a data-elementor-open-lightbox=\"yes\" data-elementor-lightbox-slideshow=\"e8875ec\" data-elementor-lightbox-title=\"ALL-20221209-OlivierRaucroix-5\" data-e-action-hash=\"#elementor-action%3Aaction%3Dlightbox%26settings%3DeyJpZCI6MTQ1NTYsInVybCI6Imh0dHBzOlwvXC9jcnBjLWFzYmwuYmVcL2FjdGl2aXRlc1wvd3AtY29udGVudFwvdXBsb2Fkc1wvMjAyNFwvMDNcL0FMTC0yMDIyMTIwOS1PbGl2aWVyUmF1Y3JvaXgtNS5qcGciLCJzbGlkZXNob3ciOiJlODg3NWVjIn0%3D\" href=\"https:\/\/crpc-asbl.be\/activites\/wp-content\/uploads\/2024\/03\/ALL-20221209-OlivierRaucroix-5.jpg\"><figure><img src=\"https:\/\/crpc-asbl.be\/activites\/wp-content\/uploads\/2024\/03\/ALL-20221209-OlivierRaucroix-5-768x432.jpg\" alt=\"ALL-20221209-OlivierRaucroix-5\" \/><\/figure><\/a><a data-elementor-open-lightbox=\"yes\" data-elementor-lightbox-slideshow=\"e8875ec\" data-elementor-lightbox-title=\"CCS_NUIT-ETOILES_20231014_Olivier-Raucroix-43-scaled\" data-e-action-hash=\"#elementor-action%3Aaction%3Dlightbox%26settings%3DeyJpZCI6MTQ2MDksInVybCI6Imh0dHBzOlwvXC9jcnBjLWFzYmwuYmVcL2FjdGl2aXRlc1wvd3AtY29udGVudFwvdXBsb2Fkc1wvMjAyNFwvMDNcL0NDU19OVUlULUVUT0lMRVNfMjAyMzEwMTRfT2xpdmllci1SYXVjcm9peC00My1zY2FsZWQtMi5qcGciLCJzbGlkZXNob3ciOiJlODg3NWVjIn0%3D\" href=\"https:\/\/crpc-asbl.be\/activites\/wp-content\/uploads\/2024\/03\/CCS_NUIT-ETOILES_20231014_Olivier-Raucroix-43-scaled-2.jpg\"><figure><img src=\"https:\/\/crpc-asbl.be\/activites\/wp-content\/uploads\/2024\/03\/CCS_NUIT-ETOILES_20231014_Olivier-Raucroix-43-scaled-2-768x512.jpg\" alt=\"CCS_NUIT-ETOILES_20231014_Olivier-Raucroix-43-scaled\" \/><\/figure><\/a>\t\t\t\n\t\t\t\t\t\t<svg aria-hidden=\"true\" viewBox=\"0 0 1000 1000\" xmlns=\"http:\/\/www.w3.org\/2000\/svg\"><path d=\"M646 125C629 125 613 133 604 142L308 442C296 454 292 471 292 487 292 504 296 521 308 533L604 854C617 867 629 875 646 875 663 875 679 871 692 858 704 846 713 829 713 812 713 796 708 779 692 767L438 487 692 225C700 217 708 204 708 187 708 171 704 154 692 142 675 129 663 125 646 125Z\"><\/path><\/svg>\t\t\t\t\t\n\t\t\t\t\t\t<svg aria-hidden=\"true\" viewBox=\"0 0 1000 1000\" xmlns=\"http:\/\/www.w3.org\/2000\/svg\"><path d=\"M696 533C708 521 713 504 713 487 713 471 708 454 696 446L400 146C388 133 375 125 354 125 338 125 325 129 313 142 300 154 292 171 292 187 292 204 296 221 308 233L563 492 304 771C292 783 288 800 288 817 288 833 296 850 308 863 321 871 338 875 354 875 371 875 388 867 400 854L696 533Z\"><\/path><\/svg>\t\t\t\t\t\n\t\t\t\t\t<style>\n                        @media screen and (max-width: 1024px) {\n                            .eael-hamburger--tablet {\n                                .eael-simple-menu-horizontal,\n                                .eael-simple-menu-vertical {\n                                    display: none;\n                                }\n                            }\n                            .eael-hamburger--tablet {\n                                .eael-simple-menu-container .eael-simple-menu-toggle {\n                                    display: block;\n                                }\n                            }\n                        }\n                    <\/style>            \n                <ul id=\"menu-menu-page-accueil\"><li id=\"menu-item-15446\"><a href=\"https:\/\/crpc-asbl.be\/activites\/vers-le-bicentenaire\/nos-activites\/\">Nos activit\u00e9s<\/a><\/li>\n<li id=\"menu-item-18652\"><a href=\"https:\/\/crpc-asbl.be\/activites\/docs\/\">Infos (FAQ)<\/a><\/li>\n<li id=\"menu-item-16122\"><a href=\"https:\/\/crpc-asbl.be\/activites\/vers-le-bicentenaire\/les-membres-du-crpc-asbl\/\">Nos membres<\/a><\/li>\n<li id=\"menu-item-18971\"><a href=\"https:\/\/crpc-asbl.be\/activites\/vers-le-bicentenaire\/nos-activites\/un-peu-de-lecture\/\">Un peu de lecture<\/a><\/li>\n<\/ul>                <button>\n                    Hamburger Toggle Menu\n                                    <\/button>\n\t\t\t\t\t\t\t\t\t\t\t\t\t\t\t\t<a href=\"https:\/\/crpc-asbl.be\/activites\/newsletter\/\">\n\t\t\t\t\t\t\t<img src=\"https:\/\/crpc-asbl.be\/activites\/wp-content\/uploads\/elementor\/thumbs\/kisspng-henry-e-lackey-high-school-education-elementary-s-5ae47c2d3c4ac9.188153901524923437247-qlku7wmwg0zymjykt6qvbwbqqdjn2d2punbrb5brb4.png\" title=\"kisspng-henry-e-lackey-high-school-education-elementary-s-5ae47c2d3c4ac9.188153901524923437247\" alt=\"kisspng-henry-e-lackey-high-school-education-elementary-s-5ae47c2d3c4ac9.188153901524923437247\" loading=\"lazy\" \/>\t\t\t\t\t\t\t\t<\/a>\n\t\t<p style=\"text-align: center;\"><a href=\"https:\/\/crpc-asbl.be\/activites\/newsletter\/\">Pour suivre nos activit\u00e9s,<\/a><br \/><a href=\"https:\/\/crpc-asbl.be\/activites\/newsletter\/\">ou \u00eatre avis\u00e9 de l'actualit\u00e9 du Cercle, <\/a><a href=\"https:\/\/crpc-asbl.be\/activites\/newsletter\/\">vous pouvez vous inscrire \u00e0 notre lettre d'informations<\/a><\/p><p style=\"text-align: center;\">Vous pouvez \u00e9galement nous suivre sur Facebook\u00a0<\/p>\t\t\n\t\t\t\t\t\t\t\t\t\t\t\t\t\t\t\t<a href=\"https:\/\/www.facebook.com\/groups\/crpc1924\/\" target=\"_blank\">\n\t\t\t\t\t\t\t<img width=\"300\" height=\"86\" src=\"https:\/\/crpc-asbl.be\/activites\/wp-content\/uploads\/2024\/03\/LOGO_CRPC_FB_LE_GROUPE-e1581574984298-300x86.jpg\" alt=\"\" srcset=\"https:\/\/crpc-asbl.be\/activites\/wp-content\/uploads\/2024\/03\/LOGO_CRPC_FB_LE_GROUPE-e1581574984298-300x86.jpg 300w, https:\/\/crpc-asbl.be\/activites\/wp-content\/uploads\/2024\/03\/LOGO_CRPC_FB_LE_GROUPE-e1581574984298.jpg 696w\" sizes=\"(max-width: 300px) 100vw, 300px\" \/>\t\t\t\t\t\t\t\t<\/a>\n\t\t\t\t\t\t\t\t\t\t\t\t\t\t\t\t<a href=\"https:\/\/www.facebook.com\/crpc1924\/\" target=\"_blank\">\n\t\t\t\t\t\t\t<img width=\"300\" height=\"86\" src=\"https:\/\/crpc-asbl.be\/activites\/wp-content\/uploads\/2024\/03\/LOGO_CRPC_FB_LA_PAGE-e1581574805776-300x86.jpg\" alt=\"\" srcset=\"https:\/\/crpc-asbl.be\/activites\/wp-content\/uploads\/2024\/03\/LOGO_CRPC_FB_LA_PAGE-e1581574805776-300x86.jpg 300w, https:\/\/crpc-asbl.be\/activites\/wp-content\/uploads\/2024\/03\/LOGO_CRPC_FB_LA_PAGE-e1581574805776.jpg 697w\" sizes=\"(max-width: 300px) 100vw, 300px\" \/>\t\t\t\t\t\t\t\t<\/a>\n\t\t\t\t\t\t\t\t\t\t\t\t\t\t\t\t<a href=\"https:\/\/www.charleroi.be\/\" target=\"_blank\">\n\t\t\t\t\t\t\t<img width=\"133\" height=\"170\" src=\"https:\/\/crpc-asbl.be\/activites\/wp-content\/uploads\/2024\/03\/Logo-Charleroi.png\" alt=\"\" \/>\t\t\t\t\t\t\t\t<\/a>\n\t\t\t\t\t\t\t\t\t\t\t\t\t\t\t\t<a href=\"https:\/\/www.charleroi.be\/\" target=\"_blank\">\n\t\t\t\t\t\t\t<img width=\"150\" height=\"150\" src=\"https:\/\/crpc-asbl.be\/activites\/wp-content\/uploads\/2024\/03\/logo_wallonie_01-150x150.png\" alt=\"\" srcset=\"https:\/\/crpc-asbl.be\/activites\/wp-content\/uploads\/2024\/03\/logo_wallonie_01-150x150.png 150w, https:\/\/crpc-asbl.be\/activites\/wp-content\/uploads\/2024\/03\/logo_wallonie_01-300x300.png 300w, https:\/\/crpc-asbl.be\/activites\/wp-content\/uploads\/2024\/03\/logo_wallonie_01-440x440.png 440w, https:\/\/crpc-asbl.be\/activites\/wp-content\/uploads\/2024\/03\/logo_wallonie_01-45x45.png 45w, https:\/\/crpc-asbl.be\/activites\/wp-content\/uploads\/2024\/03\/logo_wallonie_01.png 704w\" sizes=\"(max-width: 150px) 100vw, 150px\" \/>\t\t\t\t\t\t\t\t<\/a>\n\t\t\t\t\t\t\t\t\t\t\t\t\t\t\t\t<a href=\"https:\/\/www2.ulb.ac.be\/ccs-nouveau\/\" target=\"_blank\">\n\t\t\t\t\t\t\t<img src=\"https:\/\/crpc-asbl.be\/activites\/wp-content\/uploads\/2024\/03\/LogoCCS_300_Blanc.png\" title=\"LogoCCS_300_Blanc.png\" alt=\"LogoCCS_300_Blanc.png\" loading=\"lazy\" \/>\t\t\t\t\t\t\t\t<\/a>\n\t\t\t\t\t<h2>Affili\u00e9 \u00e0 la<\/h2>\t\t\t\t\n\t\t<p style=\"text-align: center;\">FEDERATION DE CERCLES PHOTOGRAPHIQUES asbl<\/p><p style=\"text-align: center;\">Num\u00e9ro de membre HT-0086<\/p>\t\t\n\t\t\t\t\t\t\t\t\t\t\t\t\t\t\t\t<a href=\"https:\/\/fcpasbl.wixsite.com\/photographie\/\" target=\"_blank\">\n\t\t\t\t\t\t\t<img width=\"150\" height=\"150\" src=\"https:\/\/crpc-asbl.be\/activites\/wp-content\/uploads\/2024\/03\/LOGO_FRCP_NEW_2023.png-150x150.webp\" alt=\"\" srcset=\"https:\/\/crpc-asbl.be\/activites\/wp-content\/uploads\/2024\/03\/LOGO_FRCP_NEW_2023.png-150x150.webp 150w, https:\/\/crpc-asbl.be\/activites\/wp-content\/uploads\/2024\/03\/LOGO_FRCP_NEW_2023.png-300x300.webp 300w, https:\/\/crpc-asbl.be\/activites\/wp-content\/uploads\/2024\/03\/LOGO_FRCP_NEW_2023.png-45x45.webp 45w, https:\/\/crpc-asbl.be\/activites\/wp-content\/uploads\/2024\/03\/LOGO_FRCP_NEW_2023.png.webp 352w\" sizes=\"(max-width: 150px) 100vw, 150px\" \/>\t\t\t\t\t\t\t\t<\/a>\n\t\t<p>Maison de la Participation et des Associations<\/p><p>route de Mons 80<br \/>6030 Marchienne-au-Pont<br \/>071\/53.91.53 -\u00a0<a href=\"mailto:info@mpa80.be\" target=\"_blank\" rel=\"noopener noreferrer\">info@mpa80.be<\/a><\/p>\t\t\n\t\t\t\t\t\t\t\t\t\t\t\t\t\t\t\t<a href=\"https:\/\/mpacharleroi.be\" target=\"_blank\">\n\t\t\t\t\t\t\t<img width=\"300\" height=\"188\" src=\"https:\/\/crpc-asbl.be\/activites\/wp-content\/uploads\/2024\/03\/MPA-400x250-1-300x188.png\" alt=\"\" srcset=\"https:\/\/crpc-asbl.be\/activites\/wp-content\/uploads\/2024\/03\/MPA-400x250-1-300x188.png 300w, https:\/\/crpc-asbl.be\/activites\/wp-content\/uploads\/2024\/03\/MPA-400x250-1.png 400w\" sizes=\"(max-width: 300px) 100vw, 300px\" \/>\t\t\t\t\t\t\t\t<\/a>","_et_gb_content_width":"1280","_eb_attr":"","footnotes":""},"class_list":["post-22115","page","type-page","status-publish","hentry"],"_links":{"self":[{"href":"https:\/\/crpc-asbl.be\/activites\/wp-json\/wp\/v2\/pages\/22115","targetHints":{"allow":["GET"]}}],"collection":[{"href":"https:\/\/crpc-asbl.be\/activites\/wp-json\/wp\/v2\/pages"}],"about":[{"href":"https:\/\/crpc-asbl.be\/activites\/wp-json\/wp\/v2\/types\/page"}],"author":[{"embeddable":true,"href":"https:\/\/crpc-asbl.be\/activites\/wp-json\/wp\/v2\/users\/1"}],"replies":[{"embeddable":true,"href":"https:\/\/crpc-asbl.be\/activites\/wp-json\/wp\/v2\/comments?post=22115"}],"version-history":[{"count":1,"href":"https:\/\/crpc-asbl.be\/activites\/wp-json\/wp\/v2\/pages\/22115\/revisions"}],"predecessor-version":[{"id":22458,"href":"https:\/\/crpc-asbl.be\/activites\/wp-json\/wp\/v2\/pages\/22115\/revisions\/22458"}],"wp:attachment":[{"href":"https:\/\/crpc-asbl.be\/activites\/wp-json\/wp\/v2\/media?parent=22115"}],"curies":[{"name":"wp","href":"https:\/\/api.w.org\/{rel}","templated":true}]}}