{"id":18344,"date":"2024-05-31T10:34:40","date_gmt":"2024-05-31T08:34:40","guid":{"rendered":"https:\/\/crpc-asbl.be\/activites\/?page_id=18344"},"modified":"2024-05-31T10:41:22","modified_gmt":"2024-05-31T08:41:22","slug":"nos-activites-en-2023","status":"publish","type":"page","link":"https:\/\/crpc-asbl.be\/activites\/vers-le-bicentenaire\/nos-activites\/nos-activites-en-2023\/","title":{"rendered":"Nos activit\u00e9s en 2023"},"content":{"rendered":"\t\t<div data-elementor-type=\"wp-page\" data-elementor-id=\"18344\" class=\"elementor elementor-18344\">\n\t\t\t\t<div class=\"elementor-element elementor-element-496fe2f1 e-con-full e-flex e-con e-parent\" data-id=\"496fe2f1\" data-element_type=\"container\" data-e-type=\"container\">\n\t\t\t\t<div class=\"elementor-element elementor-element-7a39f2e elementor-widget elementor-widget-heading\" data-id=\"7a39f2e\" data-element_type=\"widget\" data-e-type=\"widget\" data-widget_type=\"heading.default\">\n\t\t\t\t<div class=\"elementor-widget-container\">\n\t\t\t\t\t<h2 class=\"elementor-heading-title elementor-size-default\">Nos activit\u00e9s en 2023<\/h2>\t\t\t\t<\/div>\n\t\t\t\t<\/div>\n\t\t\t\t<div class=\"elementor-element elementor-element-1d48408e elementor-widget elementor-widget-text-editor\" data-id=\"1d48408e\" data-element_type=\"widget\" data-e-type=\"widget\" data-widget_type=\"text-editor.default\">\n\t\t\t\t<div class=\"elementor-widget-container\">\n\t\t\t\t\t\t\t\t\t<p><b>En r\u00e9sum\u00e9<span class=\"Apple-converted-space\">\u00a0<\/span><\/b><\/p>\n<div class=\"page\" title=\"Page 1\">\n<div class=\"section\">\n<div class=\"layoutArea\">\n<div class=\"column\">\n<ul>\n<li>\n<p>2023 = anne\u0301e dense vu les 2 expositions du Centenaire pre\u0301vues<\/p>\n<\/li>\n<li>\n<p>avec 2 confe\u0301rences sur le droit a\u0300 l\u2019image et le droit d\u2019auteur<\/p>\n<\/li>\n<li>\n<p>avec aussi une exposition annuelle \u00ab The\u0300mes libres \u00bb en fe\u0301vrier 23<\/p>\n<\/li>\n<li>\n<p>2 Assemble\u0301es ge\u0301ne\u0301rales et 2 Conseils d\u2019administration<\/p>\n<\/li>\n<li>\n<p>plusieurs reportages en entreprises, institutions et associations<\/p>\n<\/li>\n<li>\n<p>nombreuses re\u0301unions<\/p>\n<\/li>\n<li>\n<p>nombreuses re\u0301unions des mardis au Centre de Culture Scientifique a\u0300 Couillet<\/p>\n<\/li>\n<li>\n<p>activite\u0301s des re\u0301unions : projections de photographies des membres, analyses d\u2019images, projections sur les grands photographes, techniques de de\u0301veloppement d\u2019images (Lr et PS), organisation des expositions (sce\u0301nographies, plannings, mate\u0301riels), organisation des confe\u0301rences, pre\u0301sentation de livres de photographies (relation texte-image), comptes- rendus d\u2019expositions (ex : Rencontres photographique d\u2019Arles), de\u0301briefings d\u2019activite\u0301s, interventions d\u2019acteurs exte\u0301rieurs au Cercle, &#8230;<\/p>\n<\/li>\n<li>\n<p>plusieurs re\u0301unions de\u0301double\u0301es en vue de se\u0301lectionner les images de l\u2019exposition \u00ab Lumie\u0300res de Charleroi \u00bb a\u0300 l\u2019Espace Wallonie Charleroi, exposition du Centenaire du Cercle sur une se\u0301rie de personnalite\u0301s carolos<\/p>\n<\/li>\n<li>\n<p>plusieurs activite\u0301s hors mardis : montages et de\u0301montages des expositions<\/p>\n<\/li>\n<li>\n<p>3 fe\u0301vrier : vernissage de l\u2019exposition annuelle \u00ab The\u0300mes libres \u00bb au CCS<\/p>\n<\/li>\n<li>\n<p>7 fe\u0301vrier : confe\u0301rence sur le droit a\u0300 l\u2019image au CCS par Mme Audrey Adam<\/p>\n<\/li>\n<li>\n<p>11 fe\u0301vrier : lors de la Semaine du Son, plusieurs membres du Cercle exposent a\u0300 l\u2019Alba (Consulat d\u2019Italie restaure\u0301 et ge\u0301re\u0301 par Me\u0301lanie De Biasio)<\/p>\n<\/li>\n<li>\n<p>28 fe\u0301vrier : Assemble\u0301e Ge\u0301ne\u0301rale annuelle, Jacques Vandenberg est e\u0301lu administrateur du CRPC, Robert Viseur re\u0301e\u0301lu (5 administrateurs au total)<\/p>\n<\/li>\n<li>\n<p>nombreux contacts avec le CCS, le CAL, l\u2019EW ainsi qu\u2019avec plusieurs entreprises, institutions et associations de la re\u0301gion de Charleroi<\/p>\n<\/li>\n<li>\n<p>nombreux reportages au sein de ces entreprises, institutions et associations :<\/p>\n<\/li>\n<\/ul>\n<p>&#8211; TechnoCampus sur 3 sites diffe\u0301rents a\u0300 Gosselies et Mons &#8211; Cenaero et son super calculateur a\u0300 l\u2019A6K<br \/>&#8211; le Fablab a\u0300 l\u2019A6K<\/p>\n<\/div>\n<\/div>\n<\/div>\n<\/div>\n<div class=\"page\" title=\"Page 2\">\n<div class=\"section\">\n<div class=\"layoutArea\">\n<div class=\"column\">\n<p>&#8211; les Editions Dupuis a\u0300 Marcinelle<br \/>&#8211; la che\u0300vrerie du moulin a\u0300 Gerpinnes<br \/>&#8211; la Sonaca a\u0300 Gosselies<br \/>&#8211; Sirris a\u0300 l\u2019A6K<br \/>&#8211; le laboratoire de la Faculte\u0301 de Me\u0301decine a\u0300 Ve\u0301sale a\u0300 Montigny-le-Tilleul &#8211; la Fe\u0302te des Sciences au CCS<br \/>&#8211; le potager de Zoe\u0301 a\u0300 Charleroi<br \/>&#8211; Jumet-bio<br \/>&#8211; les 30 ans du CCS au Palais des Beaux-Arts<br \/>&#8211; Sambre Compost, Orbix et Belgarena a\u0300 Farciennes<br \/>-&#8230;<\/p>\n<ul>\n<li>\n<p>2 mai : la photographie de \u00ab Portrait \u00bb au QG des Artistes a\u0300 la Ville Basse<\/p>\n<\/li>\n<li>\n<p>23 mai : le peintre Xavier Devroede pre\u0301sente ses oeuvres et ses livres<\/p>\n<\/li>\n<li>\n<p>30 mai : avec Benoit De Clerck, visite de l\u2019atelier de photogravure de\u00a0l\u2019Acade\u0301mie des Beaux-Arts de Charleroi<\/p>\n<\/li>\n<li>\n<p>27 juin au CCS : re\u0301union festive avant les vacances d\u2019e\u0301te\u0301<\/p>\n<\/li>\n<li>\n<p>29 aou\u0302t : Assemble\u0301e Ge\u0301ne\u0301rale extraordinaire pour le de\u0301me\u0301nagement du\u00a0sie\u0300ge social de l\u2019asbl qui doit rester dans l\u2019entite\u0301 carolo<\/p>\n<\/li>\n<li>\n<p>5 septembre : sortie Ville Haute (juste avant l\u2019inauguration des travaux)<\/p>\n<\/li>\n<li>\n<p>6 octobre : vernissage de l\u2019exposition \u00ab Lumie\u0300res de Charleroi \u00bb a\u0300 l\u2019Espace\u00a0Wallonie Charleroi au n\u00b03 de la rue de France<\/p>\n<\/li>\n<li>\n<p>plusieurs re\u0301unions en vue de se\u0301lectionner les images de l\u2019exposition\u00a0\u00ab Charleroi sort du cadre \u00bb au Centre d\u2019Action Lai\u0308que rue de France 31, exposition du Centenaire sur le the\u0300me \u00ab Sciences, Climat, Biodiversite\u0301 &#8230; l\u2019Avenir a\u0300 Charleroi \u00bb qui sera monte\u0301e en janvier 2024<\/p>\n<\/li>\n<li>\n<p>17 octobre : accord unanime pour organiser l\u2019exposition annuelle du Cercle \u00ab The\u0300mes libres \u00bb du 18 mars au 2 avril 2024 au CCS, cela malgre\u0301 la densite\u0301 des manifestations et activite\u0301s du Centenaire du CRPC<\/p>\n<\/li>\n<li>\n<p>deux conseils d\u2019administration en 2023 au CCS : les 11 avril et 24 octobre avec les 5 administrateurs du CRPC pre\u0301sents<\/p>\n<\/li>\n<li>\n<p>21 novembre : confe\u0301rence \u00ab La photo, les droits d\u2019auteur et le droit a\u0300 l\u2019image. Je peux photographier : quoi, qui, ou\u0300 ? \u00bb par Claude Bottamedi et Alexandre Cassart (pre\u0300s d\u2019une centaine de personnes au CCS)<\/p>\n<\/li>\n<li>\n<p>28 novembre : re\u0301union CRPC-BioPark, but : marquer les 25 ans du BioPark par une exposition photographique du CRPC en 2025 a\u0300 Gosselies<\/p>\n<\/li>\n<li>\n<p>12 de\u0301cembre : re\u0301union festive de Noe\u0308l dans la cafe\u0301te\u0301ria du CCS<\/p>\n<\/li>\n<\/ul>\n<\/div>\n<\/div>\n<div class=\"layoutArea\">\n<div class=\"column\">\n<p>***************<\/p>\n<\/div>\n<\/div>\n<div class=\"layoutArea\">\n<div class=\"column\">\n<p>JPC-20240106<\/p>\n<\/div>\n<\/div>\n<\/div>\n<\/div>\t\t\t\t\t\t\t\t<\/div>\n\t\t\t\t<\/div>\n\t\t\t\t<\/div>\n\t\t\t\t<\/div>\n\t\t","protected":false},"excerpt":{"rendered":"<p>Nos activit\u00e9s en 2023 En r\u00e9sum\u00e9\u00a0 2023 = anne\u0301e dense vu les 2 expositions du Centenaire pre\u0301vues avec 2 confe\u0301rences sur le droit a\u0300 l\u2019image et le droit d\u2019auteur avec aussi une exposition annuelle \u00ab The\u0300mes libres \u00bb en fe\u0301vrier 23 2 Assemble\u0301es ge\u0301ne\u0301rales et 2 Conseils d\u2019administration plusieurs reportages en entreprises, institutions et associations [&hellip;]<\/p>\n","protected":false},"author":1,"featured_media":0,"parent":318,"menu_order":0,"comment_status":"closed","ping_status":"open","template":"elementor_header_footer","meta":{"_et_pb_use_builder":"on","_et_pb_old_content":"<!-- wp:group {\"layout\":{\"type\":\"constrained\"}} -->\n<div class=\"wp-block-group\"><!-- wp:paragraph -->\n<p>-&nbsp;Reprise des r\u00e9unions hebdomadaires \u00ab normales \u00bb apr\u00e8s la pand\u00e9mie<br>-&nbsp;Plusieurs sorties photographiques organis\u00e9es : Namur, Mons, Binche, ...&nbsp;-&nbsp;Mise en chantier de 3 projets d\u2019expositions :<\/p>\n<!-- \/wp:paragraph -->\n\n<!-- wp:list {\"ordered\":true} -->\n<ol><!-- wp:list-item -->\n<li>au Centre de Culture Scientifique : expo \u00ab Th\u00e8mes libres \u00bb - f\u00e9vrier 2023<\/li>\n<!-- \/wp:list-item -->\n\n<!-- wp:list-item -->\n<li>\u00e0 l\u2019Espace Wallonie : exposition du Centenaire du Cercle sur une s\u00e9rie depersonnalit\u00e9s carolor\u00e9giennes - automne 2023<\/li>\n<!-- \/wp:list-item -->\n\n<!-- wp:list-item -->\n<li>au Centre d\u2019Action La\u00efque : expo du Centenaire sur le th\u00e8me \u00ab Sciences,Climat, Biodiversit\u00e9 ... l\u2019Avenir \u00e0 Charleroi \u00bb - janvier &amp; f\u00e9vrier 2024<\/li>\n<!-- \/wp:list-item --><\/ol>\n<!-- \/wp:list -->\n\n<!-- wp:paragraph -->\n<p>-\u00a0Nombreux contacts avec le CCS, le CAL, l\u2019EW ainsi qu\u2019avec de nombreuses entreprises, institutions et associations de la r\u00e9gion de Charleroi<br>-\u00a0Nombreux reportages au sein de ces entreprises, institutions et associations<br>-\u00a0Fin de l\u2019occupation des locaux de la Ville \u00e0 la Plaine de jeux de Couillet<br>-\u00a0Nombreux Conseils de Choix en vue d\u2019organiser l\u2019accrochage de l\u2019expo au CCS<\/p>\n<!-- \/wp:paragraph --><\/div>\n<!-- \/wp:group -->\n\n<!-- wp:paragraph -->\n<p><strong>En d\u00e9tails<\/strong><\/p>\n<!-- \/wp:paragraph -->\n\n<!-- wp:list -->\n<ul><!-- wp:list-item -->\n<li>2022-01-05 &amp; 07 : deux sorties photographiques nocturnes \u00e0 Thuin<\/li>\n<!-- \/wp:list-item -->\n\n<!-- wp:list-item -->\n<li>2022-01-11: r\u00e9union de rentr\u00e9e au CCS (+ drink)<\/li>\n<!-- \/wp:list-item -->\n\n<!-- wp:list-item -->\n<li>2022-01-18 : r\u00e9union hebdomadaire<\/li>\n<!-- \/wp:list-item -->\n\n<!-- wp:list-item -->\n<li>2022-01-29 : sortie \u00ab Une journ\u00e9e \u00e0 Namur \u00bb<\/li>\n<!-- \/wp:list-item -->\n\n<!-- wp:list-item -->\n<li>2022-02-01 : r\u00e9union avec projections + th\u00e9orie sur la notion de s\u00e9ries<\/li>\n<!-- \/wp:list-item -->\n\n<!-- wp:list-item -->\n<li>2022-02-08 : r\u00e9union hebdomadaire - pr\u00e9paration sortie Mons<\/li>\n<!-- \/wp:list-item -->\n\n<!-- wp:list-item -->\n<li>2022-02-19 : sortie \u00ab Une journ\u00e9e \u00e0 Mons \u00bb<\/li>\n<!-- \/wp:list-item -->\n\n<!-- wp:list-item -->\n<li>2022-03-01 : r\u00e9union hebdomadaire<\/li>\n<!-- \/wp:list-item -->\n\n<!-- wp:list-item -->\n<li>2022-03-08 : r\u00e9union hebdomadaire<\/li>\n<!-- \/wp:list-item -->\n\n<!-- wp:list-item -->\n<li>2022-03-15 : Assembl\u00e9e g\u00e9n\u00e9rale en visioconf\u00e9rence vu les d\u00e9cisions du CNS<\/li>\n<!-- \/wp:list-item -->\n\n<!-- wp:list-item -->\n<li>2022-03-26 : sortie \u00e0 l\u2019a\u00e9rodrome de Temploux<\/li>\n<!-- \/wp:list-item -->\n\n<!-- wp:list-item -->\n<li>2022-03-29 : r\u00e9union du CA<\/li>\n<!-- \/wp:list-item -->\n\n<!-- wp:list-item -->\n<li>2022-04-05 : r\u00e9union hebdomadaire<\/li>\n<!-- \/wp:list-item -->\n\n<!-- wp:list-item -->\n<li>2022-04-12 : r\u00e9union hebdomadaire - expos\u00e9 sur le cin\u00e9ma par F. Delanativit\u00e9<\/li>\n<!-- \/wp:list-item -->\n\n<!-- wp:list-item -->\n<li>2022-04-19 : r\u00e9union avec le CAL - mise sur pied du projet Centenaire sur leth\u00e8me des Sciences \u00e0 Charleroi<\/li>\n<!-- \/wp:list-item -->\n\n<!-- wp:list-item -->\n<li>2022-04-23 : sortie \u00ab Une journ\u00e9e \u00e0 Dinant \u00bb<\/li>\n<!-- \/wp:list-item --><\/ul>\n<!-- \/wp:list -->\n\n<!-- wp:list -->\n<ul><!-- wp:list-item -->\n<li>2022-04-26 : r\u00e9union hebdomadaire - communication sur la r\u00e9union CRPC &amp; CAL - accord g\u00e9n\u00e9ral et liste des participants (au moins 18) au projet \u00ab Sciences \u00bb<\/li>\n<!-- \/wp:list-item -->\n\n<!-- wp:list-item -->\n<li>2022-05-10 : r\u00e9union hebdomadaire - Olivier Sanglier pr\u00e9sente son travail photographique sur l\u2019\u00e9coresponsabilit\u00e9<\/li>\n<!-- \/wp:list-item -->\n\n<!-- wp:list-item -->\n<li>2022-05-14 : sortie \u00ab Une journ\u00e9e aux Rencontres photographiques d\u2019Arlon avec l\u2019Atelier de Photographie de l\u2019Acad\u00e9mie des Beaux Arts de Charleroi<\/li>\n<!-- \/wp:list-item -->\n\n<!-- wp:list-item -->\n<li>2022-05-15 :&nbsp;pdv \u00ab Sciences \u00bb au CCS \u00ab Faites la F\u00eate des Sciences \u00bb<\/li>\n<!-- \/wp:list-item -->\n\n<!-- wp:list-item -->\n<li>2022-05-16 :&nbsp;pdv \u00ab Sciences \u00bb au CCS - une journ\u00e9e avec les bacheliers enbiologie du campus UCharleroi<\/li>\n<!-- \/wp:list-item -->\n\n<!-- wp:list-item -->\n<li>2022-05-21: sortie \u00ab Une journ\u00e9e \u00e0 Binche \u00bb<\/li>\n<!-- \/wp:list-item -->\n\n<!-- wp:list-item -->\n<li>2022-05-24 : r\u00e9union hebdomadaire<\/li>\n<!-- \/wp:list-item -->\n\n<!-- wp:list-item -->\n<li>2022-05-31 :&nbsp;pdv \u00ab Sciences \u00bb dans les travaux du b\u00e2timent Gramme<\/li>\n<!-- \/wp:list-item -->\n\n<!-- wp:list-item -->\n<li>2022-06-07 : r\u00e9union hebdomadaire - le S\u00e9n\u00e9gal en photos par Benoit De Clerck<\/li>\n<!-- \/wp:list-item -->\n\n<!-- wp:list-item -->\n<li>2022-06-09 : participation de quelques membres du CRPC au 20 ans de la MPA<\/li>\n<!-- \/wp:list-item -->\n\n<!-- wp:list-item -->\n<li>2022-06-16 :&nbsp;pdv \u00ab Sciences \u00bb chez Lys Medical, une firme du BioPark<\/li>\n<!-- \/wp:list-item -->\n\n<!-- wp:list-item -->\n<li>2022-06-18 : sortie \u00ab Une journ\u00e9e \u00e0 Gerpinnes \u00bb (Annie G.)<\/li>\n<!-- \/wp:list-item -->\n\n<!-- wp:list-item -->\n<li>2022-06-21 : r\u00e9union d\u2019une \u00e9quipe CRPC avec l\u2019Espace Wallonie - mise sur pieddu projet Centenaire sur une s\u00e9rie de personnalit\u00e9s de la r\u00e9gion de Charleroi<\/li>\n<!-- \/wp:list-item -->\n\n<!-- wp:list-item -->\n<li>2022-06-21 : r\u00e9union hebdomadaire - expos\u00e9 sur la photographie documentairepar Jacques Vandenberg<\/li>\n<!-- \/wp:list-item -->\n\n<!-- wp:list-item -->\n<li>2022-06-25 :&nbsp;pdv \u00ab Sciences \u00bb - PBA - remise des dipl\u00f4mes par l\u2019Universit\u00e9 desEnfants organis\u00e9e par l\u2019UCharleroi<\/li>\n<!-- \/wp:list-item -->\n\n<!-- wp:list-item -->\n<li>2022-06-28 : r\u00e9union hebdomadaire - animation par Guillaume Lejeune du CAL sur le th\u00e8me de l\u2019exposition Sciences de d\u00e9but 2024<\/li>\n<!-- \/wp:list-item -->\n\n<!-- wp:list-item -->\n<li>2022-07-01 :&nbsp;pdv \u00ab Sciences \u00bb - bacheliers Polytechniciens - UCharleroi \u00e0 l\u2019A6K<\/li>\n<!-- \/wp:list-item -->\n\n<!-- wp:list-item -->\n<li>2022-07-02 : sortie \u00ab Une journ\u00e9e sur le Canal du Centre \u00bb (JPD&amp;CB)<\/li>\n<!-- \/wp:list-item -->\n\n<!-- wp:list-item -->\n<li>2022-07-05 : le CRPC quitte d\u00e9finitivement les locaux de la Plaine \u00e0 Couillet - tris- transports vers le parc \u00e0 conteneurs et l\u2019armoire du CRPC + la cave du CSS<\/li>\n<!-- \/wp:list-item -->\n\n<!-- wp:list-item -->\n<li>2022-07-05 :&nbsp;pdv \u00ab Sciences \u00bb sur le site des \u00e9oliennes de Tarciennes (JeanL)<\/li>\n<!-- \/wp:list-item -->\n\n<!-- wp:list-item -->\n<li>2022-08-22 :&nbsp;pdv \u00ab Sciences \u00bb chez BePharBel \u00e0 Courcelles<\/li>\n<!-- \/wp:list-item -->\n\n<!-- wp:list-item -->\n<li>2022-08-25 : seconde sortie \u00ab Une journ\u00e9e \u00e0 Namur \u00bb<\/li>\n<!-- \/wp:list-item -->\n\n<!-- wp:list-item -->\n<li>2022-09-20 : r\u00e9union de rentr\u00e9e au CCS - 21 pr\u00e9sents - pr\u00e9cisions et questions-r\u00e9ponses sur les 3 expositions projet\u00e9es avec un accord g\u00e9n\u00e9ral sur ces projets<\/li>\n<!-- \/wp:list-item -->\n\n<!-- wp:list-item -->\n<li>2022-09-27 : r\u00e9union hebdomadaire<\/li>\n<!-- \/wp:list-item --><\/ul>\n<!-- \/wp:list -->\n\n<!-- wp:list -->\n<ul><!-- wp:list-item -->\n<li>2022-10-02 :&nbsp;pdv \u00ab Sciences \u00bb au laboratoire de la SWDE \u00e0 Fleurus<\/li>\n<!-- \/wp:list-item -->\n\n<!-- wp:list-item -->\n<li>2022-10-02 :&nbsp;pdv \u00ab Sciences \u00bb chez Orbix \u00e0 Farciennes<\/li>\n<!-- \/wp:list-item -->\n\n<!-- wp:list-item -->\n<li>2022-10-04 : r\u00e9union hebdomadaire<\/li>\n<!-- \/wp:list-item -->\n\n<!-- wp:list-item -->\n<li>2022-10-08 :&nbsp;pdv \u00ab Sciences \u00bb au CCS lors de la Nuit des Etoiles<\/li>\n<!-- \/wp:list-item -->\n\n<!-- wp:list-item -->\n<li>2022-10-10 :&nbsp;pdv \u00ab Sciences \u00bb \u00e0 la ferme du Maustitchi \u00e0 Leernes (JPD)<\/li>\n<!-- \/wp:list-item -->\n\n<!-- wp:list-item -->\n<li>2022-10-11 : r\u00e9union hebdomadaire - premiers pas avec Lightroom par JacquesVandenberg - Conseil de Choix Expo CCS<\/li>\n<!-- \/wp:list-item -->\n\n<!-- wp:list-item -->\n<li>2022-10-18 : r\u00e9union hebdomadaire - Conseil de Choix Expo CCS<\/li>\n<!-- \/wp:list-item -->\n\n<!-- wp:list-item -->\n<li>2022-10-21 :&nbsp;pdv \u00ab Sciences \u00bb chez Kaleidi (ex-Maison des Maths) au Quai10<\/li>\n<!-- \/wp:list-item -->\n\n<!-- wp:list-item -->\n<li>2022-10-24 : seconde r\u00e9union d\u2019une \u00e9quipe CRPC avec l\u2019Espace Wallonie - suitedu projet Centenaire sur une s\u00e9rie de personnalit\u00e9s de la r\u00e9gion de Charleroi<\/li>\n<!-- \/wp:list-item -->\n\n<!-- wp:list-item -->\n<li>2022-10-25 : r\u00e9union hebdomadaire - Conseil de Choix Expo CCS<\/li>\n<!-- \/wp:list-item -->\n\n<!-- wp:list-item -->\n<li>2022-11-08 : r\u00e9union hebdomadaire - Conseil de Choix Expo CCS<\/li>\n<!-- \/wp:list-item -->\n\n<!-- wp:list-item -->\n<li>2022-11-04 : r\u00e9union d\u2019une \u00e9quipe CRPC avec Claude Bottamedi - organisationd\u2019une conf\u00e9rence sur le droit \u00e0 l\u2019image le mardi 7 f\u00e9vrier 2024 (expo CCS)<\/li>\n<!-- \/wp:list-item -->\n\n<!-- wp:list-item -->\n<li>2022-11-08 : r\u00e9union hebdomadaire - Conseil de Choix Expo CCS<\/li>\n<!-- \/wp:list-item -->\n\n<!-- wp:list-item -->\n<li>2022-11-15 : r\u00e9union hebdomadaire - Conseil de Choix Expo CCS<\/li>\n<!-- \/wp:list-item -->\n\n<!-- wp:list-item -->\n<li>2022-11-18 :&nbsp;pdv \u00ab Sciences \u00bb chez Kaleidi (ex-Maison des Maths) au Quai10<\/li>\n<!-- \/wp:list-item -->\n\n<!-- wp:list-item -->\n<li>2022-11-22 : r\u00e9union d\u2019une \u00e9quipe CRPC en vue de s\u00e9lectionner lespersonnalit\u00e9s carolor\u00e9gienne \u00e0 photographier pour l\u2019expo EW<\/li>\n<!-- \/wp:list-item -->\n\n<!-- wp:list-item -->\n<li>2022-11-22 : r\u00e9union hebdomadaire - Conseil de Choix Expo CCS<\/li>\n<!-- \/wp:list-item -->\n\n<!-- wp:list-item -->\n<li>2022-11-26 :&nbsp;pdv \u00ab Sciences \u00bb \u00e0 Ransart lors de la \u00ab Journ\u00e9e de l\u2019Arbre \u00bb<\/li>\n<!-- \/wp:list-item -->\n\n<!-- wp:list-item -->\n<li>2022-11-29 : r\u00e9union hebdomadaire - Conseil de Choix Expo CCS<\/li>\n<!-- \/wp:list-item -->\n\n<!-- wp:list-item -->\n<li>2022-11-30 : r\u00e9unions ImmuXperts&nbsp;(pdv \u00ab Sciences \u00bb)&nbsp;et IPG au Biopark<\/li>\n<!-- \/wp:list-item -->\n\n<!-- wp:list-item -->\n<li>2022-12-06 : r\u00e9union hebdomadaire - Conseil de Choix Expo CCS<\/li>\n<!-- \/wp:list-item -->\n\n<!-- wp:list-item -->\n<li>2022-12-07 : r\u00e9union avec le CCS - pr\u00e9cisions sur l\u2019installation de la futureexposition du CCS - \u00e9laboration du plan d\u2019accrochage de l\u2019exposition CRPC<\/li>\n<!-- \/wp:list-item -->\n\n<!-- wp:list-item -->\n<li>2022-12-08 :&nbsp;pdv \u00ab Sciences \u00bb au CMMI dans le BioPark \u00e0 Gosselies<\/li>\n<!-- \/wp:list-item -->\n\n<!-- wp:list-item -->\n<li>2022-12-09 :&nbsp;pdv \u00ab Sciences \u00bb sur le site photovolta\u00efque Allard \u00e0 Marchienne-au-Pont - site g\u00e9r\u00e9 par la SPAQUE<\/li>\n<!-- \/wp:list-item -->\n\n<!-- wp:list-item -->\n<li>2022-12-13 : r\u00e9union festive de fin d\u2019ann\u00e9e dans la caf\u00e9t\u00e9ria au CCS - distribution des cadres et des passe-partout - affichage du plan d\u2019accrochage de l\u2019exposition \u00ab Th\u00e8mes libres \u00bb au CCS mont\u00e9e le 31 janvier 2023<\/li>\n<!-- \/wp:list-item --><\/ul>\n<!-- \/wp:list -->\n\n<!-- wp:paragraph {\"align\":\"center\"} -->\n<p class=\"has-text-align-center\">**********<\/p>\n<!-- \/wp:paragraph -->\n\n<!-- wp:paragraph {\"align\":\"right\"} -->\n<p class=\"has-text-align-right\">JPC-20221230<\/p>\n<!-- \/wp:paragraph -->","_et_gb_content_width":"","_eb_attr":"","footnotes":""},"class_list":["post-18344","page","type-page","status-publish","hentry"],"_links":{"self":[{"href":"https:\/\/crpc-asbl.be\/activites\/wp-json\/wp\/v2\/pages\/18344","targetHints":{"allow":["GET"]}}],"collection":[{"href":"https:\/\/crpc-asbl.be\/activites\/wp-json\/wp\/v2\/pages"}],"about":[{"href":"https:\/\/crpc-asbl.be\/activites\/wp-json\/wp\/v2\/types\/page"}],"author":[{"embeddable":true,"href":"https:\/\/crpc-asbl.be\/activites\/wp-json\/wp\/v2\/users\/1"}],"replies":[{"embeddable":true,"href":"https:\/\/crpc-asbl.be\/activites\/wp-json\/wp\/v2\/comments?post=18344"}],"version-history":[{"count":0,"href":"https:\/\/crpc-asbl.be\/activites\/wp-json\/wp\/v2\/pages\/18344\/revisions"}],"up":[{"embeddable":true,"href":"https:\/\/crpc-asbl.be\/activites\/wp-json\/wp\/v2\/pages\/318"}],"wp:attachment":[{"href":"https:\/\/crpc-asbl.be\/activites\/wp-json\/wp\/v2\/media?parent=18344"}],"curies":[{"name":"wp","href":"https:\/\/api.w.org\/{rel}","templated":true}]}}