{"id":16484,"date":"2024-03-30T09:10:32","date_gmt":"2024-03-30T08:10:32","guid":{"rendered":"https:\/\/crpc-asbl.be\/activites\/?page_id=16484"},"modified":"2024-03-30T09:39:39","modified_gmt":"2024-03-30T08:39:39","slug":"nos-activites-en-2022","status":"publish","type":"page","link":"https:\/\/crpc-asbl.be\/activites\/vers-le-bicentenaire\/nos-activites\/nos-activites-en-2022\/","title":{"rendered":"Nos activit\u00e9s en 2022"},"content":{"rendered":"\t\t<div data-elementor-type=\"wp-page\" data-elementor-id=\"16484\" class=\"elementor elementor-16484\">\n\t\t\t\t<div class=\"elementor-element elementor-element-496fe2f1 e-con-full e-flex e-con e-parent\" data-id=\"496fe2f1\" data-element_type=\"container\" data-e-type=\"container\">\n\t\t\t\t<div class=\"elementor-element elementor-element-7a39f2e elementor-widget elementor-widget-heading\" data-id=\"7a39f2e\" data-element_type=\"widget\" data-e-type=\"widget\" data-widget_type=\"heading.default\">\n\t\t\t\t<div class=\"elementor-widget-container\">\n\t\t\t\t\t<h2 class=\"elementor-heading-title elementor-size-default\">Nos activit\u00e9s en 2022<\/h2>\t\t\t\t<\/div>\n\t\t\t\t<\/div>\n\t\t\t\t<div class=\"elementor-element elementor-element-1d48408e elementor-widget elementor-widget-text-editor\" data-id=\"1d48408e\" data-element_type=\"widget\" data-e-type=\"widget\" data-widget_type=\"text-editor.default\">\n\t\t\t\t<div class=\"elementor-widget-container\">\n\t\t\t\t\t\t\t\t\t<p><b>En r\u00e9sum\u00e9<span class=\"Apple-converted-space\">&nbsp;<\/span><\/b><\/p>\n<ul>\n<li>Reprise des r\u00e9unions hebdomadaires \u00ab normales \u00bb apr\u00e8s la pand\u00e9mie<\/li>\n<li>Plusieurs sorties photographiques organis\u00e9es : Namur, Mons, Binche, &#8230;<span class=\"Apple-converted-space\">&nbsp;<\/span><\/li>\n<li>Mise en chantier de 3 projets d\u2019expositions :<span class=\"Apple-converted-space\">&nbsp;<\/span><\/li>\n<\/ul>\n<ol>\n<li>au Centre de Culture Scientifique : expo \u00ab Th\u00e8mes libres \u00bb &#8211; f\u00e9vrier 2023<\/li>\n<li>\u00e0 l\u2019Espace Wallonie : exposition du Centenaire du Cercle sur une s\u00e9rie de <br>personnalit\u00e9s carolor\u00e9giennes &#8211; automne 2023<\/li>\n<li>au Centre d\u2019Action La\u00efque : expo du Centenaire sur le th\u00e8me \u00ab Sciences, <br>Climat, Biodiversit\u00e9 &#8230; l\u2019Avenir \u00e0 Charleroi \u00bb &#8211; janvier &amp; f\u00e9vrier 2024 <\/li>\n<\/ol>\n<p>&#8211; Nombreux contacts avec le CCS, le CAL, l\u2019EW ainsi qu\u2019avec de nombreuses<span class=\"Apple-converted-space\">&nbsp;<\/span><\/p>\n<p>entreprises, institutions et associations de la r\u00e9gion de Charleroi<br>&#8211; Nombreux reportages au sein de ces entreprises, institutions et associations<br>&#8211; Fin de l\u2019occupation des locaux de la Ville \u00e0 la Plaine de jeux de Couillet<br>&#8211; Nombreux Conseils de Choix en vue d\u2019organiser l\u2019accrochage de l\u2019expo au CCS<span class=\"Apple-converted-space\">&nbsp;<\/span><\/p>\n<p><b>En d\u00e9tails<span class=\"Apple-converted-space\">&nbsp;<\/span><\/b><\/p>\n<ul>\n<li>2022-01-05 &amp; 07 : deux sorties photographiques nocturnes \u00e0 Thuin<span class=\"Apple-converted-space\">&nbsp;<\/span><\/li>\n<li>2022-01-11: r\u00e9union de rentr\u00e9e au CCS (+ drink)<span class=\"Apple-converted-space\">&nbsp;<\/span><\/li>\n<li>2022-01-18 : r\u00e9union hebdomadaire<span class=\"Apple-converted-space\">&nbsp;<\/span><\/li>\n<li>2022-01-29 : sortie \u00ab Une journ\u00e9e \u00e0 Namur \u00bb<span class=\"Apple-converted-space\">&nbsp;<\/span><\/li>\n<li>2022-02-01 : r\u00e9union avec projections + th\u00e9orie sur la notion de s\u00e9ries<span class=\"Apple-converted-space\">&nbsp;<\/span><\/li>\n<li>2022-02-08 : r\u00e9union hebdomadaire &#8211; pr\u00e9paration sortie Mons<span class=\"Apple-converted-space\">&nbsp;<\/span><\/li>\n<li>2022-02-19 : sortie \u00ab Une journ\u00e9e \u00e0 Mons \u00bb<span class=\"Apple-converted-space\">&nbsp;<\/span><\/li>\n<li>2022-03-01 : r\u00e9union hebdomadaire<span class=\"Apple-converted-space\">&nbsp;<\/span><\/li>\n<li>2022-03-08 : r\u00e9union hebdomadaire<span class=\"Apple-converted-space\">&nbsp;<\/span><\/li>\n<li>2022-03-15 : Assembl\u00e9e g\u00e9n\u00e9rale en visioconf\u00e9rence vu les d\u00e9cisions du CNS<span class=\"Apple-converted-space\">&nbsp;<\/span><\/li>\n<li>2022-03-26 : sortie \u00e0 l\u2019a\u00e9rodrome de Temploux<span class=\"Apple-converted-space\">&nbsp;<\/span><\/li>\n<li>2022-03-29 : r\u00e9union du CA<span class=\"Apple-converted-space\">&nbsp;<\/span><\/li>\n<li>2022-04-05 : r\u00e9union hebdomadaire<span class=\"Apple-converted-space\">&nbsp;<\/span><\/li>\n<li>2022-04-12 : r\u00e9union hebdomadaire &#8211; expos\u00e9 sur le cin\u00e9ma par F. Delanativit\u00e9<span class=\"Apple-converted-space\">&nbsp;<\/span><\/li>\n<li>2022-04-19 : r\u00e9union avec le CAL &#8211; mise sur pied du projet Centenaire sur le th\u00e8me des Sciences \u00e0 Charleroi<span class=\"Apple-converted-space\">&nbsp;<\/span><\/li>\n<li>2022-04-23 : sortie \u00ab Une journ\u00e9e \u00e0 Dinant \u00bb<span class=\"Apple-converted-space\">&nbsp;<\/span><\/li>\n<li>2022-04-26 : r\u00e9union hebdomadaire &#8211; communication sur la r\u00e9union CRPC &amp; CAL &#8211; accord g\u00e9n\u00e9ral et liste des participants (au moins 18) au projet \u00ab Sciences \u00bb<span class=\"Apple-converted-space\">&nbsp;<\/span><\/li>\n<li>2022-05-10 : r\u00e9union hebdomadaire &#8211; Olivier Sanglier pr\u00e9sente son travail photographique sur l\u2019\u00e9coresponsabilit\u00e9<span class=\"Apple-converted-space\">&nbsp;<\/span><\/li>\n<li>2022-05-14 : sortie \u00ab Une journ\u00e9e aux Rencontres photographiques d\u2019Arlon avec l\u2019Atelier de Photographie de l\u2019Acad\u00e9mie des Beaux Arts de Charleroi<span class=\"Apple-converted-space\">&nbsp;<\/span><\/li>\n<li>2022-05-15 : pdv \u00ab Sciences \u00bb au CCS \u00ab Faites la F\u00eate des Sciences \u00bb<span class=\"Apple-converted-space\">&nbsp;<\/span><\/li>\n<li>2022-05-16 : pdv \u00ab Sciences \u00bb au CCS &#8211; une journ\u00e9e avec les bacheliers en biologie du campus UCharleroi<span class=\"Apple-converted-space\">&nbsp;<\/span><\/li>\n<li>2022-05-21: sortie \u00ab Une journ\u00e9e \u00e0 Binche \u00bb<span class=\"Apple-converted-space\">&nbsp;<\/span><\/li>\n<li>2022-05-24 : r\u00e9union hebdomadaire<span class=\"Apple-converted-space\">&nbsp;<\/span><\/li>\n<li>2022-05-31 : pdv \u00ab Sciences \u00bb dans les travaux du b\u00e2timent Gramme<span class=\"Apple-converted-space\">&nbsp;<\/span><\/li>\n<li>2022-06-07 : r\u00e9union hebdomadaire &#8211; le S\u00e9n\u00e9gal en photos par Benoit De Clerck<span class=\"Apple-converted-space\">&nbsp;<\/span><\/li>\n<li>2022-06-09 : participation de quelques membres du CRPC au 20 ans de la MPA<span class=\"Apple-converted-space\">&nbsp;<\/span><\/li>\n<li>2022-06-16 : pdv \u00ab Sciences \u00bb chez Lys Medical, une firme du BioPark<span class=\"Apple-converted-space\">&nbsp;<\/span><\/li>\n<li>2022-06-18 : sortie \u00ab Une journ\u00e9e \u00e0 Gerpinnes \u00bb (Annie G.)<span class=\"Apple-converted-space\">&nbsp;<\/span><\/li>\n<li>2022-06-21 : r\u00e9union d\u2019une \u00e9quipe CRPC avec l\u2019Espace Wallonie &#8211; mise sur pied du projet Centenaire sur une s\u00e9rie de personnalit\u00e9s de la r\u00e9gion de Charleroi<span class=\"Apple-converted-space\">&nbsp;<\/span><\/li>\n<li>2022-06-21 : r\u00e9union hebdomadaire &#8211; expos\u00e9 sur la photographie documentaire par Jacques Vandenberg<span class=\"Apple-converted-space\">&nbsp;<\/span><\/li>\n<li>2022-06-25 : pdv \u00ab Sciences \u00bb &#8211; PBA &#8211; remise des dipl\u00f4mes par l\u2019Universit\u00e9 des Enfants organis\u00e9e par l\u2019UCharleroi<span class=\"Apple-converted-space\">&nbsp;<\/span><\/li>\n<li>2022-06-28 : r\u00e9union hebdomadaire &#8211; animation par Guillaume Lejeune du CAL sur le th\u00e8me de l\u2019exposition Sciences de d\u00e9but 2024<span class=\"Apple-converted-space\">&nbsp;<\/span><\/li>\n<li>2022-07-01 : pdv \u00ab Sciences \u00bb &#8211; bacheliers Polytechniciens &#8211; UCharleroi \u00e0 l\u2019A6K<span class=\"Apple-converted-space\">&nbsp;<\/span><\/li>\n<li>2022-07-02 : sortie \u00ab Une journ\u00e9e sur le Canal du Centre \u00bb (JPD&amp;CB)<span class=\"Apple-converted-space\">&nbsp;<\/span><\/li>\n<li>2022-07-05 : le CRPC quitte d\u00e9finitivement les locaux de la Plaine \u00e0 Couillet &#8211; tris &#8211; transports vers le parc \u00e0 conteneurs et l\u2019armoire du CRPC + la cave du CSS<span class=\"Apple-converted-space\">&nbsp;<\/span><\/li>\n<li>2022-07-05 : pdv \u00ab Sciences \u00bb sur le site des \u00e9oliennes de Tarciennes (JeanL)<span class=\"Apple-converted-space\">&nbsp;<\/span><\/li>\n<li>2022-08-22 : pdv \u00ab Sciences \u00bb chez BePharBel \u00e0 Courcelles<span class=\"Apple-converted-space\">&nbsp;<\/span><\/li>\n<li>2022-08-25 : seconde sortie \u00ab Une journ\u00e9e \u00e0 Namur \u00bb<span class=\"Apple-converted-space\">&nbsp;<\/span><\/li>\n<li>2022-09-20 : r\u00e9union de rentr\u00e9e au CCS &#8211; 21 pr\u00e9sents &#8211; pr\u00e9cisions et questions- r\u00e9ponses sur les 3 expositions projet\u00e9es avec un accord g\u00e9n\u00e9ral sur ces projets<span class=\"Apple-converted-space\">&nbsp;<\/span><\/li>\n<li>2022-09-27 : r\u00e9union hebdomadaire<span class=\"Apple-converted-space\">&nbsp;<\/span><\/li>\n<li>2022-10-02 : pdv \u00ab Sciences \u00bb au laboratoire de la SWDE \u00e0 Fleurus<span class=\"Apple-converted-space\">&nbsp;<\/span><\/li>\n<li>2022-10-02 : pdv \u00ab Sciences \u00bb chez Orbix \u00e0 Farciennes<span class=\"Apple-converted-space\">&nbsp;<\/span><\/li>\n<li>2022-10-04 : r\u00e9union hebdomadaire<span class=\"Apple-converted-space\">&nbsp;<\/span><\/li>\n<li>2022-10-08 : pdv \u00ab Sciences \u00bb au CCS lors de la Nuit des Etoiles<span class=\"Apple-converted-space\">&nbsp;<\/span><\/li>\n<li>2022-10-10 : pdv \u00ab Sciences \u00bb \u00e0 la ferme du Maustitchi \u00e0 Leernes (JPD)<span class=\"Apple-converted-space\">&nbsp;<\/span><\/li>\n<li>2022-10-11 : r\u00e9union hebdomadaire &#8211; premiers pas avec Lightroom par Jacques Vandenberg &#8211; Conseil de Choix Expo CCS<span class=\"Apple-converted-space\">&nbsp;<\/span><\/li>\n<li>2022-10-18 : r\u00e9union hebdomadaire &#8211; Conseil de Choix Expo CCS<span class=\"Apple-converted-space\">&nbsp;<\/span><\/li>\n<li>2022-10-21 : pdv \u00ab Sciences \u00bb chez Kaleidi (ex-Maison des Maths) au Quai10<span class=\"Apple-converted-space\">&nbsp;<\/span><\/li>\n<li>2022-10-24 : seconde r\u00e9union d\u2019une \u00e9quipe CRPC avec l\u2019Espace Wallonie &#8211; suite du projet Centenaire sur une s\u00e9rie de personnalit\u00e9s de la r\u00e9gion de Charleroi<span class=\"Apple-converted-space\">&nbsp;<\/span><\/li>\n<li>2022-10-25 : r\u00e9union hebdomadaire &#8211; Conseil de Choix Expo CCS<span class=\"Apple-converted-space\">&nbsp;<\/span><\/li>\n<li>2022-11-08 : r\u00e9union hebdomadaire &#8211; Conseil de Choix Expo CCS<span class=\"Apple-converted-space\">&nbsp;<\/span><\/li>\n<li>2022-11-04 : r\u00e9union d\u2019une \u00e9quipe CRPC avec Claude Bottamedi &#8211; organisation d\u2019une conf\u00e9rence sur le droit \u00e0 l\u2019image le mardi 7 f\u00e9vrier 2024 (expo CCS)<span class=\"Apple-converted-space\">&nbsp;<\/span><\/li>\n<li>2022-11-08 : r\u00e9union hebdomadaire &#8211; Conseil de Choix Expo CCS<span class=\"Apple-converted-space\">&nbsp;<\/span><\/li>\n<li>2022-11-15 : r\u00e9union hebdomadaire &#8211; Conseil de Choix Expo CCS<span class=\"Apple-converted-space\">&nbsp;<\/span><\/li>\n<li>2022-11-18 : pdv \u00ab Sciences \u00bb chez Kaleidi (ex-Maison des Maths) au Quai10<span class=\"Apple-converted-space\">&nbsp;<\/span><\/li>\n<li>2022-11-22 : r\u00e9union d\u2019une \u00e9quipe CRPC en vue de s\u00e9lectionner les personnalit\u00e9s carolor\u00e9gienne \u00e0 photographier pour l\u2019expo EW<span class=\"Apple-converted-space\">&nbsp;<\/span><\/li>\n<li>2022-11-22 : r\u00e9union hebdomadaire &#8211; Conseil de Choix Expo CCS<span class=\"Apple-converted-space\">&nbsp;<\/span><\/li>\n<li>2022-11-26 : pdv \u00ab Sciences \u00bb \u00e0 Ransart lors de la \u00ab Journ\u00e9e de l\u2019Arbre \u00bb<span class=\"Apple-converted-space\">&nbsp;<\/span><\/li>\n<li>2022-11-29 : r\u00e9union hebdomadaire &#8211; Conseil de Choix Expo CCS<span class=\"Apple-converted-space\">&nbsp;<\/span><\/li>\n<li>2022-11-30 : r\u00e9unions ImmuXperts (pdv \u00ab Sciences \u00bb) et IPG au Biopark<span class=\"Apple-converted-space\">&nbsp;<\/span><\/li>\n<li>2022-12-06 : r\u00e9union hebdomadaire &#8211; Conseil de Choix Expo CCS<span class=\"Apple-converted-space\">&nbsp;<\/span><\/li>\n<li>2022-12-07 : r\u00e9union avec le CCS &#8211; pr\u00e9cisions sur l\u2019installation de la future exposition du CCS &#8211; \u00e9laboration du plan d\u2019accrochage de l\u2019exposition CRPC<span class=\"Apple-converted-space\">&nbsp;<\/span><\/li>\n<li>2022-12-08 : pdv \u00ab Sciences \u00bb au CMMI dans le BioPark \u00e0 Gosselies<span class=\"Apple-converted-space\">&nbsp;<\/span><\/li>\n<li>2022-12-09 : pdv \u00ab Sciences \u00bb sur le site photovolta\u00efque Allard \u00e0 Marchienne-au-Pont &#8211; site g\u00e9r\u00e9 par la SPAQUE<span class=\"Apple-converted-space\">&nbsp;<\/span><\/li>\n<li>2022-12-13 : r\u00e9union festive de fin d\u2019ann\u00e9e dans la caf\u00e9t\u00e9ria au CCS &#8211; distribution des cadres et des passe-partout &#8211; affichage du plan d\u2019accrochage de l\u2019exposition \u00ab Th\u00e8mes libres \u00bb au CCS mont\u00e9e le 31 janvier 2023<span class=\"Apple-converted-space\">&nbsp;<\/span><\/li>\n<\/ul>\n<p>**********<span class=\"Apple-converted-space\">&nbsp;<\/span><\/p>\n<p>JPC-20221230<span class=\"Apple-converted-space\">&nbsp;<\/span><\/p>\t\t\t\t\t\t\t\t<\/div>\n\t\t\t\t<\/div>\n\t\t\t\t<\/div>\n\t\t\t\t<\/div>\n\t\t","protected":false},"excerpt":{"rendered":"<p>Nos activit\u00e9s en 2022 En r\u00e9sum\u00e9&nbsp; Reprise des r\u00e9unions hebdomadaires \u00ab normales \u00bb apr\u00e8s la pand\u00e9mie Plusieurs sorties photographiques organis\u00e9es : Namur, Mons, Binche, &#8230;&nbsp; Mise en chantier de 3 projets d\u2019expositions :&nbsp; au Centre de Culture Scientifique : expo \u00ab Th\u00e8mes libres \u00bb &#8211; f\u00e9vrier 2023 \u00e0 l\u2019Espace Wallonie : exposition du Centenaire du [&hellip;]<\/p>\n","protected":false},"author":1,"featured_media":0,"parent":318,"menu_order":0,"comment_status":"closed","ping_status":"open","template":"elementor_header_footer","meta":{"_et_pb_use_builder":"on","_et_pb_old_content":"<!-- wp:group {\"layout\":{\"type\":\"constrained\"}} -->\n<div class=\"wp-block-group\"><!-- wp:paragraph -->\n<p>-&nbsp;Reprise des r\u00e9unions hebdomadaires \u00ab normales \u00bb apr\u00e8s la pand\u00e9mie<br>-&nbsp;Plusieurs sorties photographiques organis\u00e9es : Namur, Mons, Binche, ...&nbsp;-&nbsp;Mise en chantier de 3 projets d\u2019expositions :<\/p>\n<!-- \/wp:paragraph -->\n\n<!-- wp:list {\"ordered\":true} -->\n<ol><!-- wp:list-item -->\n<li>au Centre de Culture Scientifique : expo \u00ab Th\u00e8mes libres \u00bb - f\u00e9vrier 2023<\/li>\n<!-- \/wp:list-item -->\n\n<!-- wp:list-item -->\n<li>\u00e0 l\u2019Espace Wallonie : exposition du Centenaire du Cercle sur une s\u00e9rie depersonnalit\u00e9s carolor\u00e9giennes - automne 2023<\/li>\n<!-- \/wp:list-item -->\n\n<!-- wp:list-item -->\n<li>au Centre d\u2019Action La\u00efque : expo du Centenaire sur le th\u00e8me \u00ab Sciences,Climat, Biodiversit\u00e9 ... l\u2019Avenir \u00e0 Charleroi \u00bb - janvier &amp; f\u00e9vrier 2024<\/li>\n<!-- \/wp:list-item --><\/ol>\n<!-- \/wp:list -->\n\n<!-- wp:paragraph -->\n<p>-\u00a0Nombreux contacts avec le CCS, le CAL, l\u2019EW ainsi qu\u2019avec de nombreuses entreprises, institutions et associations de la r\u00e9gion de Charleroi<br>-\u00a0Nombreux reportages au sein de ces entreprises, institutions et associations<br>-\u00a0Fin de l\u2019occupation des locaux de la Ville \u00e0 la Plaine de jeux de Couillet<br>-\u00a0Nombreux Conseils de Choix en vue d\u2019organiser l\u2019accrochage de l\u2019expo au CCS<\/p>\n<!-- \/wp:paragraph --><\/div>\n<!-- \/wp:group -->\n\n<!-- wp:paragraph -->\n<p><strong>En d\u00e9tails<\/strong><\/p>\n<!-- \/wp:paragraph -->\n\n<!-- wp:list -->\n<ul><!-- wp:list-item -->\n<li>2022-01-05 &amp; 07 : deux sorties photographiques nocturnes \u00e0 Thuin<\/li>\n<!-- \/wp:list-item -->\n\n<!-- wp:list-item -->\n<li>2022-01-11: r\u00e9union de rentr\u00e9e au CCS (+ drink)<\/li>\n<!-- \/wp:list-item -->\n\n<!-- wp:list-item -->\n<li>2022-01-18 : r\u00e9union hebdomadaire<\/li>\n<!-- \/wp:list-item -->\n\n<!-- wp:list-item -->\n<li>2022-01-29 : sortie \u00ab Une journ\u00e9e \u00e0 Namur \u00bb<\/li>\n<!-- \/wp:list-item -->\n\n<!-- wp:list-item -->\n<li>2022-02-01 : r\u00e9union avec projections + th\u00e9orie sur la notion de s\u00e9ries<\/li>\n<!-- \/wp:list-item -->\n\n<!-- wp:list-item -->\n<li>2022-02-08 : r\u00e9union hebdomadaire - pr\u00e9paration sortie Mons<\/li>\n<!-- \/wp:list-item -->\n\n<!-- wp:list-item -->\n<li>2022-02-19 : sortie \u00ab Une journ\u00e9e \u00e0 Mons \u00bb<\/li>\n<!-- \/wp:list-item -->\n\n<!-- wp:list-item -->\n<li>2022-03-01 : r\u00e9union hebdomadaire<\/li>\n<!-- \/wp:list-item -->\n\n<!-- wp:list-item -->\n<li>2022-03-08 : r\u00e9union hebdomadaire<\/li>\n<!-- \/wp:list-item -->\n\n<!-- wp:list-item -->\n<li>2022-03-15 : Assembl\u00e9e g\u00e9n\u00e9rale en visioconf\u00e9rence vu les d\u00e9cisions du CNS<\/li>\n<!-- \/wp:list-item -->\n\n<!-- wp:list-item -->\n<li>2022-03-26 : sortie \u00e0 l\u2019a\u00e9rodrome de Temploux<\/li>\n<!-- \/wp:list-item -->\n\n<!-- wp:list-item -->\n<li>2022-03-29 : r\u00e9union du CA<\/li>\n<!-- \/wp:list-item -->\n\n<!-- wp:list-item -->\n<li>2022-04-05 : r\u00e9union hebdomadaire<\/li>\n<!-- \/wp:list-item -->\n\n<!-- wp:list-item -->\n<li>2022-04-12 : r\u00e9union hebdomadaire - expos\u00e9 sur le cin\u00e9ma par F. Delanativit\u00e9<\/li>\n<!-- \/wp:list-item -->\n\n<!-- wp:list-item -->\n<li>2022-04-19 : r\u00e9union avec le CAL - mise sur pied du projet Centenaire sur leth\u00e8me des Sciences \u00e0 Charleroi<\/li>\n<!-- \/wp:list-item -->\n\n<!-- wp:list-item -->\n<li>2022-04-23 : sortie \u00ab Une journ\u00e9e \u00e0 Dinant \u00bb<\/li>\n<!-- \/wp:list-item --><\/ul>\n<!-- \/wp:list -->\n\n<!-- wp:list -->\n<ul><!-- wp:list-item -->\n<li>2022-04-26 : r\u00e9union hebdomadaire - communication sur la r\u00e9union CRPC &amp; CAL - accord g\u00e9n\u00e9ral et liste des participants (au moins 18) au projet \u00ab Sciences \u00bb<\/li>\n<!-- \/wp:list-item -->\n\n<!-- wp:list-item -->\n<li>2022-05-10 : r\u00e9union hebdomadaire - Olivier Sanglier pr\u00e9sente son travail photographique sur l\u2019\u00e9coresponsabilit\u00e9<\/li>\n<!-- \/wp:list-item -->\n\n<!-- wp:list-item -->\n<li>2022-05-14 : sortie \u00ab Une journ\u00e9e aux Rencontres photographiques d\u2019Arlon avec l\u2019Atelier de Photographie de l\u2019Acad\u00e9mie des Beaux Arts de Charleroi<\/li>\n<!-- \/wp:list-item -->\n\n<!-- wp:list-item -->\n<li>2022-05-15 :&nbsp;pdv \u00ab Sciences \u00bb au CCS \u00ab Faites la F\u00eate des Sciences \u00bb<\/li>\n<!-- \/wp:list-item -->\n\n<!-- wp:list-item -->\n<li>2022-05-16 :&nbsp;pdv \u00ab Sciences \u00bb au CCS - une journ\u00e9e avec les bacheliers enbiologie du campus UCharleroi<\/li>\n<!-- \/wp:list-item -->\n\n<!-- wp:list-item -->\n<li>2022-05-21: sortie \u00ab Une journ\u00e9e \u00e0 Binche \u00bb<\/li>\n<!-- \/wp:list-item -->\n\n<!-- wp:list-item -->\n<li>2022-05-24 : r\u00e9union hebdomadaire<\/li>\n<!-- \/wp:list-item -->\n\n<!-- wp:list-item -->\n<li>2022-05-31 :&nbsp;pdv \u00ab Sciences \u00bb dans les travaux du b\u00e2timent Gramme<\/li>\n<!-- \/wp:list-item -->\n\n<!-- wp:list-item -->\n<li>2022-06-07 : r\u00e9union hebdomadaire - le S\u00e9n\u00e9gal en photos par Benoit De Clerck<\/li>\n<!-- \/wp:list-item -->\n\n<!-- wp:list-item -->\n<li>2022-06-09 : participation de quelques membres du CRPC au 20 ans de la MPA<\/li>\n<!-- \/wp:list-item -->\n\n<!-- wp:list-item -->\n<li>2022-06-16 :&nbsp;pdv \u00ab Sciences \u00bb chez Lys Medical, une firme du BioPark<\/li>\n<!-- \/wp:list-item -->\n\n<!-- wp:list-item -->\n<li>2022-06-18 : sortie \u00ab Une journ\u00e9e \u00e0 Gerpinnes \u00bb (Annie G.)<\/li>\n<!-- \/wp:list-item -->\n\n<!-- wp:list-item -->\n<li>2022-06-21 : r\u00e9union d\u2019une \u00e9quipe CRPC avec l\u2019Espace Wallonie - mise sur pieddu projet Centenaire sur une s\u00e9rie de personnalit\u00e9s de la r\u00e9gion de Charleroi<\/li>\n<!-- \/wp:list-item -->\n\n<!-- wp:list-item -->\n<li>2022-06-21 : r\u00e9union hebdomadaire - expos\u00e9 sur la photographie documentairepar Jacques Vandenberg<\/li>\n<!-- \/wp:list-item -->\n\n<!-- wp:list-item -->\n<li>2022-06-25 :&nbsp;pdv \u00ab Sciences \u00bb - PBA - remise des dipl\u00f4mes par l\u2019Universit\u00e9 desEnfants organis\u00e9e par l\u2019UCharleroi<\/li>\n<!-- \/wp:list-item -->\n\n<!-- wp:list-item -->\n<li>2022-06-28 : r\u00e9union hebdomadaire - animation par Guillaume Lejeune du CAL sur le th\u00e8me de l\u2019exposition Sciences de d\u00e9but 2024<\/li>\n<!-- \/wp:list-item -->\n\n<!-- wp:list-item -->\n<li>2022-07-01 :&nbsp;pdv \u00ab Sciences \u00bb - bacheliers Polytechniciens - UCharleroi \u00e0 l\u2019A6K<\/li>\n<!-- \/wp:list-item -->\n\n<!-- wp:list-item -->\n<li>2022-07-02 : sortie \u00ab Une journ\u00e9e sur le Canal du Centre \u00bb (JPD&amp;CB)<\/li>\n<!-- \/wp:list-item -->\n\n<!-- wp:list-item -->\n<li>2022-07-05 : le CRPC quitte d\u00e9finitivement les locaux de la Plaine \u00e0 Couillet - tris- transports vers le parc \u00e0 conteneurs et l\u2019armoire du CRPC + la cave du CSS<\/li>\n<!-- \/wp:list-item -->\n\n<!-- wp:list-item -->\n<li>2022-07-05 :&nbsp;pdv \u00ab Sciences \u00bb sur le site des \u00e9oliennes de Tarciennes (JeanL)<\/li>\n<!-- \/wp:list-item -->\n\n<!-- wp:list-item -->\n<li>2022-08-22 :&nbsp;pdv \u00ab Sciences \u00bb chez BePharBel \u00e0 Courcelles<\/li>\n<!-- \/wp:list-item -->\n\n<!-- wp:list-item -->\n<li>2022-08-25 : seconde sortie \u00ab Une journ\u00e9e \u00e0 Namur \u00bb<\/li>\n<!-- \/wp:list-item -->\n\n<!-- wp:list-item -->\n<li>2022-09-20 : r\u00e9union de rentr\u00e9e au CCS - 21 pr\u00e9sents - pr\u00e9cisions et questions-r\u00e9ponses sur les 3 expositions projet\u00e9es avec un accord g\u00e9n\u00e9ral sur ces projets<\/li>\n<!-- \/wp:list-item -->\n\n<!-- wp:list-item -->\n<li>2022-09-27 : r\u00e9union hebdomadaire<\/li>\n<!-- \/wp:list-item --><\/ul>\n<!-- \/wp:list -->\n\n<!-- wp:list -->\n<ul><!-- wp:list-item -->\n<li>2022-10-02 :&nbsp;pdv \u00ab Sciences \u00bb au laboratoire de la SWDE \u00e0 Fleurus<\/li>\n<!-- \/wp:list-item -->\n\n<!-- wp:list-item -->\n<li>2022-10-02 :&nbsp;pdv \u00ab Sciences \u00bb chez Orbix \u00e0 Farciennes<\/li>\n<!-- \/wp:list-item -->\n\n<!-- wp:list-item -->\n<li>2022-10-04 : r\u00e9union hebdomadaire<\/li>\n<!-- \/wp:list-item -->\n\n<!-- wp:list-item -->\n<li>2022-10-08 :&nbsp;pdv \u00ab Sciences \u00bb au CCS lors de la Nuit des Etoiles<\/li>\n<!-- \/wp:list-item -->\n\n<!-- wp:list-item -->\n<li>2022-10-10 :&nbsp;pdv \u00ab Sciences \u00bb \u00e0 la ferme du Maustitchi \u00e0 Leernes (JPD)<\/li>\n<!-- \/wp:list-item -->\n\n<!-- wp:list-item -->\n<li>2022-10-11 : r\u00e9union hebdomadaire - premiers pas avec Lightroom par JacquesVandenberg - Conseil de Choix Expo CCS<\/li>\n<!-- \/wp:list-item -->\n\n<!-- wp:list-item -->\n<li>2022-10-18 : r\u00e9union hebdomadaire - Conseil de Choix Expo CCS<\/li>\n<!-- \/wp:list-item -->\n\n<!-- wp:list-item -->\n<li>2022-10-21 :&nbsp;pdv \u00ab Sciences \u00bb chez Kaleidi (ex-Maison des Maths) au Quai10<\/li>\n<!-- \/wp:list-item -->\n\n<!-- wp:list-item -->\n<li>2022-10-24 : seconde r\u00e9union d\u2019une \u00e9quipe CRPC avec l\u2019Espace Wallonie - suitedu projet Centenaire sur une s\u00e9rie de personnalit\u00e9s de la r\u00e9gion de Charleroi<\/li>\n<!-- \/wp:list-item -->\n\n<!-- wp:list-item -->\n<li>2022-10-25 : r\u00e9union hebdomadaire - Conseil de Choix Expo CCS<\/li>\n<!-- \/wp:list-item -->\n\n<!-- wp:list-item -->\n<li>2022-11-08 : r\u00e9union hebdomadaire - Conseil de Choix Expo CCS<\/li>\n<!-- \/wp:list-item -->\n\n<!-- wp:list-item -->\n<li>2022-11-04 : r\u00e9union d\u2019une \u00e9quipe CRPC avec Claude Bottamedi - organisationd\u2019une conf\u00e9rence sur le droit \u00e0 l\u2019image le mardi 7 f\u00e9vrier 2024 (expo CCS)<\/li>\n<!-- \/wp:list-item -->\n\n<!-- wp:list-item -->\n<li>2022-11-08 : r\u00e9union hebdomadaire - Conseil de Choix Expo CCS<\/li>\n<!-- \/wp:list-item -->\n\n<!-- wp:list-item -->\n<li>2022-11-15 : r\u00e9union hebdomadaire - Conseil de Choix Expo CCS<\/li>\n<!-- \/wp:list-item -->\n\n<!-- wp:list-item -->\n<li>2022-11-18 :&nbsp;pdv \u00ab Sciences \u00bb chez Kaleidi (ex-Maison des Maths) au Quai10<\/li>\n<!-- \/wp:list-item -->\n\n<!-- wp:list-item -->\n<li>2022-11-22 : r\u00e9union d\u2019une \u00e9quipe CRPC en vue de s\u00e9lectionner lespersonnalit\u00e9s carolor\u00e9gienne \u00e0 photographier pour l\u2019expo EW<\/li>\n<!-- \/wp:list-item -->\n\n<!-- wp:list-item -->\n<li>2022-11-22 : r\u00e9union hebdomadaire - Conseil de Choix Expo CCS<\/li>\n<!-- \/wp:list-item -->\n\n<!-- wp:list-item -->\n<li>2022-11-26 :&nbsp;pdv \u00ab Sciences \u00bb \u00e0 Ransart lors de la \u00ab Journ\u00e9e de l\u2019Arbre \u00bb<\/li>\n<!-- \/wp:list-item -->\n\n<!-- wp:list-item -->\n<li>2022-11-29 : r\u00e9union hebdomadaire - Conseil de Choix Expo CCS<\/li>\n<!-- \/wp:list-item -->\n\n<!-- wp:list-item -->\n<li>2022-11-30 : r\u00e9unions ImmuXperts&nbsp;(pdv \u00ab Sciences \u00bb)&nbsp;et IPG au Biopark<\/li>\n<!-- \/wp:list-item -->\n\n<!-- wp:list-item -->\n<li>2022-12-06 : r\u00e9union hebdomadaire - Conseil de Choix Expo CCS<\/li>\n<!-- \/wp:list-item -->\n\n<!-- wp:list-item -->\n<li>2022-12-07 : r\u00e9union avec le CCS - pr\u00e9cisions sur l\u2019installation de la futureexposition du CCS - \u00e9laboration du plan d\u2019accrochage de l\u2019exposition CRPC<\/li>\n<!-- \/wp:list-item -->\n\n<!-- wp:list-item -->\n<li>2022-12-08 :&nbsp;pdv \u00ab Sciences \u00bb au CMMI dans le BioPark \u00e0 Gosselies<\/li>\n<!-- \/wp:list-item -->\n\n<!-- wp:list-item -->\n<li>2022-12-09 :&nbsp;pdv \u00ab Sciences \u00bb sur le site photovolta\u00efque Allard \u00e0 Marchienne-au-Pont - site g\u00e9r\u00e9 par la SPAQUE<\/li>\n<!-- \/wp:list-item -->\n\n<!-- wp:list-item -->\n<li>2022-12-13 : r\u00e9union festive de fin d\u2019ann\u00e9e dans la caf\u00e9t\u00e9ria au CCS - distribution des cadres et des passe-partout - affichage du plan d\u2019accrochage de l\u2019exposition \u00ab Th\u00e8mes libres \u00bb au CCS mont\u00e9e le 31 janvier 2023<\/li>\n<!-- \/wp:list-item --><\/ul>\n<!-- \/wp:list -->\n\n<!-- wp:paragraph {\"align\":\"center\"} -->\n<p class=\"has-text-align-center\">**********<\/p>\n<!-- \/wp:paragraph -->\n\n<!-- wp:paragraph {\"align\":\"right\"} -->\n<p class=\"has-text-align-right\">JPC-20221230<\/p>\n<!-- \/wp:paragraph -->","_et_gb_content_width":"","_eb_attr":"","footnotes":""},"class_list":["post-16484","page","type-page","status-publish","hentry"],"_links":{"self":[{"href":"https:\/\/crpc-asbl.be\/activites\/wp-json\/wp\/v2\/pages\/16484","targetHints":{"allow":["GET"]}}],"collection":[{"href":"https:\/\/crpc-asbl.be\/activites\/wp-json\/wp\/v2\/pages"}],"about":[{"href":"https:\/\/crpc-asbl.be\/activites\/wp-json\/wp\/v2\/types\/page"}],"author":[{"embeddable":true,"href":"https:\/\/crpc-asbl.be\/activites\/wp-json\/wp\/v2\/users\/1"}],"replies":[{"embeddable":true,"href":"https:\/\/crpc-asbl.be\/activites\/wp-json\/wp\/v2\/comments?post=16484"}],"version-history":[{"count":0,"href":"https:\/\/crpc-asbl.be\/activites\/wp-json\/wp\/v2\/pages\/16484\/revisions"}],"up":[{"embeddable":true,"href":"https:\/\/crpc-asbl.be\/activites\/wp-json\/wp\/v2\/pages\/318"}],"wp:attachment":[{"href":"https:\/\/crpc-asbl.be\/activites\/wp-json\/wp\/v2\/media?parent=16484"}],"curies":[{"name":"wp","href":"https:\/\/api.w.org\/{rel}","templated":true}]}}